{"id":8,"date":"2021-05-22T08:33:27","date_gmt":"2021-05-22T08:33:27","guid":{"rendered":"https:\/\/ffr-sarine.ch\/?page_id=8"},"modified":"2026-08-27T10:17:51","modified_gmt":"2026-08-27T08:17:51","slug":"accueil","status":"publish","type":"page","link":"https:\/\/ffr-sarine.ch\/","title":{"rendered":"Accueil"},"content":{"rendered":"<p>[et_pb_section fb_built=\u00a0\u00bb1&Prime; disabled_on=\u00a0\u00bboff|off|off\u00a0\u00bb _builder_version=\u00a0\u00bb4.27.3&Prime; _module_preset=\u00a0\u00bbdefault\u00a0\u00bb background_color=\u00a0\u00bbRGBA(255,255,255,0)\u00a0\u00bb min_height=\u00a0\u00bb720px\u00a0\u00bb global_colors_info=\u00a0\u00bb{}\u00a0\u00bb][et_pb_row column_structure=\u00a0\u00bb1_4,3_4&Prime; _builder_version=\u00a0\u00bb4.27.2&Prime; _module_preset=\u00a0\u00bbdefault\u00a0\u00bb global_colors_info=\u00a0\u00bb{}\u00a0\u00bb][et_pb_column type=\u00a0\u00bb1_4&Prime; _builder_version=\u00a0\u00bb4.27.2&Prime; _module_preset=\u00a0\u00bbdefault\u00a0\u00bb global_colors_info=\u00a0\u00bb{}\u00a0\u00bb][et_pb_image src=\u00a0\u00bbhttps:\/\/ffr-sarine.ch\/wp-content\/uploads\/2024\/11\/logo_ffrss_cb_text_274x120t.png\u00a0\u00bb title_text=\u00a0\u00bbLogo FFR Section Sarine\u00a0\u00bb url=\u00a0\u00bbhttps:\/\/ffr-sarine.ch\/\u00a0\u00bb align=\u00a0\u00bbcenter\u00a0\u00bb admin_label=\u00a0\u00bbimage ffrss\u00a0\u00bb _builder_version=\u00a0\u00bb4.27.2&Prime; _module_preset=\u00a0\u00bbdefault\u00a0\u00bb global_colors_info=\u00a0\u00bb{}\u00a0\u00bb][\/et_pb_image][\/et_pb_column][et_pb_column type=\u00a0\u00bb3_4&Prime; _builder_version=\u00a0\u00bb4.27.2&Prime; _module_preset=\u00a0\u00bbdefault\u00a0\u00bb global_colors_info=\u00a0\u00bb{}\u00a0\u00bb][et_pb_text admin_label=\u00a0\u00bbbienvenue\u00a0\u00bb _builder_version=\u00a0\u00bb4.27.6&Prime; _module_preset=\u00a0\u00bbdefault\u00a0\u00bb global_colors_info=\u00a0\u00bb{}\u00a0\u00bb]<\/p>\n<h1 style=\"text-align: center;\"><strong>Bienvenue<\/strong><br \/><strong>F\u00e9d\u00e9ration Fribourgeoise des Retrait\u00e9s<\/strong><br \/><strong>Section Sarine<\/strong><\/h1>\n<p>[\/et_pb_text][\/et_pb_column][\/et_pb_row][et_pb_row column_structure=\u00a0\u00bb1_4,3_4&Prime; _builder_version=\u00a0\u00bb4.27.2&Prime; _module_preset=\u00a0\u00bbdefault\u00a0\u00bb global_colors_info=\u00a0\u00bb{}\u00a0\u00bb][et_pb_column type=\u00a0\u00bb1_4&Prime; _builder_version=\u00a0\u00bb4.27.2&Prime; _module_preset=\u00a0\u00bbdefault\u00a0\u00bb global_colors_info=\u00a0\u00bb{}\u00a0\u00bb][et_pb_text _builder_version=\u00a0\u00bb4.27.4&Prime; _module_preset=\u00a0\u00bbdefault\u00a0\u00bb text_font_size=\u00a0\u00bb22px\u00a0\u00bb global_colors_info=\u00a0\u00bb{}\u00a0\u00bb]<\/p>\n<p style=\"text-align: center;\"><a href=\"https:\/\/ffr-sarine.ch\/index.php\/contact\/\"><strong>Contact<\/strong><\/a><\/p>\n<p style=\"text-align: center;\"><a href=\"https:\/\/ffr-sarine.ch\/index.php\/sos-et-services\/\"><strong>SOS et Services<\/strong><\/a><\/p>\n<p style=\"text-align: center;\"><a href=\"https:\/\/ffr-sarine.ch\/index.php\/sponsoring\/\"><strong>Sponsoring<\/strong><\/a><\/p>\n<p>[\/et_pb_text][et_pb_slider show_arrows=\u00a0\u00bboff\u00a0\u00bb show_pagination=\u00a0\u00bboff\u00a0\u00bb show_content_on_mobile=\u00a0\u00bboff\u00a0\u00bb show_image_video_mobile=\u00a0\u00bbon\u00a0\u00bb arrows_custom_color=\u00a0\u00bbRGBA(255,255,255,0)\u00a0\u00bb dot_nav_custom_color=\u00a0\u00bbRGBA(255,255,255,0)\u00a0\u00bb _builder_version=\u00a0\u00bb4.27.4&Prime; _module_preset=\u00a0\u00bbdefault\u00a0\u00bb background_color=\u00a0\u00bbRGBA(255,255,255,0)\u00a0\u00bb animation_style=\u00a0\u00bbfold\u00a0\u00bb auto=\u00a0\u00bbon\u00a0\u00bb auto_speed=\u00a0\u00bb5000&Prime; auto_ignore_hover=\u00a0\u00bbon\u00a0\u00bb border_color_all=\u00a0\u00bbRGBA(255,255,255,0)\u00a0\u00bb border_color_all_image=\u00a0\u00bbRGBA(255,255,255,0)\u00a0\u00bb box_shadow_style=\u00a0\u00bbpreset2&Prime; box_shadow_color=\u00a0\u00bbRGBA(255,255,255,0)\u00a0\u00bb box_shadow_style_image=\u00a0\u00bbpreset2&Prime; box_shadow_spread_image=\u00a0\u00bb-1px\u00a0\u00bb box_shadow_color_image=\u00a0\u00bbRGBA(255,255,255,0)\u00a0\u00bb global_colors_info=\u00a0\u00bb{}\u00a0\u00bb box_shadow_color__hover_enabled=\u00a0\u00bbon|desktop\u00a0\u00bb box_shadow_color__hover=\u00a0\u00bbRGBA(255,255,255,0)\u00a0\u00bb][et_pb_slide url_new_window=\u00a0\u00bbon\u00a0\u00bb image=\u00a0\u00bbhttps:\/\/ffr-sarine.ch\/wp-content\/uploads\/2025\/02\/logo_buchard_sorties_groupes_274x262.png\u00a0\u00bb admin_title=\u00a0\u00bbbuchard\u00a0\u00bb _builder_version=\u00a0\u00bb4.27.4&Prime; _module_preset=\u00a0\u00bbdefault\u00a0\u00bb link_option_url=\u00a0\u00bbhttps:\/\/www.buchard.ch\/\u00a0\u00bb link_option_url_new_window=\u00a0\u00bbon\u00a0\u00bb global_colors_info=\u00a0\u00bb{}\u00a0\u00bb sticky_transition=\u00a0\u00bbon\u00a0\u00bb][\/et_pb_slide][et_pb_slide url_new_window=\u00a0\u00bbon\u00a0\u00bb image=\u00a0\u00bbhttps:\/\/ffr-sarine.ch\/wp-content\/uploads\/2025\/02\/logo_2023-Murith_libretto_274x262.png\u00a0\u00bb admin_title=\u00a0\u00bbmurith\u00a0\u00bb _builder_version=\u00a0\u00bb4.27.4&Prime; _module_preset=\u00a0\u00bbdefault\u00a0\u00bb link_option_url=\u00a0\u00bbhttps:\/\/pfmurith.ch\/\u00a0\u00bb link_option_url_new_window=\u00a0\u00bbon\u00a0\u00bb global_colors_info=\u00a0\u00bb{}\u00a0\u00bb sticky_transition=\u00a0\u00bbon\u00a0\u00bb][\/et_pb_slide][et_pb_slide image=\u00a0\u00bbhttps:\/\/ffr-sarine.ch\/wp-content\/uploads\/2025\/02\/LANDI_Moleson-Sarine_SA_274x262.png\u00a0\u00bb admin_title=\u00a0\u00bbLandi\u00a0\u00bb _builder_version=\u00a0\u00bb4.27.4&Prime; _module_preset=\u00a0\u00bbdefault\u00a0\u00bb link_option_url=\u00a0\u00bbhttps:\/\/landi.swiss\/fr-CH\/cooperative\/landi-moleson-sarine\u00a0\u00bb link_option_url_new_window=\u00a0\u00bbon\u00a0\u00bb global_colors_info=\u00a0\u00bb{}\u00a0\u00bb sticky_transition=\u00a0\u00bbon\u00a0\u00bb][\/et_pb_slide][et_pb_slide image=\u00a0\u00bbhttps:\/\/ffr-sarine.ch\/wp-content\/uploads\/2025\/05\/pub_pfruffieux_274x262.jpg\u00a0\u00bb admin_title=\u00a0\u00bbRuffieux\u00a0\u00bb _builder_version=\u00a0\u00bb4.27.4&Prime; _module_preset=\u00a0\u00bbdefault\u00a0\u00bb link_option_url=\u00a0\u00bbhttps:\/\/www.pfruffieux.ch\/\u00a0\u00bb link_option_url_new_window=\u00a0\u00bbon\u00a0\u00bb global_colors_info=\u00a0\u00bb{}\u00a0\u00bb sticky_transition=\u00a0\u00bbon\u00a0\u00bb][\/et_pb_slide][et_pb_slide image=\u00a0\u00bbhttps:\/\/ffr-sarine.ch\/wp-content\/uploads\/2025\/07\/logo_restaurant_chemi-huetta_274x262.jpg\u00a0\u00bb admin_title=\u00a0\u00bbChemi-H\u00fctta\u00a0\u00bb _builder_version=\u00a0\u00bb4.27.4&Prime; _module_preset=\u00a0\u00bbdefault\u00a0\u00bb link_option_url=\u00a0\u00bbhttps:\/\/www.local.ch\/fr\/d\/saint-silvestre\/1736\/restaurant\/restaurant-chemi-hutta-XZuzZXgd3YJ-_Nf6gB_S4g\u00a0\u00bb link_option_url_new_window=\u00a0\u00bbon\u00a0\u00bb global_colors_info=\u00a0\u00bb{}\u00a0\u00bb sticky_transition=\u00a0\u00bbon\u00a0\u00bb][\/et_pb_slide][et_pb_slide image=\u00a0\u00bbhttps:\/\/ffr-sarine.ch\/wp-content\/uploads\/2025\/10\/Logo_Escale_Pizzeria_Trattoria_Black_274x264.png\u00a0\u00bb admin_title=\u00a0\u00bbL&rsquo;Escale Pizzeria Trattoria\u00a0\u00bb _builder_version=\u00a0\u00bb4.27.4&Prime; _module_preset=\u00a0\u00bbdefault\u00a0\u00bb link_option_url=\u00a0\u00bbhttps:\/\/www.escale-restaurant.ch\/\u00a0\u00bb link_option_url_new_window=\u00a0\u00bbon\u00a0\u00bb global_colors_info=\u00a0\u00bb{}\u00a0\u00bb sticky_transition=\u00a0\u00bbon\u00a0\u00bb][\/et_pb_slide][et_pb_slide image=\u00a0\u00bbhttps:\/\/ffr-sarine.ch\/wp-content\/uploads\/2025\/02\/logo_ffrss_cb_text_274x262t.png\u00a0\u00bb admin_title=\u00a0\u00bbFFRSS\u00a0\u00bb _builder_version=\u00a0\u00bb4.27.4&Prime; _module_preset=\u00a0\u00bbdefault\u00a0\u00bb link_option_url=\u00a0\u00bbhttps:\/\/ffr-sarine.ch\/index.php\/pourquoi-adherer\/\u00a0\u00bb link_option_url_new_window=\u00a0\u00bbon\u00a0\u00bb global_colors_info=\u00a0\u00bb{}\u00a0\u00bb sticky_transition=\u00a0\u00bbon\u00a0\u00bb][\/et_pb_slide][\/et_pb_slider][\/et_pb_column][et_pb_column type=\u00a0\u00bb3_4&Prime; _builder_version=\u00a0\u00bb4.27.2&Prime; _module_preset=\u00a0\u00bbdefault\u00a0\u00bb global_colors_info=\u00a0\u00bb{}\u00a0\u00bb][et_pb_text disabled_on=\u00a0\u00bbon|on|on\u00a0\u00bb admin_label=\u00a0\u00bbnews\u00a0\u00bb _builder_version=\u00a0\u00bb4.27.3&Prime; _module_preset=\u00a0\u00bbdefault\u00a0\u00bb text_text_color=\u00a0\u00bb#000000&Prime; text_font_size=\u00a0\u00bb22px\u00a0\u00bb disabled=\u00a0\u00bbon\u00a0\u00bb global_colors_info=\u00a0\u00bb{}\u00a0\u00bb]<\/p>\n<p style=\"text-align: center;\"><strong>News :<\/strong><\/p>\n<p>[\/et_pb_text][et_pb_text disabled_on=\u00a0\u00bbon|on|on\u00a0\u00bb admin_label=\u00a0\u00bb22 mai 2025 : D\u00eener convivial avec animation\u00a0\u00bb _builder_version=\u00a0\u00bb4.27.4&Prime; _module_preset=\u00a0\u00bbdefault\u00a0\u00bb text_text_color=\u00a0\u00bb#000000&Prime; text_font_size=\u00a0\u00bb20px\u00a0\u00bb disabled=\u00a0\u00bbon\u00a0\u00bb global_colors_info=\u00a0\u00bb{}\u00a0\u00bb]<\/p>\n<p style=\"text-align: center;\">Photos du <strong>26 juin 2025<\/strong>, Activit\u00e9<br \/><a href=\"https:\/\/ffr-sarine.ch\/index.php\/galerie-2025\/\"><strong>Le Haut-Doubs<\/strong><\/a><\/p>\n<p>[\/et_pb_text][et_pb_text disabled_on=\u00a0\u00bbon|on|on\u00a0\u00bb admin_label=\u00a0\u00bbphotos disponibles &#8211; 18 septembre 2025 : Yvoire et le Jardin des Cinq Sens\u00a0\u00bb _builder_version=\u00a0\u00bb4.27.4&Prime; _module_preset=\u00a0\u00bbdefault\u00a0\u00bb text_text_color=\u00a0\u00bb#000000&Prime; text_font_size=\u00a0\u00bb20px\u00a0\u00bb disabled=\u00a0\u00bbon\u00a0\u00bb global_colors_info=\u00a0\u00bb{}\u00a0\u00bb]<\/p>\n<p style=\"text-align: center;\">Des photos sont disponible du 18 septembre 2025, Activit\u00e9<br \/><a href=\"https:\/\/ffr-sarine.ch\/index.php\/galerie-2025\/\"><strong>Yvoire et le Jardin des Cinq Sens<\/strong><\/a><\/p>\n<p>[\/et_pb_text][et_pb_text disabled_on=\u00a0\u00bbon|on|on\u00a0\u00bb admin_label=\u00a0\u00bbphotos disponibles &#8211; 13 novembre 2025 : Apr\u00e8s-midi r\u00e9cr\u00e9atif et loto\u00a0\u00bb _builder_version=\u00a0\u00bb4.27.4&Prime; _module_preset=\u00a0\u00bbdefault\u00a0\u00bb text_text_color=\u00a0\u00bb#000000&Prime; text_font_size=\u00a0\u00bb20px\u00a0\u00bb disabled=\u00a0\u00bbon\u00a0\u00bb global_colors_info=\u00a0\u00bb{}\u00a0\u00bb]<\/p>\n<p style=\"text-align: center;\">Des photos sont disponible du 13 novembre 2025, Activit\u00e9<br \/><a href=\"https:\/\/ffr-sarine.ch\/index.php\/galerie-2025\/\"><strong>Apr\u00e8s-midi r\u00e9cr\u00e9atif et loto \u00e0 Belfaux<\/strong><\/a><\/p>\n<p>[\/et_pb_text][et_pb_text disabled_on=\u00a0\u00bbon|on|on\u00a0\u00bb admin_label=\u00a0\u00bbPro Senectute Fribourg &#8211; Tables de No\u00ebl\u00a0\u00bb _builder_version=\u00a0\u00bb4.27.4&Prime; _module_preset=\u00a0\u00bbdefault\u00a0\u00bb text_text_color=\u00a0\u00bb#000000&Prime; text_font_size=\u00a0\u00bb20px\u00a0\u00bb disabled=\u00a0\u00bbon\u00a0\u00bb global_colors_info=\u00a0\u00bb{}\u00a0\u00bb]<\/p>\n<p style=\"text-align: center;\"><strong>Pro Senectute Fribourg<\/strong><br \/><a href=\"https:\/\/fr.prosenectute.ch\/fr\/activites\/culture-et-rencontres\/tables-de-noel.html\" target=\"_blank\" rel=\"noopener\"><strong>Tables de No\u00ebl<\/strong><\/a><br \/>Un repas, un sourire, un lien : <br \/>les Tables de No\u00ebl reviennent<\/p>\n<p>[\/et_pb_text][et_pb_text disabled_on=\u00a0\u00bbon|on|on\u00a0\u00bb admin_label=\u00a0\u00bb02.2026: 1700: Moins de solitude et plus de solidarit\u00e9\u00a0\u00bb _builder_version=\u00a0\u00bb4.27.5&Prime; _module_preset=\u00a0\u00bbdefault\u00a0\u00bb text_text_color=\u00a0\u00bb#000000&Prime; text_font_size=\u00a0\u00bb20px\u00a0\u00bb disabled=\u00a0\u00bbon\u00a0\u00bb global_colors_info=\u00a0\u00bb{}\u00a0\u00bb]<\/p>\n<p style=\"text-align: center;\">Article dans <b>1700<\/b> du <b>F\u00e9vrier 2026<\/b><br \/><a href=\"https:\/\/ffr-sarine.ch\/index.php\/articles-medias\/\"><strong>Moins de solitude et plus de solidarit\u00e9<\/strong><\/a><\/p>\n<p>[\/et_pb_text][et_pb_text disabled_on=\u00a0\u00bbon|on|on\u00a0\u00bb admin_label=\u00a0\u00bbMDA Fribourg BULLETIN N\u00b0 46 &#8211; Hiver-Printemps 2026&Prime; _builder_version=\u00a0\u00bb4.27.6&Prime; _module_preset=\u00a0\u00bbdefault\u00a0\u00bb text_text_color=\u00a0\u00bb#000000&Prime; text_font_size=\u00a0\u00bb20px\u00a0\u00bb disabled=\u00a0\u00bbon\u00a0\u00bb global_colors_info=\u00a0\u00bb{}\u00a0\u00bb]<\/p>\n<p style=\"text-align: center;\"><a href=\"https:\/\/ffr-sarine.ch\/index.php\/articles-medias\/\" target=\"_blank\" rel=\"noopener\">MDA Fribourg &#8211; Mouvements des A\u00een\u00e9s<br \/><strong>BULLETIN N\u00b0 46 &#8211; Hiver-Printemps 2026<\/strong><\/a><\/p>\n<p>[\/et_pb_text][et_pb_text disabled_on=\u00a0\u00bbon|on|on\u00a0\u00bb admin_label=\u00a0\u00bbd\u00e8s avril 2026 Cours de conduite pour seniors\u00a0\u00bb _builder_version=\u00a0\u00bb4.27.6&Prime; _module_preset=\u00a0\u00bbdefault\u00a0\u00bb text_text_color=\u00a0\u00bb#000000&Prime; text_font_size=\u00a0\u00bb20px\u00a0\u00bb disabled=\u00a0\u00bbon\u00a0\u00bb global_colors_info=\u00a0\u00bb{}\u00a0\u00bb]<\/p>\n<p style=\"text-align: center;\">D\u00e8s <strong>avril 2026<\/strong> par le TCS Section Fribourg<br \/><a href=\"https:\/\/ffr-sarine.ch\/index.php\/articles-medias\/\" target=\"_blank\" rel=\"noopener\"><strong>Cours de conduite pour seniors \u00ab Conduire aujourd\u2019hui \u00bb<\/strong><\/a><\/p>\n<p>[\/et_pb_text][et_pb_text disabled_on=\u00a0\u00bbon|on|on\u00a0\u00bb admin_label=\u00a0\u00bbQuelques photos de l&rsquo;AG le 8 avril 2026&Prime; _builder_version=\u00a0\u00bb4.27.6&Prime; _module_preset=\u00a0\u00bbdefault\u00a0\u00bb text_text_color=\u00a0\u00bb#000000&Prime; text_font_size=\u00a0\u00bb20px\u00a0\u00bb disabled=\u00a0\u00bbon\u00a0\u00bb global_colors_info=\u00a0\u00bb{}\u00a0\u00bb]<\/p>\n<p style=\"text-align: center;\"><a href=\"https:\/\/ffr-sarine.ch\/index.php\/galerie-2026\/\" target=\"_blank\" rel=\"noopener\">Quelques photos de l&rsquo;Assembl\u00e9e G\u00e9n\u00e9rale le 8 avril 2026<\/a><\/p>\n<p>[\/et_pb_text][et_pb_text disabled_on=\u00a0\u00bbon|on|on\u00a0\u00bb admin_label=\u00a0\u00bb8 avril 2026 : Chute &#8211; lien vers pr\u00e9sentation\u00a0\u00bb _builder_version=\u00a0\u00bb4.27.6&Prime; _module_preset=\u00a0\u00bbdefault\u00a0\u00bb text_text_color=\u00a0\u00bb#000000&Prime; text_font_size=\u00a0\u00bb20px\u00a0\u00bb disabled=\u00a0\u00bbon\u00a0\u00bb global_colors_info=\u00a0\u00bb{}\u00a0\u00bb]<\/p>\n<p style=\"text-align: center;\"><a href=\"https:\/\/ffr-sarine.ch\/index.php\/articles-medias\/\" target=\"_blank\" rel=\"noopener\"><strong>La chute chez la personne \u00e2g\u00e9e<\/strong><br \/>Pr\u00e9sentation le 8 avril 2026 \u00e0 l&rsquo;Assembl\u00e9e G\u00e9n\u00e9rale<\/a><\/p>\n<p>[\/et_pb_text][et_pb_text disabled_on=\u00a0\u00bbon|on|on\u00a0\u00bb admin_label=\u00a0\u00bb20 avril 2026 \u00e0 10h00 S\u00e9ance de pr\u00e9vention pour les seniors\u00a0\u00bb _builder_version=\u00a0\u00bb4.27.6&Prime; _module_preset=\u00a0\u00bbdefault\u00a0\u00bb text_text_color=\u00a0\u00bb#000000&Prime; text_font_size=\u00a0\u00bb20px\u00a0\u00bb disabled=\u00a0\u00bbon\u00a0\u00bb global_colors_info=\u00a0\u00bb{}\u00a0\u00bb]<\/p>\n<p style=\"text-align: center;\">Lundi <strong>20 avril 2026<\/strong> de 10h00 \u00e0 12h00 \u00a0 <a href=\"https:\/\/ffr-sarine.ch\/wp-content\/uploads\/2026\/03\/flyer_seance_seniors_affiche_2026-04-20.pdf\" target=\"_blank\" rel=\"noopener\"><strong>Flyer<\/strong><\/a><br \/>\n<strong><a href=\"https:\/\/www.givisiez.ch\/article\/seance-de-prevention-pour-les-seniors\" target=\"_blank\" rel=\"noopener\">S\u00e9ance de pr\u00e9vention pour les seniors<\/a><br \/>\nArnaques aux faux policiers<\/strong><br \/>\n\u00e0 la Salle de la Tuffi\u00e8re<br \/>\nRte du Centre 59, 1727 Corpataux-Magnedens<\/p>\n<p>[\/et_pb_text][et_pb_text disabled_on=\u00a0\u00bbon|on|on\u00a0\u00bb admin_label=\u00a0\u00bb25.+26.04.26 16.+17.05.26 Visites comment\u00e9es du Fort de Chillon\u00a0\u00bb _builder_version=\u00a0\u00bb4.27.6&Prime; _module_preset=\u00a0\u00bbdefault\u00a0\u00bb text_text_color=\u00a0\u00bb#000000&Prime; text_font_size=\u00a0\u00bb20px\u00a0\u00bb disabled=\u00a0\u00bbon\u00a0\u00bb global_colors_info=\u00a0\u00bb{}\u00a0\u00bb]<\/p>\n<p style=\"text-align: center;\">Visites comment\u00e9es du <a href=\"https:\/\/fortdechillon.ch\/\" target=\"_blank\" rel=\"noopener\"><strong>Fort de Chillon<\/strong><\/a><br \/>25 et 26 avril 2026, 16 et 17 mai 2026<br \/>Deux d\u00e9parts par jour : 10h30, 14h30<\/p>\n<p>[\/et_pb_text][et_pb_text disabled_on=\u00a0\u00bbon|on|on\u00a0\u00bb admin_label=\u00a0\u00bb25 juin 2026 : Sortie Schynige Platte\u00a0\u00bb _builder_version=\u00a0\u00bb4.27.6&Prime; _module_preset=\u00a0\u00bbdefault\u00a0\u00bb text_text_color=\u00a0\u00bb#000000&Prime; text_font_size=\u00a0\u00bb20px\u00a0\u00bb disabled=\u00a0\u00bbon\u00a0\u00bb global_colors_info=\u00a0\u00bb{}\u00a0\u00bb]<\/p>\n<p style=\"text-align: center;\">Jeudi <strong>25 juin 2026<\/strong>, Activit\u00e9<br \/><a href=\"https:\/\/ffr-sarine.ch\/index.php\/activites\/\"><strong>Sortie Schynige Platte<\/strong><br \/>+ Voyage train d\u2019antan et visite jardin botanique<\/a><\/p>\n<p>[\/et_pb_text][et_pb_text disabled_on=\u00a0\u00bbon|on|on\u00a0\u00bb admin_label=\u00a0\u00bbphotos de la sortie Schynige Platte du 25 juin 2026&Prime; _builder_version=\u00a0\u00bb4.27.7&Prime; _module_preset=\u00a0\u00bbdefault\u00a0\u00bb text_text_color=\u00a0\u00bb#000000&Prime; text_font_size=\u00a0\u00bb20px\u00a0\u00bb disabled=\u00a0\u00bbon\u00a0\u00bb global_colors_info=\u00a0\u00bb{}\u00a0\u00bb]<\/p>\n<p style=\"text-align: center;\"><a href=\"https:\/\/ffr-sarine.ch\/index.php\/galerie-2026\/\" target=\"_blank\" rel=\"noopener\">Quelques photos de la sortie Schynige Platte du 25 juin 2026<\/a><\/p>\n<p>[\/et_pb_text][et_pb_text disabled_on=\u00a0\u00bbon|on|on\u00a0\u00bb admin_label=\u00a0\u00bb26 juin 2026 article Les a\u00een\u00e9s paieront le bus.\u00a0\u00bb _builder_version=\u00a0\u00bb4.27.7&Prime; _module_preset=\u00a0\u00bbdefault\u00a0\u00bb text_text_color=\u00a0\u00bb#000000&Prime; text_font_size=\u00a0\u00bb20px\u00a0\u00bb disabled=\u00a0\u00bbon\u00a0\u00bb global_colors_info=\u00a0\u00bb{}\u00a0\u00bb]<\/p>\n<p style=\"text-align: center;\">Article de <strong>La Libert\u00e9<\/strong> du 26 juin 2026<br \/><a href=\"https:\/\/ffr-sarine.ch\/index.php\/articles-medias\/\" target=\"_blank\" rel=\"noopener\"><strong>Les a\u00een\u00e9s paieront le bus.<\/strong><\/a><\/p>\n<p>[\/et_pb_text][et_pb_text disabled_on=\u00a0\u00bbon|on|on\u00a0\u00bb admin_label=\u00a0\u00bbJuillet 2026: Les nouvelles estivales de Pro Senectute Fribourg + Programme \u00e9t\u00e9 2026&Prime; _builder_version=\u00a0\u00bb4.27.7&Prime; _module_preset=\u00a0\u00bbdefault\u00a0\u00bb text_text_color=\u00a0\u00bb#000000&Prime; text_font_size=\u00a0\u00bb20px\u00a0\u00bb disabled=\u00a0\u00bbon\u00a0\u00bb global_colors_info=\u00a0\u00bb{}\u00a0\u00bb]<\/p>\n<p style=\"text-align: center;\"><a href=\"https:\/\/ffr-sarine.ch\/index.php\/articles-medias\/\" target=\"_blank\" rel=\"noopener\"><strong>Juillet 2026: Les nouvelles estivales + Programme \u00e9t\u00e9 2026<\/strong><br \/>de Pro Senectute Fribourg<\/a><\/p>\n<p>[\/et_pb_text][et_pb_text disabled_on=\u00a0\u00bboff|off|off\u00a0\u00bb admin_label=\u00a0\u00bb08.2026: Aide aux victimes d\u2019infractions &#8211; 142&Prime; _builder_version=\u00a0\u00bb4.27.8&Prime; _module_preset=\u00a0\u00bbdefault\u00a0\u00bb text_text_color=\u00a0\u00bb#000000&Prime; text_font_size=\u00a0\u00bb20px\u00a0\u00bb link_option_url_new_window=\u00a0\u00bbon\u00a0\u00bb hover_enabled=\u00a0\u00bb0&Prime; global_colors_info=\u00a0\u00bb{}\u00a0\u00bb sticky_enabled=\u00a0\u00bb0&Prime;]<\/p>\n<p style=\"text-align: center;\">ajout\u00e9 : <strong>Aide aux victimes d\u2019infractions &#8211; 142<\/strong><br \/>Tous les num\u00e9ros et services : <a href=\"https:\/\/ffr-sarine.ch\/index.php\/sos-et-services\/\" target=\"_blank\" rel=\"noopener\"><strong>SOS\/Services<\/strong><\/a><\/p>\n<p>[\/et_pb_text][et_pb_text disabled_on=\u00a0\u00bboff|off|off\u00a0\u00bb admin_label=\u00a0\u00bb4.8.2026: Cybercrimepolice.ch \u2013 votre police s\u2019engage.\u00a0\u00bb _builder_version=\u00a0\u00bb4.27.7&Prime; _module_preset=\u00a0\u00bbdefault\u00a0\u00bb text_text_color=\u00a0\u00bb#000000&Prime; text_font_size=\u00a0\u00bb20px\u00a0\u00bb global_colors_info=\u00a0\u00bb{}\u00a0\u00bb]<\/p>\n<p style=\"text-align: center;\"><strong>Cybercrimepolice.ch \u2013 votre police s\u2019engage.<\/strong><br \/>Pour consulter le site, cliquez <a href=\"https:\/\/cybercrimepolice.ch\/fr\" target=\"_blank\" rel=\"noopener\"><strong>ICI<\/strong><\/a><\/p>\n<p>[\/et_pb_text][et_pb_text disabled_on=\u00a0\u00bboff|off|off\u00a0\u00bb admin_label=\u00a0\u00bb4.8.2026: Flair &#8211; D\u00e9tectez les arnaques en quelques secondes\u00a0\u00bb _builder_version=\u00a0\u00bb4.27.7&Prime; _module_preset=\u00a0\u00bbdefault\u00a0\u00bb text_text_color=\u00a0\u00bb#000000&Prime; text_font_size=\u00a0\u00bb20px\u00a0\u00bb global_colors_info=\u00a0\u00bb{}\u00a0\u00bb]<\/p>\n<p style=\"text-align: center;\"><strong>Flair &#8211; D\u00e9tectez les arnaques en quelques secondes<\/strong><br \/>Pour consulter le site, cliquez <a href=\"https:\/\/www.flairsafe.ch\/\" target=\"_blank\" rel=\"noopener\"><strong>ICI<\/strong><\/a><\/p>\n<p>[\/et_pb_text][et_pb_text disabled_on=\u00a0\u00bboff|off|off\u00a0\u00bb admin_label=\u00a0\u00bb10 septembre 2026 : Sortie Annecy + Croisi\u00e8re-repas\u00a0\u00bb _builder_version=\u00a0\u00bb4.27.6&Prime; _module_preset=\u00a0\u00bbdefault\u00a0\u00bb text_text_color=\u00a0\u00bb#000000&Prime; text_font_size=\u00a0\u00bb20px\u00a0\u00bb global_colors_info=\u00a0\u00bb{}\u00a0\u00bb]<\/p>\n<p style=\"text-align: center;\">Jeudi <strong>10 septembre 2026<\/strong>, Activit\u00e9<br \/><a href=\"https:\/\/ffr-sarine.ch\/index.php\/activites\/\"><strong>Sortie Annecy + Croisi\u00e8re-repas<\/strong><br \/> sur le MS Libellule, visite de la ville<\/a><\/p>\n<p>[\/et_pb_text][et_pb_text disabled_on=\u00a0\u00bboff|off|off\u00a0\u00bb admin_label=\u00a0\u00bb10 septembre 2026 19h00-01h00 DISCO DES AINES\u00a0\u00bb _builder_version=\u00a0\u00bb4.27.7&Prime; _module_preset=\u00a0\u00bbdefault\u00a0\u00bb text_text_color=\u00a0\u00bb#000000&Prime; text_font_size=\u00a0\u00bb20px\u00a0\u00bb global_colors_info=\u00a0\u00bb{}\u00a0\u00bb]<\/p>\n<p style=\"text-align: center;\">Jeudi\u00a0<strong>10 septembre 2026<\/strong> 19h00-01h00<br \/>\n<strong>DISCO DES AINES &#8211;\u00a0<\/strong><a href=\"https:\/\/ffr-sarine.ch\/wp-content\/uploads\/2026\/07\/260910_DISCO_DES_AINES_Globull_Bulle.pdf\" target=\"_blank\" rel=\"noopener\"><strong>Flyer<\/strong><\/a><br \/>\nGlobull, Rue de l&rsquo;Etang 21, 1630 Bulle<\/p>\n<p>[\/et_pb_text][et_pb_text disabled_on=\u00a0\u00bboff|off|off\u00a0\u00bb admin_label=\u00a0\u00bb12 novembre 2026 : Apr\u00e8s-midi r\u00e9cr\u00e9atif et loto\u00a0\u00bb _builder_version=\u00a0\u00bb4.27.6&Prime; _module_preset=\u00a0\u00bbdefault\u00a0\u00bb text_text_color=\u00a0\u00bb#000000&Prime; text_font_size=\u00a0\u00bb20px\u00a0\u00bb global_colors_info=\u00a0\u00bb{}\u00a0\u00bb]<\/p>\n<p style=\"text-align: center;\">Jeudi <strong>12 novembre 2026<\/strong>, Activit\u00e9<br \/><a href=\"https:\/\/ffr-sarine.ch\/index.php\/activites\/\"><strong>Apr\u00e8s-midi r\u00e9cr\u00e9atif et loto<\/strong><br \/>\u00e0 la Salle paroissiale de Belfaux<\/a><\/p>\n<p>[\/et_pb_text][\/et_pb_column][\/et_pb_row][\/et_pb_section]<\/p>\n","protected":false},"excerpt":{"rendered":"<p>BienvenueF\u00e9d\u00e9ration Fribourgeoise des Retrait\u00e9sSection SarineContact SOS et Services SponsoringNews :Photos du 26 juin 2025, Activit\u00e9Le Haut-DoubsDes photos sont disponible du 18 septembre 2025, Activit\u00e9Yvoire et le Jardin des Cinq SensDes photos sont disponible du 13 novembre 2025, Activit\u00e9Apr\u00e8s-midi r\u00e9cr\u00e9atif et loto \u00e0 BelfauxPro Senectute FribourgTables de No\u00eblUn repas, un sourire, un lien : les Tables [&hellip;]<\/p>\n","protected":false},"author":1,"featured_media":0,"parent":0,"menu_order":0,"comment_status":"closed","ping_status":"closed","template":"","meta":{"_et_pb_use_builder":"on","_et_pb_old_content":"","_et_gb_content_width":"","footnotes":""},"class_list":["post-8","page","type-page","status-publish","hentry"],"yoast_head":"<!-- This site is optimized with the Yoast SEO plugin v28.3 - https:\/\/yoast.com\/product\/yoast-seo-wordpress\/ -->\n<title>Accueil - ffr-sarine<\/title>\n<meta name=\"robots\" content=\"index, follow, max-snippet:-1, max-image-preview:large, max-video-preview:-1\" \/>\n<link rel=\"canonical\" href=\"https:\/\/ffr-sarine.ch\/\" \/>\n<meta property=\"og:locale\" content=\"fr_FR\" \/>\n<meta property=\"og:type\" content=\"article\" \/>\n<meta property=\"og:title\" content=\"Accueil - ffr-sarine\" \/>\n<meta property=\"og:description\" content=\"BienvenueF\u00e9d\u00e9ration Fribourgeoise des Retrait\u00e9sSection SarineContact SOS et Services SponsoringNews :Photos du 26 juin 2025, Activit\u00e9Le Haut-DoubsDes photos sont disponible du 18 septembre 2025, Activit\u00e9Yvoire et le Jardin des Cinq SensDes photos sont disponible du 13 novembre 2025, Activit\u00e9Apr\u00e8s-midi r\u00e9cr\u00e9atif et loto \u00e0 BelfauxPro Senectute FribourgTables de No\u00eblUn repas, un sourire, un lien : les Tables [&hellip;]\" \/>\n<meta property=\"og:url\" content=\"https:\/\/ffr-sarine.ch\/\" \/>\n<meta property=\"og:site_name\" content=\"ffr-sarine\" \/>\n<meta property=\"article:modified_time\" content=\"2026-08-27T08:17:51+00:00\" \/>\n<meta name=\"twitter:card\" content=\"summary_large_image\" \/>\n<meta name=\"twitter:label1\" content=\"Dur\u00e9e de lecture estim\u00e9e\" \/>\n\t<meta name=\"twitter:data1\" content=\"3 minutes\" \/>\n<script type=\"application\/ld+json\" class=\"yoast-schema-graph\">{\"@context\":\"https:\\\/\\\/schema.org\",\"@graph\":[{\"@type\":\"WebPage\",\"@id\":\"https:\\\/\\\/ffr-sarine.ch\\\/\",\"url\":\"https:\\\/\\\/ffr-sarine.ch\\\/\",\"name\":\"Accueil - ffr-sarine\",\"isPartOf\":{\"@id\":\"https:\\\/\\\/ffr-sarine.ch\\\/#website\"},\"datePublished\":\"2021-05-22T08:33:27+00:00\",\"dateModified\":\"2026-08-27T08:17:51+00:00\",\"breadcrumb\":{\"@id\":\"https:\\\/\\\/ffr-sarine.ch\\\/#breadcrumb\"},\"inLanguage\":\"fr-FR\",\"potentialAction\":[{\"@type\":\"ReadAction\",\"target\":[\"https:\\\/\\\/ffr-sarine.ch\\\/\"]}]},{\"@type\":\"BreadcrumbList\",\"@id\":\"https:\\\/\\\/ffr-sarine.ch\\\/#breadcrumb\",\"itemListElement\":[{\"@type\":\"ListItem\",\"position\":1,\"name\":\"Accueil\",\"item\":\"https:\\\/\\\/ffr-sarine.ch\\\/\"},{\"@type\":\"ListItem\",\"position\":2,\"name\":\"Accueil\"}]},{\"@type\":\"WebSite\",\"@id\":\"https:\\\/\\\/ffr-sarine.ch\\\/#website\",\"url\":\"https:\\\/\\\/ffr-sarine.ch\\\/\",\"name\":\"ffr-sarine\",\"description\":\"F\u00e9d\u00e9ration Fribourgeoise des Retrait\u00e9s Section Sarine\",\"potentialAction\":[{\"@type\":\"SearchAction\",\"target\":{\"@type\":\"EntryPoint\",\"urlTemplate\":\"https:\\\/\\\/ffr-sarine.ch\\\/?s={search_term_string}\"},\"query-input\":{\"@type\":\"PropertyValueSpecification\",\"valueRequired\":true,\"valueName\":\"search_term_string\"}}],\"inLanguage\":\"fr-FR\"}]}<\/script>\n<!-- \/ Yoast SEO plugin. -->","yoast_head_json":{"title":"Accueil - ffr-sarine","robots":{"index":"index","follow":"follow","max-snippet":"max-snippet:-1","max-image-preview":"max-image-preview:large","max-video-preview":"max-video-preview:-1"},"canonical":"https:\/\/ffr-sarine.ch\/","og_locale":"fr_FR","og_type":"article","og_title":"Accueil - ffr-sarine","og_description":"BienvenueF\u00e9d\u00e9ration Fribourgeoise des Retrait\u00e9sSection SarineContact SOS et Services SponsoringNews :Photos du 26 juin 2025, Activit\u00e9Le Haut-DoubsDes photos sont disponible du 18 septembre 2025, Activit\u00e9Yvoire et le Jardin des Cinq SensDes photos sont disponible du 13 novembre 2025, Activit\u00e9Apr\u00e8s-midi r\u00e9cr\u00e9atif et loto \u00e0 BelfauxPro Senectute FribourgTables de No\u00eblUn repas, un sourire, un lien : les Tables [&hellip;]","og_url":"https:\/\/ffr-sarine.ch\/","og_site_name":"ffr-sarine","article_modified_time":"2026-08-27T08:17:51+00:00","twitter_card":"summary_large_image","twitter_misc":{"Dur\u00e9e de lecture estim\u00e9e":"3 minutes"},"schema":{"@context":"https:\/\/schema.org","@graph":[{"@type":"WebPage","@id":"https:\/\/ffr-sarine.ch\/","url":"https:\/\/ffr-sarine.ch\/","name":"Accueil - ffr-sarine","isPartOf":{"@id":"https:\/\/ffr-sarine.ch\/#website"},"datePublished":"2021-05-22T08:33:27+00:00","dateModified":"2026-08-27T08:17:51+00:00","breadcrumb":{"@id":"https:\/\/ffr-sarine.ch\/#breadcrumb"},"inLanguage":"fr-FR","potentialAction":[{"@type":"ReadAction","target":["https:\/\/ffr-sarine.ch\/"]}]},{"@type":"BreadcrumbList","@id":"https:\/\/ffr-sarine.ch\/#breadcrumb","itemListElement":[{"@type":"ListItem","position":1,"name":"Accueil","item":"https:\/\/ffr-sarine.ch\/"},{"@type":"ListItem","position":2,"name":"Accueil"}]},{"@type":"WebSite","@id":"https:\/\/ffr-sarine.ch\/#website","url":"https:\/\/ffr-sarine.ch\/","name":"ffr-sarine","description":"F\u00e9d\u00e9ration Fribourgeoise des Retrait\u00e9s Section Sarine","potentialAction":[{"@type":"SearchAction","target":{"@type":"EntryPoint","urlTemplate":"https:\/\/ffr-sarine.ch\/?s={search_term_string}"},"query-input":{"@type":"PropertyValueSpecification","valueRequired":true,"valueName":"search_term_string"}}],"inLanguage":"fr-FR"}]}},"_links":{"self":[{"href":"https:\/\/ffr-sarine.ch\/index.php\/wp-json\/wp\/v2\/pages\/8","targetHints":{"allow":["GET"]}}],"collection":[{"href":"https:\/\/ffr-sarine.ch\/index.php\/wp-json\/wp\/v2\/pages"}],"about":[{"href":"https:\/\/ffr-sarine.ch\/index.php\/wp-json\/wp\/v2\/types\/page"}],"author":[{"embeddable":true,"href":"https:\/\/ffr-sarine.ch\/index.php\/wp-json\/wp\/v2\/users\/1"}],"replies":[{"embeddable":true,"href":"https:\/\/ffr-sarine.ch\/index.php\/wp-json\/wp\/v2\/comments?post=8"}],"version-history":[{"count":352,"href":"https:\/\/ffr-sarine.ch\/index.php\/wp-json\/wp\/v2\/pages\/8\/revisions"}],"predecessor-version":[{"id":6769,"href":"https:\/\/ffr-sarine.ch\/index.php\/wp-json\/wp\/v2\/pages\/8\/revisions\/6769"}],"wp:attachment":[{"href":"https:\/\/ffr-sarine.ch\/index.php\/wp-json\/wp\/v2\/media?parent=8"}],"curies":[{"name":"wp","href":"https:\/\/api.w.org\/{rel}","templated":true}]}}