{"id":6537,"date":"2026-04-09T21:35:47","date_gmt":"2026-04-09T19:35:47","guid":{"rendered":"https:\/\/ffr-sarine.ch\/?page_id=6537"},"modified":"2026-07-01T22:19:53","modified_gmt":"2026-07-01T20:19:53","slug":"galerie-2026","status":"publish","type":"page","link":"https:\/\/ffr-sarine.ch\/index.php\/galerie-2026\/","title":{"rendered":"Galerie 2026"},"content":{"rendered":"<p>[et_pb_section fb_built=\u00a0\u00bb1&Prime; _builder_version=\u00a0\u00bb4.27.2&Prime; _module_preset=\u00a0\u00bbdefault\u00a0\u00bb min_height=\u00a0\u00bb720px\u00a0\u00bb global_colors_info=\u00a0\u00bb{}\u00a0\u00bb][et_pb_row _builder_version=\u00a0\u00bb4.25.0&Prime; _module_preset=\u00a0\u00bbdefault\u00a0\u00bb global_colors_info=\u00a0\u00bb{}\u00a0\u00bb][et_pb_column type=\u00a0\u00bb4_4&Prime; _builder_version=\u00a0\u00bb4.25.0&Prime; _module_preset=\u00a0\u00bbdefault\u00a0\u00bb global_colors_info=\u00a0\u00bb{}\u00a0\u00bb][et_pb_text admin_label=\u00a0\u00bbTitre ann\u00e9e\u00a0\u00bb _builder_version=\u00a0\u00bb4.27.6&Prime; _module_preset=\u00a0\u00bbdefault\u00a0\u00bb text_text_color=\u00a0\u00bb#000000&Prime; text_font_size=\u00a0\u00bb24px\u00a0\u00bb global_colors_info=\u00a0\u00bb{}\u00a0\u00bb]<\/p>\n<p><strong>Galerie de photos 2026 \u2013 <\/strong><em>Cliquez sur l\u2019image pour faire d\u00e9marrer le diaporama<\/em><\/p>\n<p>[\/et_pb_text][\/et_pb_column][\/et_pb_row][et_pb_row column_structure=\u00a0\u00bb1_3,1_3,1_3&Prime; _builder_version=\u00a0\u00bb4.25.0&Prime; _module_preset=\u00a0\u00bbdefault\u00a0\u00bb global_colors_info=\u00a0\u00bb{}\u00a0\u00bb][et_pb_column type=\u00a0\u00bb1_3&Prime; _builder_version=\u00a0\u00bb4.25.0&Prime; _module_preset=\u00a0\u00bbdefault\u00a0\u00bb global_colors_info=\u00a0\u00bb{}\u00a0\u00bb][et_pb_text disabled_on=\u00a0\u00bboff|off|off\u00a0\u00bb admin_label=\u00a0\u00bbTitre AG 2026&Prime; _builder_version=\u00a0\u00bb4.27.6&Prime; _module_preset=\u00a0\u00bbdefault\u00a0\u00bb text_text_color=\u00a0\u00bb#000000&Prime; text_font_size=\u00a0\u00bb17px\u00a0\u00bb global_colors_info=\u00a0\u00bb{}\u00a0\u00bb]<\/p>\n<p style=\"text-align: center;\"><strong>08.04.2026 \u2013 Assembl\u00e9e G\u00e9n\u00e9rale<\/strong><\/p>\n<p>[\/et_pb_text][et_pb_gallery gallery_ids=\u00a0\u00bb6542,6543,6544,6545,6546,6547,6548,6549,6550&Prime; posts_number=\u00a0\u00bb1&Prime; show_title_and_caption=\u00a0\u00bboff\u00a0\u00bb show_pagination=\u00a0\u00bboff\u00a0\u00bb disabled_on=\u00a0\u00bboff|off|off\u00a0\u00bb _builder_version=\u00a0\u00bb4.27.6&Prime; _module_preset=\u00a0\u00bbdefault\u00a0\u00bb border_radii=\u00a0\u00bbon|15px|15px|15px|15px\u00a0\u00bb global_colors_info=\u00a0\u00bb{}\u00a0\u00bb][\/et_pb_gallery][\/et_pb_column][et_pb_column type=\u00a0\u00bb1_3&Prime; _builder_version=\u00a0\u00bb4.25.0&Prime; _module_preset=\u00a0\u00bbdefault\u00a0\u00bb global_colors_info=\u00a0\u00bb{}\u00a0\u00bb][et_pb_text disabled_on=\u00a0\u00bboff|off|off\u00a0\u00bb admin_label=\u00a0\u00bbD\u00eener convivial avec animation au Restaurant de l\u2019Escale \u00e0 Givisiez\u00a0\u00bb _builder_version=\u00a0\u00bb4.27.6&Prime; _module_preset=\u00a0\u00bbdefault\u00a0\u00bb text_text_color=\u00a0\u00bb#000000&Prime; text_font_size=\u00a0\u00bb17px\u00a0\u00bb global_colors_info=\u00a0\u00bb{}\u00a0\u00bb]<\/p>\n<p style=\"text-align: center;\"><strong>20.05.2026 \u2013 D\u00eener convivial avec animation au Restaurant de l\u2019Escale \u00e0 Givisiez<\/strong><\/p>\n<p>[\/et_pb_text][et_pb_gallery gallery_ids=\u00a0\u00bb6597,6598,6599,6600,6601,6602,6603,6604,6605,6606,6607,6608&Prime; posts_number=\u00a0\u00bb1&Prime; show_title_and_caption=\u00a0\u00bboff\u00a0\u00bb show_pagination=\u00a0\u00bboff\u00a0\u00bb disabled_on=\u00a0\u00bboff|off|off\u00a0\u00bb _builder_version=\u00a0\u00bb4.27.6&Prime; _module_preset=\u00a0\u00bbdefault\u00a0\u00bb border_radii=\u00a0\u00bbon|15px|15px|15px|15px\u00a0\u00bb global_colors_info=\u00a0\u00bb{}\u00a0\u00bb][\/et_pb_gallery][\/et_pb_column][et_pb_column type=\u00a0\u00bb1_3&Prime; _builder_version=\u00a0\u00bb4.25.0&Prime; _module_preset=\u00a0\u00bbdefault\u00a0\u00bb global_colors_info=\u00a0\u00bb{}\u00a0\u00bb][et_pb_text disabled_on=\u00a0\u00bboff|off|off\u00a0\u00bb admin_label=\u00a0\u00bb25.06.2026: Sortie Schynige Platte\u00a0\u00bb _builder_version=\u00a0\u00bb4.27.7&Prime; _module_preset=\u00a0\u00bbdefault\u00a0\u00bb text_text_color=\u00a0\u00bb#000000&Prime; text_font_size=\u00a0\u00bb17px\u00a0\u00bb global_colors_info=\u00a0\u00bb{}\u00a0\u00bb]<\/p>\n<p style=\"text-align: center;\"><strong>25.06.2026 : Sortie Schynige Platte<\/strong> + Voyage train d\u2019antan, visite jardin botanique + Repas au Restaurant du Sommet<\/p>\n<p>[\/et_pb_text][et_pb_gallery posts_number=\u00a0\u00bb1&Prime; orientation=\u00a0\u00bbportrait\u00a0\u00bb show_title_and_caption=\u00a0\u00bboff\u00a0\u00bb show_pagination=\u00a0\u00bboff\u00a0\u00bb disabled_on=\u00a0\u00bboff|off|off\u00a0\u00bb _builder_version=\u00a0\u00bb4.27.7&Prime; _module_preset=\u00a0\u00bbdefault\u00a0\u00bb hover_enabled=\u00a0\u00bb0&Prime; border_radii=\u00a0\u00bbon|15px|15px|15px|15px\u00a0\u00bb global_colors_info=\u00a0\u00bb{}\u00a0\u00bb gallery_ids=\u00a0\u00bb6683,6684,6685,6686,6687,6688,6689,6690,6691,6692,6693,6694,6695,6696,6697,6698,6699,6700,6701,6702,6703,6704,6705,6706,6707,6708,6709,6710,6711,6712,6713,6714,6715,6716,6717,6718,6719,6720,6721,6722,6723,6724,6725,6726,6727,6728,6729,6730&Prime; sticky_enabled=\u00a0\u00bb0&Prime;][\/et_pb_gallery][\/et_pb_column][\/et_pb_row][et_pb_row column_structure=\u00a0\u00bb1_3,1_3,1_3&Prime; _builder_version=\u00a0\u00bb4.25.0&Prime; _module_preset=\u00a0\u00bbdefault\u00a0\u00bb global_colors_info=\u00a0\u00bb{}\u00a0\u00bb][et_pb_column type=\u00a0\u00bb1_3&Prime; _builder_version=\u00a0\u00bb4.25.0&Prime; _module_preset=\u00a0\u00bbdefault\u00a0\u00bb global_colors_info=\u00a0\u00bb{}\u00a0\u00bb][\/et_pb_column][et_pb_column type=\u00a0\u00bb1_3&Prime; _builder_version=\u00a0\u00bb4.25.0&Prime; _module_preset=\u00a0\u00bbdefault\u00a0\u00bb global_colors_info=\u00a0\u00bb{}\u00a0\u00bb][et_pb_text disabled_on=\u00a0\u00bbon|on|on\u00a0\u00bb admin_label=\u00a0\u00bb18.09.2025 \u2013 Yvoire et le Jardin des Cinq Sens\u00a0\u00bb _builder_version=\u00a0\u00bb4.27.4&Prime; _module_preset=\u00a0\u00bbdefault\u00a0\u00bb text_text_color=\u00a0\u00bb#000000&Prime; text_font_size=\u00a0\u00bb17px\u00a0\u00bb disabled=\u00a0\u00bbon\u00a0\u00bb global_colors_info=\u00a0\u00bb{}\u00a0\u00bb]<\/p>\n<p style=\"text-align: center;\"><strong>18.09.2025 \u2013 Yvoire et le Jardin des Cinq Sens<\/strong><\/p>\n<p>[\/et_pb_text][et_pb_gallery gallery_ids=\u00a0\u00bb6273,6274,6275,6276,6277,6278,6279,6280,6281,6282,6283,6284,6285,6286,6287,6288,6289,6290,6291,6292,6293,6294,6295,6296,6297,6298,6299,6300&Prime; posts_number=\u00a0\u00bb1&Prime; orientation=\u00a0\u00bbportrait\u00a0\u00bb show_title_and_caption=\u00a0\u00bboff\u00a0\u00bb show_pagination=\u00a0\u00bboff\u00a0\u00bb disabled_on=\u00a0\u00bbon|on|on\u00a0\u00bb _builder_version=\u00a0\u00bb4.27.4&Prime; _module_preset=\u00a0\u00bbdefault\u00a0\u00bb border_radii=\u00a0\u00bbon|15px|15px|15px|15px\u00a0\u00bb disabled=\u00a0\u00bbon\u00a0\u00bb global_colors_info=\u00a0\u00bb{}\u00a0\u00bb][\/et_pb_gallery][\/et_pb_column][et_pb_column type=\u00a0\u00bb1_3&Prime; _builder_version=\u00a0\u00bb4.25.0&Prime; _module_preset=\u00a0\u00bbdefault\u00a0\u00bb global_colors_info=\u00a0\u00bb{}\u00a0\u00bb][et_pb_text disabled_on=\u00a0\u00bbon|on|on\u00a0\u00bb admin_label=\u00a0\u00bbTitre Apr\u00e8s-midi r\u00e9cr\u00e9atif + loto \u00e0 Belfaux\u00a0\u00bb _builder_version=\u00a0\u00bb4.27.4&Prime; _module_preset=\u00a0\u00bbdefault\u00a0\u00bb text_text_color=\u00a0\u00bb#000000&Prime; text_font_size=\u00a0\u00bb17px\u00a0\u00bb disabled=\u00a0\u00bbon\u00a0\u00bb global_colors_info=\u00a0\u00bb{}\u00a0\u00bb]<\/p>\n<p style=\"text-align: center;\"><strong>13.11.2025 \u2013 Apr\u00e8s-midi r\u00e9cr\u00e9atif + loto \u00e0 Belfaux<br \/><\/strong><\/p>\n<p>[\/et_pb_text][et_pb_gallery gallery_ids=\u00a0\u00bb6363,6364,6365,6366,6367,6368,6369,6370,6371,6372,6373,6374,6375,6376,6377,6378,6379,6380,6381&Prime; posts_number=\u00a0\u00bb1&Prime; orientation=\u00a0\u00bbportrait\u00a0\u00bb show_title_and_caption=\u00a0\u00bboff\u00a0\u00bb show_pagination=\u00a0\u00bboff\u00a0\u00bb disabled_on=\u00a0\u00bbon|on|on\u00a0\u00bb _builder_version=\u00a0\u00bb4.27.4&Prime; _module_preset=\u00a0\u00bbdefault\u00a0\u00bb border_radii=\u00a0\u00bbon|15px|15px|15px|15px\u00a0\u00bb disabled=\u00a0\u00bbon\u00a0\u00bb global_colors_info=\u00a0\u00bb{}\u00a0\u00bb][\/et_pb_gallery][\/et_pb_column][\/et_pb_row][\/et_pb_section]<\/p>\n","protected":false},"excerpt":{"rendered":"<p>Galerie de photos 2026 \u2013 Cliquez sur l\u2019image pour faire d\u00e9marrer le diaporama08.04.2026 \u2013 Assembl\u00e9e G\u00e9n\u00e9rale20.05.2026 \u2013 D\u00eener convivial avec animation au Restaurant de l\u2019Escale \u00e0 Givisiez25.06.2026 : Sortie Schynige Platte + Voyage train d\u2019antan, visite jardin botanique + Repas au Restaurant du Sommet18.09.2025 \u2013 Yvoire et le Jardin des Cinq Sens13.11.2025 \u2013 Apr\u00e8s-midi r\u00e9cr\u00e9atif [&hellip;]<\/p>\n","protected":false},"author":2,"featured_media":0,"parent":0,"menu_order":0,"comment_status":"closed","ping_status":"closed","template":"","meta":{"_et_pb_use_builder":"on","_et_pb_old_content":"","_et_gb_content_width":"","footnotes":""},"class_list":["post-6537","page","type-page","status-publish","hentry"],"yoast_head":"<!-- This site is optimized with the Yoast SEO plugin v28.4 - https:\/\/yoast.com\/product\/yoast-seo-wordpress\/ -->\n<title>Galerie 2026 - ffr-sarine<\/title>\n<meta name=\"robots\" content=\"index, follow, max-snippet:-1, max-image-preview:large, max-video-preview:-1\" \/>\n<link rel=\"canonical\" href=\"https:\/\/ffr-sarine.ch\/index.php\/galerie-2026\/\" \/>\n<meta property=\"og:locale\" content=\"fr_FR\" \/>\n<meta property=\"og:type\" content=\"article\" \/>\n<meta property=\"og:title\" content=\"Galerie 2026 - ffr-sarine\" \/>\n<meta property=\"og:description\" content=\"Galerie de photos 2026 \u2013 Cliquez sur l\u2019image pour faire d\u00e9marrer le diaporama08.04.2026 \u2013 Assembl\u00e9e G\u00e9n\u00e9rale20.05.2026 \u2013 D\u00eener convivial avec animation au Restaurant de l\u2019Escale \u00e0 Givisiez25.06.2026 : Sortie Schynige Platte + Voyage train d\u2019antan, visite jardin botanique + Repas au Restaurant du Sommet18.09.2025 \u2013 Yvoire et le Jardin des Cinq Sens13.11.2025 \u2013 Apr\u00e8s-midi r\u00e9cr\u00e9atif [&hellip;]\" \/>\n<meta property=\"og:url\" content=\"https:\/\/ffr-sarine.ch\/index.php\/galerie-2026\/\" \/>\n<meta property=\"og:site_name\" content=\"ffr-sarine\" \/>\n<meta property=\"article:modified_time\" content=\"2026-07-01T20:19:53+00:00\" \/>\n<meta name=\"twitter:card\" content=\"summary_large_image\" \/>\n<meta name=\"twitter:label1\" content=\"Dur\u00e9e de lecture estim\u00e9e\" \/>\n\t<meta name=\"twitter:data1\" content=\"15 minutes\" \/>\n<script type=\"application\/ld+json\" class=\"yoast-schema-graph\">{\"@context\":\"https:\\\/\\\/schema.org\",\"@graph\":[{\"@type\":\"WebPage\",\"@id\":\"https:\\\/\\\/ffr-sarine.ch\\\/index.php\\\/galerie-2026\\\/\",\"url\":\"https:\\\/\\\/ffr-sarine.ch\\\/index.php\\\/galerie-2026\\\/\",\"name\":\"Galerie 2026 - ffr-sarine\",\"isPartOf\":{\"@id\":\"https:\\\/\\\/ffr-sarine.ch\\\/#website\"},\"datePublished\":\"2026-04-09T19:35:47+00:00\",\"dateModified\":\"2026-07-01T20:19:53+00:00\",\"breadcrumb\":{\"@id\":\"https:\\\/\\\/ffr-sarine.ch\\\/index.php\\\/galerie-2026\\\/#breadcrumb\"},\"inLanguage\":\"fr-FR\",\"potentialAction\":[{\"@type\":\"ReadAction\",\"target\":[\"https:\\\/\\\/ffr-sarine.ch\\\/index.php\\\/galerie-2026\\\/\"]}]},{\"@type\":\"BreadcrumbList\",\"@id\":\"https:\\\/\\\/ffr-sarine.ch\\\/index.php\\\/galerie-2026\\\/#breadcrumb\",\"itemListElement\":[{\"@type\":\"ListItem\",\"position\":1,\"name\":\"Accueil\",\"item\":\"https:\\\/\\\/ffr-sarine.ch\\\/\"},{\"@type\":\"ListItem\",\"position\":2,\"name\":\"Galerie 2026\"}]},{\"@type\":\"WebSite\",\"@id\":\"https:\\\/\\\/ffr-sarine.ch\\\/#website\",\"url\":\"https:\\\/\\\/ffr-sarine.ch\\\/\",\"name\":\"ffr-sarine\",\"description\":\"F\u00e9d\u00e9ration Fribourgeoise des Retrait\u00e9s Section Sarine\",\"potentialAction\":[{\"@type\":\"SearchAction\",\"target\":{\"@type\":\"EntryPoint\",\"urlTemplate\":\"https:\\\/\\\/ffr-sarine.ch\\\/?s={search_term_string}\"},\"query-input\":{\"@type\":\"PropertyValueSpecification\",\"valueRequired\":true,\"valueName\":\"search_term_string\"}}],\"inLanguage\":\"fr-FR\"}]}<\/script>\n<!-- \/ Yoast SEO plugin. -->","yoast_head_json":{"title":"Galerie 2026 - ffr-sarine","robots":{"index":"index","follow":"follow","max-snippet":"max-snippet:-1","max-image-preview":"max-image-preview:large","max-video-preview":"max-video-preview:-1"},"canonical":"https:\/\/ffr-sarine.ch\/index.php\/galerie-2026\/","og_locale":"fr_FR","og_type":"article","og_title":"Galerie 2026 - ffr-sarine","og_description":"Galerie de photos 2026 \u2013 Cliquez sur l\u2019image pour faire d\u00e9marrer le diaporama08.04.2026 \u2013 Assembl\u00e9e G\u00e9n\u00e9rale20.05.2026 \u2013 D\u00eener convivial avec animation au Restaurant de l\u2019Escale \u00e0 Givisiez25.06.2026 : Sortie Schynige Platte + Voyage train d\u2019antan, visite jardin botanique + Repas au Restaurant du Sommet18.09.2025 \u2013 Yvoire et le Jardin des Cinq Sens13.11.2025 \u2013 Apr\u00e8s-midi r\u00e9cr\u00e9atif [&hellip;]","og_url":"https:\/\/ffr-sarine.ch\/index.php\/galerie-2026\/","og_site_name":"ffr-sarine","article_modified_time":"2026-07-01T20:19:53+00:00","twitter_card":"summary_large_image","twitter_misc":{"Dur\u00e9e de lecture estim\u00e9e":"15 minutes"},"schema":{"@context":"https:\/\/schema.org","@graph":[{"@type":"WebPage","@id":"https:\/\/ffr-sarine.ch\/index.php\/galerie-2026\/","url":"https:\/\/ffr-sarine.ch\/index.php\/galerie-2026\/","name":"Galerie 2026 - ffr-sarine","isPartOf":{"@id":"https:\/\/ffr-sarine.ch\/#website"},"datePublished":"2026-04-09T19:35:47+00:00","dateModified":"2026-07-01T20:19:53+00:00","breadcrumb":{"@id":"https:\/\/ffr-sarine.ch\/index.php\/galerie-2026\/#breadcrumb"},"inLanguage":"fr-FR","potentialAction":[{"@type":"ReadAction","target":["https:\/\/ffr-sarine.ch\/index.php\/galerie-2026\/"]}]},{"@type":"BreadcrumbList","@id":"https:\/\/ffr-sarine.ch\/index.php\/galerie-2026\/#breadcrumb","itemListElement":[{"@type":"ListItem","position":1,"name":"Accueil","item":"https:\/\/ffr-sarine.ch\/"},{"@type":"ListItem","position":2,"name":"Galerie 2026"}]},{"@type":"WebSite","@id":"https:\/\/ffr-sarine.ch\/#website","url":"https:\/\/ffr-sarine.ch\/","name":"ffr-sarine","description":"F\u00e9d\u00e9ration Fribourgeoise des Retrait\u00e9s Section Sarine","potentialAction":[{"@type":"SearchAction","target":{"@type":"EntryPoint","urlTemplate":"https:\/\/ffr-sarine.ch\/?s={search_term_string}"},"query-input":{"@type":"PropertyValueSpecification","valueRequired":true,"valueName":"search_term_string"}}],"inLanguage":"fr-FR"}]}},"_links":{"self":[{"href":"https:\/\/ffr-sarine.ch\/index.php\/wp-json\/wp\/v2\/pages\/6537","targetHints":{"allow":["GET"]}}],"collection":[{"href":"https:\/\/ffr-sarine.ch\/index.php\/wp-json\/wp\/v2\/pages"}],"about":[{"href":"https:\/\/ffr-sarine.ch\/index.php\/wp-json\/wp\/v2\/types\/page"}],"author":[{"embeddable":true,"href":"https:\/\/ffr-sarine.ch\/index.php\/wp-json\/wp\/v2\/users\/2"}],"replies":[{"embeddable":true,"href":"https:\/\/ffr-sarine.ch\/index.php\/wp-json\/wp\/v2\/comments?post=6537"}],"version-history":[{"count":10,"href":"https:\/\/ffr-sarine.ch\/index.php\/wp-json\/wp\/v2\/pages\/6537\/revisions"}],"predecessor-version":[{"id":6732,"href":"https:\/\/ffr-sarine.ch\/index.php\/wp-json\/wp\/v2\/pages\/6537\/revisions\/6732"}],"wp:attachment":[{"href":"https:\/\/ffr-sarine.ch\/index.php\/wp-json\/wp\/v2\/media?parent=6537"}],"curies":[{"name":"wp","href":"https:\/\/api.w.org\/{rel}","templated":true}]}}