{"id":5598,"date":"2024-11-16T15:38:43","date_gmt":"2024-11-16T14:38:43","guid":{"rendered":"https:\/\/ffr-sarine.ch\/?page_id=5598"},"modified":"2025-10-10T11:36:46","modified_gmt":"2025-10-10T09:36:46","slug":"sponsoring","status":"publish","type":"page","link":"https:\/\/ffr-sarine.ch\/index.php\/sponsoring\/","title":{"rendered":"Sponsoring"},"content":{"rendered":"<p>[et_pb_section fb_built=\u00a0\u00bb1&Prime; _builder_version=\u00a0\u00bb4.27.2&Prime; _module_preset=\u00a0\u00bbdefault\u00a0\u00bb background_color=\u00a0\u00bbRGBA(255,255,255,0)\u00a0\u00bb min_height=\u00a0\u00bb720px\u00a0\u00bb top_divider_color=\u00a0\u00bb#afafaf\u00a0\u00bb global_colors_info=\u00a0\u00bb{}\u00a0\u00bb][et_pb_row column_structure=\u00a0\u00bb1_4,3_4&Prime; _builder_version=\u00a0\u00bb4.16&Prime; _module_preset=\u00a0\u00bbdefault\u00a0\u00bb global_colors_info=\u00a0\u00bb{}\u00a0\u00bb][et_pb_column type=\u00a0\u00bb1_4&Prime; _builder_version=\u00a0\u00bb4.16&Prime; _module_preset=\u00a0\u00bbdefault\u00a0\u00bb global_colors_info=\u00a0\u00bb{}\u00a0\u00bb][et_pb_image src=\u00a0\u00bbhttps:\/\/ffr-sarine.ch\/wp-content\/uploads\/2024\/11\/logo_ffrss_cb_text_274x120t.png\u00a0\u00bb title_text=\u00a0\u00bbLogo FFR Section Sarine\u00a0\u00bb url=\u00a0\u00bbhttps:\/\/ffr-sarine.ch\/\u00a0\u00bb url_new_window=\u00a0\u00bbon\u00a0\u00bb align=\u00a0\u00bbcenter\u00a0\u00bb admin_label=\u00a0\u00bblogo ffrss\u00a0\u00bb _builder_version=\u00a0\u00bb4.27.3&Prime; _module_preset=\u00a0\u00bbdefault\u00a0\u00bb global_colors_info=\u00a0\u00bb{}\u00a0\u00bb][\/et_pb_image][et_pb_text admin_label=\u00a0\u00bbcontact\u00a0\u00bb _builder_version=\u00a0\u00bb4.27.4&Prime; _module_preset=\u00a0\u00bbdefault\u00a0\u00bb text_text_color=\u00a0\u00bb#000000&Prime; text_font_size=\u00a0\u00bb22px\u00a0\u00bb global_colors_info=\u00a0\u00bb{}\u00a0\u00bb]<\/p>\n<p style=\"text-align: center;\"><a href=\"https:\/\/ffr-sarine.ch\/index.php\/contact\/\"><strong>Contact<\/strong><\/a><\/p>\n<p>[\/et_pb_text][\/et_pb_column][et_pb_column type=\u00a0\u00bb3_4&Prime; _builder_version=\u00a0\u00bb4.16&Prime; _module_preset=\u00a0\u00bbdefault\u00a0\u00bb global_colors_info=\u00a0\u00bb{}\u00a0\u00bb][et_pb_text admin_label=\u00a0\u00bbFFRSS se r\u00e9jouit de votre soutien\u00a0\u00bb _builder_version=\u00a0\u00bb4.27.4&Prime; _module_preset=\u00a0\u00bbdefault\u00a0\u00bb text_text_color=\u00a0\u00bb#000000&Prime; text_font_size=\u00a0\u00bb22px\u00a0\u00bb global_colors_info=\u00a0\u00bb{}\u00a0\u00bb]<\/p>\n<p><strong>Sponsoring<\/strong><\/p>\n<p>La F\u00e9d\u00e9ration fribourgeoise des retrait\u00e9s, section Sarine, se r\u00e9jouit de votre soutien.<\/p>\n<p>Utilisez notre formulaire de <a href=\"https:\/\/ffr-sarine.ch\/index.php\/contact\/\">contact<\/a> pour avoir plus d&rsquo;informations.<\/p>\n<p>[\/et_pb_text][\/et_pb_column][\/et_pb_row][et_pb_row column_structure=\u00a0\u00bb1_3,1_3,1_3&Prime; _builder_version=\u00a0\u00bb4.16&Prime; _module_preset=\u00a0\u00bbdefault\u00a0\u00bb global_colors_info=\u00a0\u00bb{}\u00a0\u00bb][et_pb_column type=\u00a0\u00bb1_3&Prime; _builder_version=\u00a0\u00bb4.16&Prime; _module_preset=\u00a0\u00bbdefault\u00a0\u00bb global_colors_info=\u00a0\u00bb{}\u00a0\u00bb][et_pb_image src=\u00a0\u00bbhttps:\/\/ffr-sarine.ch\/wp-content\/uploads\/2025\/02\/logo_buchard_sorties_groupes_470x451.png\u00a0\u00bb title_text=\u00a0\u00bbBuchard Voyages &#8211; Pour vos sorties de groupes\u00a0\u00bb url=\u00a0\u00bbhttps:\/\/www.buchard.ch\u00a0\u00bb url_new_window=\u00a0\u00bbon\u00a0\u00bb align=\u00a0\u00bbcenter\u00a0\u00bb disabled_on=\u00a0\u00bboff|off|off\u00a0\u00bb admin_label=\u00a0\u00bblogo buchard\u00a0\u00bb _builder_version=\u00a0\u00bb4.27.4&Prime; _module_preset=\u00a0\u00bbdefault\u00a0\u00bb global_colors_info=\u00a0\u00bb{}\u00a0\u00bb][\/et_pb_image][\/et_pb_column][et_pb_column type=\u00a0\u00bb1_3&Prime; _builder_version=\u00a0\u00bb4.16&Prime; _module_preset=\u00a0\u00bbdefault\u00a0\u00bb global_colors_info=\u00a0\u00bb{}\u00a0\u00bb][et_pb_image src=\u00a0\u00bbhttps:\/\/ffr-sarine.ch\/wp-content\/uploads\/2025\/02\/logo_2023-Murith_libretto_470x451.png\u00a0\u00bb title_text=\u00a0\u00bbMurith SA Pompes Fun\u00e8bres\u00a0\u00bb url=\u00a0\u00bbhttps:\/\/pfmurith.ch\/\u00a0\u00bb url_new_window=\u00a0\u00bbon\u00a0\u00bb align=\u00a0\u00bbcenter\u00a0\u00bb disabled_on=\u00a0\u00bboff|off|off\u00a0\u00bb admin_label=\u00a0\u00bblogo murith\u00a0\u00bb _builder_version=\u00a0\u00bb4.27.4&Prime; _module_preset=\u00a0\u00bbdefault\u00a0\u00bb global_colors_info=\u00a0\u00bb{}\u00a0\u00bb][\/et_pb_image][\/et_pb_column][et_pb_column type=\u00a0\u00bb1_3&Prime; _builder_version=\u00a0\u00bb4.16&Prime; _module_preset=\u00a0\u00bbdefault\u00a0\u00bb global_colors_info=\u00a0\u00bb{}\u00a0\u00bb][et_pb_image src=\u00a0\u00bbhttps:\/\/ffr-sarine.ch\/wp-content\/uploads\/2025\/01\/LANDI_Moleson-Sarine_SA.jpg\u00a0\u00bb title_text=\u00a0\u00bbLANDI Mol\u00e9son-Sarine SA\u00a0\u00bb url=\u00a0\u00bbhttp:\/\/www.landimolesonsarine.ch\u00a0\u00bb url_new_window=\u00a0\u00bbon\u00a0\u00bb align=\u00a0\u00bbcenter\u00a0\u00bb disabled_on=\u00a0\u00bboff|off|off\u00a0\u00bb admin_label=\u00a0\u00bblogo LANDI Mol\u00e9son-Sarine SA\u00a0\u00bb _builder_version=\u00a0\u00bb4.27.4&Prime; _module_preset=\u00a0\u00bbdefault\u00a0\u00bb global_colors_info=\u00a0\u00bb{}\u00a0\u00bb][\/et_pb_image][\/et_pb_column][\/et_pb_row][et_pb_row column_structure=\u00a0\u00bb1_3,1_3,1_3&Prime; _builder_version=\u00a0\u00bb4.16&Prime; _module_preset=\u00a0\u00bbdefault\u00a0\u00bb global_colors_info=\u00a0\u00bb{}\u00a0\u00bb][et_pb_column type=\u00a0\u00bb1_3&Prime; _builder_version=\u00a0\u00bb4.16&Prime; _module_preset=\u00a0\u00bbdefault\u00a0\u00bb global_colors_info=\u00a0\u00bb{}\u00a0\u00bb][et_pb_image src=\u00a0\u00bbhttps:\/\/ffr-sarine.ch\/wp-content\/uploads\/2025\/05\/pub_pfruffieux_470x451.jpg\u00a0\u00bb title_text=\u00a0\u00bbRuffieux &#038; Fils &#8211; Pompes Fun\u00e8bres\u00a0\u00bb url=\u00a0\u00bbhttps:\/\/www.pfruffieux.ch\/\u00a0\u00bb url_new_window=\u00a0\u00bbon\u00a0\u00bb align=\u00a0\u00bbcenter\u00a0\u00bb disabled_on=\u00a0\u00bboff|off|off\u00a0\u00bb admin_label=\u00a0\u00bbRuffieux\u00a0\u00bb _builder_version=\u00a0\u00bb4.27.4&Prime; _module_preset=\u00a0\u00bbdefault\u00a0\u00bb global_colors_info=\u00a0\u00bb{}\u00a0\u00bb][\/et_pb_image][\/et_pb_column][et_pb_column type=\u00a0\u00bb1_3&Prime; _builder_version=\u00a0\u00bb4.16&Prime; _module_preset=\u00a0\u00bbdefault\u00a0\u00bb global_colors_info=\u00a0\u00bb{}\u00a0\u00bb][et_pb_image src=\u00a0\u00bbhttps:\/\/ffr-sarine.ch\/wp-content\/uploads\/2025\/07\/logo_restaurant_chemi-huetta_470x451.jpg\u00a0\u00bb title_text=\u00a0\u00bbRestaurant Chemi H\u00fctta\u00a0\u00bb url=\u00a0\u00bbhttps:\/\/www.local.ch\/fr\/d\/saint-silvestre\/1736\/restaurant\/restaurant-chemi-hutta-XZuzZXgd3YJ-_Nf6gB_S4g\u00a0\u00bb url_new_window=\u00a0\u00bbon\u00a0\u00bb align=\u00a0\u00bbcenter\u00a0\u00bb disabled_on=\u00a0\u00bboff|off|off\u00a0\u00bb admin_label=\u00a0\u00bblogo chemi-h\u00fctta\u00a0\u00bb _builder_version=\u00a0\u00bb4.27.4&Prime; _module_preset=\u00a0\u00bbdefault\u00a0\u00bb global_colors_info=\u00a0\u00bb{}\u00a0\u00bb][\/et_pb_image][\/et_pb_column][et_pb_column type=\u00a0\u00bb1_3&Prime; _builder_version=\u00a0\u00bb4.16&Prime; _module_preset=\u00a0\u00bbdefault\u00a0\u00bb global_colors_info=\u00a0\u00bb{}\u00a0\u00bb][et_pb_image src=\u00a0\u00bbhttps:\/\/ffr-sarine.ch\/wp-content\/uploads\/2025\/10\/Logo_Escale_Pizzeria_Trattoria_Black_470x451.png\u00a0\u00bb title_text=\u00a0\u00bbL&rsquo;Escale Pizzeria Trattoria\u00a0\u00bb url=\u00a0\u00bbhttps:\/\/www.escale-restaurant.ch\/\u00a0\u00bb url_new_window=\u00a0\u00bbon\u00a0\u00bb align=\u00a0\u00bbcenter\u00a0\u00bb disabled_on=\u00a0\u00bboff|off|off\u00a0\u00bb admin_label=\u00a0\u00bbL&rsquo;Escale Pizzeria Trattoria\u00a0\u00bb _builder_version=\u00a0\u00bb4.27.4&Prime; _module_preset=\u00a0\u00bbdefault\u00a0\u00bb hover_enabled=\u00a0\u00bb0&Prime; global_colors_info=\u00a0\u00bb{}\u00a0\u00bb sticky_enabled=\u00a0\u00bb0&Prime;][\/et_pb_image][\/et_pb_column][\/et_pb_row][\/et_pb_section]<\/p>\n","protected":false},"excerpt":{"rendered":"<p>ContactSponsoring La F\u00e9d\u00e9ration fribourgeoise des retrait\u00e9s, section Sarine, se r\u00e9jouit de votre soutien. Utilisez notre formulaire de contact pour avoir plus d&rsquo;informations.<\/p>\n","protected":false},"author":2,"featured_media":0,"parent":0,"menu_order":0,"comment_status":"closed","ping_status":"closed","template":"","meta":{"_et_pb_use_builder":"on","_et_pb_old_content":"","_et_gb_content_width":"","footnotes":""},"class_list":["post-5598","page","type-page","status-publish","hentry"],"yoast_head":"<!-- This site is optimized with the Yoast SEO plugin v28.3 - https:\/\/yoast.com\/product\/yoast-seo-wordpress\/ -->\n<title>Sponsoring - ffr-sarine<\/title>\n<meta name=\"robots\" content=\"index, follow, max-snippet:-1, max-image-preview:large, max-video-preview:-1\" \/>\n<link rel=\"canonical\" href=\"https:\/\/ffr-sarine.ch\/index.php\/sponsoring\/\" \/>\n<meta property=\"og:locale\" content=\"fr_FR\" \/>\n<meta property=\"og:type\" content=\"article\" \/>\n<meta property=\"og:title\" content=\"Sponsoring - ffr-sarine\" \/>\n<meta property=\"og:description\" content=\"ContactSponsoring La F\u00e9d\u00e9ration fribourgeoise des retrait\u00e9s, section Sarine, se r\u00e9jouit de votre soutien. Utilisez notre formulaire de contact pour avoir plus d&#039;informations.\" \/>\n<meta property=\"og:url\" content=\"https:\/\/ffr-sarine.ch\/index.php\/sponsoring\/\" \/>\n<meta property=\"og:site_name\" content=\"ffr-sarine\" \/>\n<meta property=\"article:modified_time\" content=\"2025-10-10T09:36:46+00:00\" \/>\n<meta name=\"twitter:card\" content=\"summary_large_image\" \/>\n<meta name=\"twitter:label1\" content=\"Dur\u00e9e de lecture estim\u00e9e\" \/>\n\t<meta name=\"twitter:data1\" content=\"2 minutes\" \/>\n<script type=\"application\/ld+json\" class=\"yoast-schema-graph\">{\"@context\":\"https:\\\/\\\/schema.org\",\"@graph\":[{\"@type\":\"WebPage\",\"@id\":\"https:\\\/\\\/ffr-sarine.ch\\\/index.php\\\/sponsoring\\\/\",\"url\":\"https:\\\/\\\/ffr-sarine.ch\\\/index.php\\\/sponsoring\\\/\",\"name\":\"Sponsoring - ffr-sarine\",\"isPartOf\":{\"@id\":\"https:\\\/\\\/ffr-sarine.ch\\\/#website\"},\"datePublished\":\"2024-11-16T14:38:43+00:00\",\"dateModified\":\"2025-10-10T09:36:46+00:00\",\"breadcrumb\":{\"@id\":\"https:\\\/\\\/ffr-sarine.ch\\\/index.php\\\/sponsoring\\\/#breadcrumb\"},\"inLanguage\":\"fr-FR\",\"potentialAction\":[{\"@type\":\"ReadAction\",\"target\":[\"https:\\\/\\\/ffr-sarine.ch\\\/index.php\\\/sponsoring\\\/\"]}]},{\"@type\":\"BreadcrumbList\",\"@id\":\"https:\\\/\\\/ffr-sarine.ch\\\/index.php\\\/sponsoring\\\/#breadcrumb\",\"itemListElement\":[{\"@type\":\"ListItem\",\"position\":1,\"name\":\"Accueil\",\"item\":\"https:\\\/\\\/ffr-sarine.ch\\\/\"},{\"@type\":\"ListItem\",\"position\":2,\"name\":\"Sponsoring\"}]},{\"@type\":\"WebSite\",\"@id\":\"https:\\\/\\\/ffr-sarine.ch\\\/#website\",\"url\":\"https:\\\/\\\/ffr-sarine.ch\\\/\",\"name\":\"ffr-sarine\",\"description\":\"F\u00e9d\u00e9ration Fribourgeoise des Retrait\u00e9s Section Sarine\",\"potentialAction\":[{\"@type\":\"SearchAction\",\"target\":{\"@type\":\"EntryPoint\",\"urlTemplate\":\"https:\\\/\\\/ffr-sarine.ch\\\/?s={search_term_string}\"},\"query-input\":{\"@type\":\"PropertyValueSpecification\",\"valueRequired\":true,\"valueName\":\"search_term_string\"}}],\"inLanguage\":\"fr-FR\"}]}<\/script>\n<!-- \/ Yoast SEO plugin. -->","yoast_head_json":{"title":"Sponsoring - ffr-sarine","robots":{"index":"index","follow":"follow","max-snippet":"max-snippet:-1","max-image-preview":"max-image-preview:large","max-video-preview":"max-video-preview:-1"},"canonical":"https:\/\/ffr-sarine.ch\/index.php\/sponsoring\/","og_locale":"fr_FR","og_type":"article","og_title":"Sponsoring - ffr-sarine","og_description":"ContactSponsoring La F\u00e9d\u00e9ration fribourgeoise des retrait\u00e9s, section Sarine, se r\u00e9jouit de votre soutien. Utilisez notre formulaire de contact pour avoir plus d'informations.","og_url":"https:\/\/ffr-sarine.ch\/index.php\/sponsoring\/","og_site_name":"ffr-sarine","article_modified_time":"2025-10-10T09:36:46+00:00","twitter_card":"summary_large_image","twitter_misc":{"Dur\u00e9e de lecture estim\u00e9e":"2 minutes"},"schema":{"@context":"https:\/\/schema.org","@graph":[{"@type":"WebPage","@id":"https:\/\/ffr-sarine.ch\/index.php\/sponsoring\/","url":"https:\/\/ffr-sarine.ch\/index.php\/sponsoring\/","name":"Sponsoring - ffr-sarine","isPartOf":{"@id":"https:\/\/ffr-sarine.ch\/#website"},"datePublished":"2024-11-16T14:38:43+00:00","dateModified":"2025-10-10T09:36:46+00:00","breadcrumb":{"@id":"https:\/\/ffr-sarine.ch\/index.php\/sponsoring\/#breadcrumb"},"inLanguage":"fr-FR","potentialAction":[{"@type":"ReadAction","target":["https:\/\/ffr-sarine.ch\/index.php\/sponsoring\/"]}]},{"@type":"BreadcrumbList","@id":"https:\/\/ffr-sarine.ch\/index.php\/sponsoring\/#breadcrumb","itemListElement":[{"@type":"ListItem","position":1,"name":"Accueil","item":"https:\/\/ffr-sarine.ch\/"},{"@type":"ListItem","position":2,"name":"Sponsoring"}]},{"@type":"WebSite","@id":"https:\/\/ffr-sarine.ch\/#website","url":"https:\/\/ffr-sarine.ch\/","name":"ffr-sarine","description":"F\u00e9d\u00e9ration Fribourgeoise des Retrait\u00e9s Section Sarine","potentialAction":[{"@type":"SearchAction","target":{"@type":"EntryPoint","urlTemplate":"https:\/\/ffr-sarine.ch\/?s={search_term_string}"},"query-input":{"@type":"PropertyValueSpecification","valueRequired":true,"valueName":"search_term_string"}}],"inLanguage":"fr-FR"}]}},"_links":{"self":[{"href":"https:\/\/ffr-sarine.ch\/index.php\/wp-json\/wp\/v2\/pages\/5598","targetHints":{"allow":["GET"]}}],"collection":[{"href":"https:\/\/ffr-sarine.ch\/index.php\/wp-json\/wp\/v2\/pages"}],"about":[{"href":"https:\/\/ffr-sarine.ch\/index.php\/wp-json\/wp\/v2\/types\/page"}],"author":[{"embeddable":true,"href":"https:\/\/ffr-sarine.ch\/index.php\/wp-json\/wp\/v2\/users\/2"}],"replies":[{"embeddable":true,"href":"https:\/\/ffr-sarine.ch\/index.php\/wp-json\/wp\/v2\/comments?post=5598"}],"version-history":[{"count":21,"href":"https:\/\/ffr-sarine.ch\/index.php\/wp-json\/wp\/v2\/pages\/5598\/revisions"}],"predecessor-version":[{"id":6331,"href":"https:\/\/ffr-sarine.ch\/index.php\/wp-json\/wp\/v2\/pages\/5598\/revisions\/6331"}],"wp:attachment":[{"href":"https:\/\/ffr-sarine.ch\/index.php\/wp-json\/wp\/v2\/media?parent=5598"}],"curies":[{"name":"wp","href":"https:\/\/api.w.org\/{rel}","templated":true}]}}