{"id":557,"date":"2021-05-31T16:28:11","date_gmt":"2021-05-31T16:28:11","guid":{"rendered":"https:\/\/ffr-sarine.ch\/?page_id=557"},"modified":"2025-04-09T20:33:54","modified_gmt":"2025-04-09T18:33:54","slug":"pourquoi-adherer","status":"publish","type":"page","link":"https:\/\/ffr-sarine.ch\/index.php\/pourquoi-adherer\/","title":{"rendered":"Pourquoi adh\u00e9rer ?"},"content":{"rendered":"<p>[et_pb_section fb_built=\u00a0\u00bb1&Prime; _builder_version=\u00a0\u00bb4.27.2&Prime; _module_preset=\u00a0\u00bbdefault\u00a0\u00bb background_color=\u00a0\u00bbRGBA(255,255,255,0)\u00a0\u00bb min_height=\u00a0\u00bb720px\u00a0\u00bb top_divider_color=\u00a0\u00bb#afafaf\u00a0\u00bb global_colors_info=\u00a0\u00bb{}\u00a0\u00bb][et_pb_row column_structure=\u00a0\u00bb1_4,3_4&Prime; _builder_version=\u00a0\u00bb4.16&Prime; _module_preset=\u00a0\u00bbdefault\u00a0\u00bb global_colors_info=\u00a0\u00bb{}\u00a0\u00bb][et_pb_column type=\u00a0\u00bb1_4&Prime; _builder_version=\u00a0\u00bb4.16&Prime; _module_preset=\u00a0\u00bbdefault\u00a0\u00bb global_colors_info=\u00a0\u00bb{}\u00a0\u00bb][et_pb_image src=\u00a0\u00bbhttps:\/\/ffr-sarine.ch\/wp-content\/uploads\/2024\/11\/logo_ffrss_cb_text_274x120t.png\u00a0\u00bb title_text=\u00a0\u00bbLogo FFR Section Sarine\u00a0\u00bb url=\u00a0\u00bbhttps:\/\/ffr-sarine.ch\/\u00a0\u00bb align=\u00a0\u00bbcenter\u00a0\u00bb admin_label=\u00a0\u00bbimage ffrss\u00a0\u00bb _builder_version=\u00a0\u00bb4.27.3&Prime; _module_preset=\u00a0\u00bbdefault\u00a0\u00bb global_colors_info=\u00a0\u00bb{}\u00a0\u00bb][\/et_pb_image][\/et_pb_column][et_pb_column type=\u00a0\u00bb3_4&Prime; _builder_version=\u00a0\u00bb4.16&Prime; _module_preset=\u00a0\u00bbdefault\u00a0\u00bb global_colors_info=\u00a0\u00bb{}\u00a0\u00bb][et_pb_text _builder_version=\u00a0\u00bb4.27.4&Prime; _module_preset=\u00a0\u00bbdefault\u00a0\u00bb text_text_color=\u00a0\u00bb#000000&Prime; text_font_size=\u00a0\u00bb22px\u00a0\u00bb hover_enabled=\u00a0\u00bb0&Prime; global_colors_info=\u00a0\u00bb{}\u00a0\u00bb sticky_enabled=\u00a0\u00bb0&Prime;]<\/p>\n<p><strong>Pourquoi s\u2019inscrire et nous rejoindre ?<\/strong><strong>\u00a0<\/strong><\/p>\n<p>Les Retrait\u00e9s fribourgeois ont cr\u00e9\u00e9 une F\u00e9d\u00e9ration qui compte environ 6\u2019600 membres r\u00e9partis dans 7 sections de district et dans 6 groupements associ\u00e9s (St-Paul, Groupe E, Etat de Fribourg, Mouvement des a\u00een\u00e9s, etc), dont<strong> 759 membres pour notre seule section Sarine <\/strong>(31 d\u00e9cembre 2024).<\/p>\n<p>Notre F\u00e9d\u00e9ration est reconnue par le Conseil d\u2019Etat en qualit\u00e9 de partenaire et de porte-parole des retrait\u00e9s du Canton, et fait partie de la F\u00e9d\u00e9ration Suisse.<\/p>\n<p>Les buts poursuivis par ces structures sont les suivants\u00a0:<\/p>\n<ul>\n<li>Promouvoir une politique sociale favorable \u00e0 toutes les g\u00e9n\u00e9rations<\/li>\n<li>D\u00e9fendre les int\u00e9r\u00eats sociaux, culturels et \u00e9conomiques des membres<\/li>\n<li>Favoriser l\u2019insertion des a\u00een\u00e9s dans la vie sociale et culturelle<\/li>\n<li>Encourager la participation des retrait\u00e9s \u00e0 des activit\u00e9s b\u00e9n\u00e9voles, socialement utiles<\/li>\n<li>Renforcer le dialogue et l\u2019entraide entre les g\u00e9n\u00e9rations<\/li>\n<li>La F\u00e9d\u00e9ration est politiquement ind\u00e9pendante et confessionnellement neutre.<\/li>\n<\/ul>\n<p>Nous nous int\u00e9ressons \u00e9galement au d\u00e9veloppement des services m\u00e9dico-sociaux tels que l\u2019aide et les soins \u00e0 domicile, les foyers de jour et de courte dur\u00e9e ainsi que les EMS. Nous mettons aussi l\u2019accent sur la r\u00e9alisation d\u2019appartements s\u00e9curis\u00e9s avec encadrement m\u00e9dico-social.<\/p>\n<p>Les dispositions de fin de vie et les soins palliatifs sont \u00e9galement des th\u00e8mes qui nous occupent. Enfin, nous collaborons avec Pro Senectute et l\u2019AFIPA (Association fribourgeoise des \u00e9tablissements pour personnes \u00e2g\u00e9es).<\/p>\n<p>En plus des buts poursuivis par la F\u00e9d\u00e9ration, le c\u00f4t\u00e9 amical n\u2019est pas n\u00e9glig\u00e9 au sein de notre Section Sarine et, afin de faciliter les contacts entre ses membres, nous organisons un repas convivial avec animation, des sorties, des visites ainsi qu\u2019un apr\u00e8s-midi r\u00e9cr\u00e9atif avec loto.<\/p>\n<p>Actuellement la cotisation annuelle reste modeste. D\u00e8s 2025, elle s\u2019\u00e9l\u00e8ve \u00e0 <strong>20.00 CHF<\/strong> pour un membre. Utilisez notre <strong><a href=\"https:\/\/ffr-sarine.ch\/index.php\/adhesion\/\">formulaire d&rsquo;adh\u00e9sion<\/a><\/strong> pour adh\u00e9rer \u00e0 notre F\u00e9d\u00e9ration.<\/p>\n<p>Le cas \u00e9ch\u00e9ant, si vous le souhaitez, vos connaissances professionnelles et vos exp\u00e9riences personnelles pourraient contribuer \u00e0 maintenir nos objectifs et \u00e0 p\u00e9renniser notre F\u00e9d\u00e9ration.<\/p>\n<p>Avec nos plus cordiales salutations et au plaisir de vous rencontrer prochainement.<\/p>\n<p><strong>F\u00e9d\u00e9ration Fribourgeoise des Retrait\u00e9s, section Sarine<\/strong><\/p>\n<p>Le Comit\u00e9<\/p>\n<p>[\/et_pb_text][\/et_pb_column][\/et_pb_row][\/et_pb_section]<\/p>\n","protected":false},"excerpt":{"rendered":"<p>Pourquoi s\u2019inscrire et nous rejoindre ?\u00a0 Les Retrait\u00e9s fribourgeois ont cr\u00e9\u00e9 une F\u00e9d\u00e9ration qui compte environ 6\u2019600 membres r\u00e9partis dans 7 sections de district et dans 6 groupements associ\u00e9s (St-Paul, Groupe E, Etat de Fribourg, Mouvement des a\u00een\u00e9s, etc), dont 759 membres pour notre seule section Sarine (31 d\u00e9cembre 2024). Notre F\u00e9d\u00e9ration est reconnue par [&hellip;]<\/p>\n","protected":false},"author":1,"featured_media":0,"parent":0,"menu_order":0,"comment_status":"closed","ping_status":"closed","template":"","meta":{"_et_pb_use_builder":"on","_et_pb_old_content":"","_et_gb_content_width":"","footnotes":""},"class_list":["post-557","page","type-page","status-publish","hentry"],"yoast_head":"<!-- This site is optimized with the Yoast SEO plugin v28.3 - https:\/\/yoast.com\/product\/yoast-seo-wordpress\/ -->\n<title>Pourquoi adh\u00e9rer ? - ffr-sarine<\/title>\n<meta name=\"robots\" content=\"index, follow, max-snippet:-1, max-image-preview:large, max-video-preview:-1\" \/>\n<link rel=\"canonical\" href=\"https:\/\/ffr-sarine.ch\/index.php\/pourquoi-adherer\/\" \/>\n<meta property=\"og:locale\" content=\"fr_FR\" \/>\n<meta property=\"og:type\" content=\"article\" \/>\n<meta property=\"og:title\" content=\"Pourquoi adh\u00e9rer ? - ffr-sarine\" \/>\n<meta property=\"og:description\" content=\"Pourquoi s\u2019inscrire et nous rejoindre ?\u00a0 Les Retrait\u00e9s fribourgeois ont cr\u00e9\u00e9 une F\u00e9d\u00e9ration qui compte environ 6\u2019600 membres r\u00e9partis dans 7 sections de district et dans 6 groupements associ\u00e9s (St-Paul, Groupe E, Etat de Fribourg, Mouvement des a\u00een\u00e9s, etc), dont 759 membres pour notre seule section Sarine (31 d\u00e9cembre 2024). Notre F\u00e9d\u00e9ration est reconnue par [&hellip;]\" \/>\n<meta property=\"og:url\" content=\"https:\/\/ffr-sarine.ch\/index.php\/pourquoi-adherer\/\" \/>\n<meta property=\"og:site_name\" content=\"ffr-sarine\" \/>\n<meta property=\"article:modified_time\" content=\"2025-04-09T18:33:54+00:00\" \/>\n<meta name=\"twitter:card\" content=\"summary_large_image\" \/>\n<meta name=\"twitter:label1\" content=\"Dur\u00e9e de lecture estim\u00e9e\" \/>\n\t<meta name=\"twitter:data1\" content=\"2 minutes\" \/>\n<script type=\"application\/ld+json\" class=\"yoast-schema-graph\">{\"@context\":\"https:\\\/\\\/schema.org\",\"@graph\":[{\"@type\":\"WebPage\",\"@id\":\"https:\\\/\\\/ffr-sarine.ch\\\/index.php\\\/pourquoi-adherer\\\/\",\"url\":\"https:\\\/\\\/ffr-sarine.ch\\\/index.php\\\/pourquoi-adherer\\\/\",\"name\":\"Pourquoi adh\u00e9rer ? - ffr-sarine\",\"isPartOf\":{\"@id\":\"https:\\\/\\\/ffr-sarine.ch\\\/#website\"},\"datePublished\":\"2021-05-31T16:28:11+00:00\",\"dateModified\":\"2025-04-09T18:33:54+00:00\",\"breadcrumb\":{\"@id\":\"https:\\\/\\\/ffr-sarine.ch\\\/index.php\\\/pourquoi-adherer\\\/#breadcrumb\"},\"inLanguage\":\"fr-FR\",\"potentialAction\":[{\"@type\":\"ReadAction\",\"target\":[\"https:\\\/\\\/ffr-sarine.ch\\\/index.php\\\/pourquoi-adherer\\\/\"]}]},{\"@type\":\"BreadcrumbList\",\"@id\":\"https:\\\/\\\/ffr-sarine.ch\\\/index.php\\\/pourquoi-adherer\\\/#breadcrumb\",\"itemListElement\":[{\"@type\":\"ListItem\",\"position\":1,\"name\":\"Accueil\",\"item\":\"https:\\\/\\\/ffr-sarine.ch\\\/\"},{\"@type\":\"ListItem\",\"position\":2,\"name\":\"Pourquoi adh\u00e9rer ?\"}]},{\"@type\":\"WebSite\",\"@id\":\"https:\\\/\\\/ffr-sarine.ch\\\/#website\",\"url\":\"https:\\\/\\\/ffr-sarine.ch\\\/\",\"name\":\"ffr-sarine\",\"description\":\"F\u00e9d\u00e9ration Fribourgeoise des Retrait\u00e9s Section Sarine\",\"potentialAction\":[{\"@type\":\"SearchAction\",\"target\":{\"@type\":\"EntryPoint\",\"urlTemplate\":\"https:\\\/\\\/ffr-sarine.ch\\\/?s={search_term_string}\"},\"query-input\":{\"@type\":\"PropertyValueSpecification\",\"valueRequired\":true,\"valueName\":\"search_term_string\"}}],\"inLanguage\":\"fr-FR\"}]}<\/script>\n<!-- \/ Yoast SEO plugin. -->","yoast_head_json":{"title":"Pourquoi adh\u00e9rer ? - ffr-sarine","robots":{"index":"index","follow":"follow","max-snippet":"max-snippet:-1","max-image-preview":"max-image-preview:large","max-video-preview":"max-video-preview:-1"},"canonical":"https:\/\/ffr-sarine.ch\/index.php\/pourquoi-adherer\/","og_locale":"fr_FR","og_type":"article","og_title":"Pourquoi adh\u00e9rer ? - ffr-sarine","og_description":"Pourquoi s\u2019inscrire et nous rejoindre ?\u00a0 Les Retrait\u00e9s fribourgeois ont cr\u00e9\u00e9 une F\u00e9d\u00e9ration qui compte environ 6\u2019600 membres r\u00e9partis dans 7 sections de district et dans 6 groupements associ\u00e9s (St-Paul, Groupe E, Etat de Fribourg, Mouvement des a\u00een\u00e9s, etc), dont 759 membres pour notre seule section Sarine (31 d\u00e9cembre 2024). Notre F\u00e9d\u00e9ration est reconnue par [&hellip;]","og_url":"https:\/\/ffr-sarine.ch\/index.php\/pourquoi-adherer\/","og_site_name":"ffr-sarine","article_modified_time":"2025-04-09T18:33:54+00:00","twitter_card":"summary_large_image","twitter_misc":{"Dur\u00e9e de lecture estim\u00e9e":"2 minutes"},"schema":{"@context":"https:\/\/schema.org","@graph":[{"@type":"WebPage","@id":"https:\/\/ffr-sarine.ch\/index.php\/pourquoi-adherer\/","url":"https:\/\/ffr-sarine.ch\/index.php\/pourquoi-adherer\/","name":"Pourquoi adh\u00e9rer ? - ffr-sarine","isPartOf":{"@id":"https:\/\/ffr-sarine.ch\/#website"},"datePublished":"2021-05-31T16:28:11+00:00","dateModified":"2025-04-09T18:33:54+00:00","breadcrumb":{"@id":"https:\/\/ffr-sarine.ch\/index.php\/pourquoi-adherer\/#breadcrumb"},"inLanguage":"fr-FR","potentialAction":[{"@type":"ReadAction","target":["https:\/\/ffr-sarine.ch\/index.php\/pourquoi-adherer\/"]}]},{"@type":"BreadcrumbList","@id":"https:\/\/ffr-sarine.ch\/index.php\/pourquoi-adherer\/#breadcrumb","itemListElement":[{"@type":"ListItem","position":1,"name":"Accueil","item":"https:\/\/ffr-sarine.ch\/"},{"@type":"ListItem","position":2,"name":"Pourquoi adh\u00e9rer ?"}]},{"@type":"WebSite","@id":"https:\/\/ffr-sarine.ch\/#website","url":"https:\/\/ffr-sarine.ch\/","name":"ffr-sarine","description":"F\u00e9d\u00e9ration Fribourgeoise des Retrait\u00e9s Section Sarine","potentialAction":[{"@type":"SearchAction","target":{"@type":"EntryPoint","urlTemplate":"https:\/\/ffr-sarine.ch\/?s={search_term_string}"},"query-input":{"@type":"PropertyValueSpecification","valueRequired":true,"valueName":"search_term_string"}}],"inLanguage":"fr-FR"}]}},"_links":{"self":[{"href":"https:\/\/ffr-sarine.ch\/index.php\/wp-json\/wp\/v2\/pages\/557","targetHints":{"allow":["GET"]}}],"collection":[{"href":"https:\/\/ffr-sarine.ch\/index.php\/wp-json\/wp\/v2\/pages"}],"about":[{"href":"https:\/\/ffr-sarine.ch\/index.php\/wp-json\/wp\/v2\/types\/page"}],"author":[{"embeddable":true,"href":"https:\/\/ffr-sarine.ch\/index.php\/wp-json\/wp\/v2\/users\/1"}],"replies":[{"embeddable":true,"href":"https:\/\/ffr-sarine.ch\/index.php\/wp-json\/wp\/v2\/comments?post=557"}],"version-history":[{"count":25,"href":"https:\/\/ffr-sarine.ch\/index.php\/wp-json\/wp\/v2\/pages\/557\/revisions"}],"predecessor-version":[{"id":6040,"href":"https:\/\/ffr-sarine.ch\/index.php\/wp-json\/wp\/v2\/pages\/557\/revisions\/6040"}],"wp:attachment":[{"href":"https:\/\/ffr-sarine.ch\/index.php\/wp-json\/wp\/v2\/media?parent=557"}],"curies":[{"name":"wp","href":"https:\/\/api.w.org\/{rel}","templated":true}]}}