{"id":5116,"date":"2024-10-17T17:03:34","date_gmt":"2024-10-17T15:03:34","guid":{"rendered":"https:\/\/ffr-sarine.ch\/?page_id=5116"},"modified":"2024-10-25T12:24:07","modified_gmt":"2024-10-25T10:24:07","slug":"politique-de-confidentialite","status":"publish","type":"page","link":"https:\/\/ffr-sarine.ch\/index.php\/politique-de-confidentialite\/","title":{"rendered":"Politique de confidentialit\u00e9"},"content":{"rendered":"<p>[et_pb_section fb_built=\u00a0\u00bb1&Prime; _builder_version=\u00a0\u00bb4.27.2&Prime; _module_preset=\u00a0\u00bbdefault\u00a0\u00bb top_divider_color=\u00a0\u00bb#afafaf\u00a0\u00bb hover_enabled=\u00a0\u00bb0&Prime; global_colors_info=\u00a0\u00bb{}\u00a0\u00bb background_color=\u00a0\u00bbRGBA(255,255,255,0)\u00a0\u00bb min_height=\u00a0\u00bb720px\u00a0\u00bb sticky_enabled=\u00a0\u00bb0&Prime;][et_pb_row _builder_version=\u00a0\u00bb4.16&Prime; _module_preset=\u00a0\u00bbdefault\u00a0\u00bb global_colors_info=\u00a0\u00bb{}\u00a0\u00bb][et_pb_column type=\u00a0\u00bb4_4&Prime; _builder_version=\u00a0\u00bb4.16&Prime; _module_preset=\u00a0\u00bbdefault\u00a0\u00bb global_colors_info=\u00a0\u00bb{}\u00a0\u00bb][et_pb_text admin_label=\u00a0\u00bbpolitique de confidentialit\u00e9 &#8211; titre\u00a0\u00bb _builder_version=\u00a0\u00bb4.27.2&Prime; _module_preset=\u00a0\u00bbdefault\u00a0\u00bb text_text_color=\u00a0\u00bb#000000&Prime; text_font_size=\u00a0\u00bb24px\u00a0\u00bb global_colors_info=\u00a0\u00bb{}\u00a0\u00bb]<\/p>\n<p style=\"text-align: left;\"><strong>Politique de confidentialit\u00e9<\/strong><\/p>\n<p>[\/et_pb_text][et_pb_text admin_label=\u00a0\u00bbpolitique de confidentialit\u00e9\u00a0\u00bb _builder_version=\u00a0\u00bb4.27.2&Prime; _module_preset=\u00a0\u00bbdefault\u00a0\u00bb text_text_color=\u00a0\u00bb#000000&Prime; text_font_size=\u00a0\u00bb19px\u00a0\u00bb global_colors_info=\u00a0\u00bb{}\u00a0\u00bb]<\/p>\n<p>L\u2019adresse de notre site est : https:\/\/ffr-sarine.ch. Cette politique de confidentialit\u00e9 d\u00e9crit comment ffr-sarine.ch utilise et prot\u00e8ge les informations que vous lui communiquez. Nous nous engageons \u00e0 assurer la protection de votre vie priv\u00e9e. Si vous nous fournissez des informations personnelles par l&rsquo;interm\u00e9diaire de ffr-sarine.ch, vous pouvez \u00eatre assur\u00e9 qu&rsquo;elles seront utilis\u00e9es uniquement et conform\u00e9ment \u00e0 cette d\u00e9claration de confidentialit\u00e9.<\/p>\n<p>Cette d\u00e9claration de protection des donn\u00e9es est con\u00e7ue pour r\u00e9pondre aux exigences du R\u00e8glement g\u00e9n\u00e9ral sur la protection des donn\u00e9es de l&rsquo;UE (\u00ab\u00a0RGPD\u00a0\u00bb, depuis le 25 mai 2018), de la Loi suisse sur la protection des donn\u00e9es (\u00ab\u00a0DSG\u00a0\u00bb) et de la Loi suisse r\u00e9vis\u00e9e sur la protection des donn\u00e9es (\u00ab\u00a0revDSG\u00a0\u00bb, depuis le 1 septembre 2023). Toutefois, la mesure dans laquelle ces lois sont applicables d\u00e9pend du cas individuel.<\/p>\n<p>[\/et_pb_text][et_pb_text admin_label=\u00a0\u00bbpolitique de confidentialit\u00e9 &#8211; visiteurs\u00a0\u00bb _builder_version=\u00a0\u00bb4.27.2&Prime; _module_preset=\u00a0\u00bbdefault\u00a0\u00bb text_text_color=\u00a0\u00bb#000000&Prime; text_font_size=\u00a0\u00bb19px\u00a0\u00bb global_colors_info=\u00a0\u00bb{}\u00a0\u00bb]<\/p>\n<p><strong>Visiteurs du site<\/strong><\/p>\n<p>Comme la plupart des op\u00e9rateurs de sites web, ffr-sarine.ch recueille des informations d\u2019identification non personnelles du type de celles que les navigateurs web et les serveurs mettent g\u00e9n\u00e9ralement \u00e0 disposition, telles que le type de navigateur, la langue pr\u00e9f\u00e9r\u00e9e, le site de r\u00e9f\u00e9rence, ainsi que la date et l\u2019heure de chaque demande de l\u2019internaute. L\u2019objectif de ffr-sarine.ch en collectant des informations d\u2019identification non personnelles est de mieux comprendre comment les visiteurs de ffr-sarine.ch utilisent son site web. De temps en temps, ffr-sarine.ch peut publier des informations non personnelles dans l\u2019ensemble, par exemple en publiant un rapport sur les tendances d\u2019utilisation de son site web.<\/p>\n<p>ffr-sarine.ch recueille \u00e9galement des informations potentiellement personnelles, telles que des adresses IP (Internet Protocol). ffr-sarine.ch n\u2019utilise cependant pas les adresses IP pour identifier les personnes visitant le site et ne divulgue pas de telles informations.<\/p>\n<p>[\/et_pb_text][et_pb_text admin_label=\u00a0\u00bbpolitique de confidentialit\u00e9 &#8211; collecte\u00a0\u00bb _builder_version=\u00a0\u00bb4.27.2&Prime; _module_preset=\u00a0\u00bbdefault\u00a0\u00bb text_text_color=\u00a0\u00bb#000000&Prime; text_font_size=\u00a0\u00bb19px\u00a0\u00bb global_colors_info=\u00a0\u00bb{}\u00a0\u00bb]<strong>Collecte d\u2019informations d\u2019identification personnelle<\/strong><\/p>\n<p>Certaines personnes visitant le site ffr-sarine.ch choisissent d\u2019interagir avec ffr-sarine.ch d\u2019une mani\u00e8re qui exige que ffr-sarine.ch recueille des informations d\u2019identification personnelle. La quantit\u00e9 et le type d\u2019informations que ffr-sarine.ch recueille d\u00e9pend de la nature de cette interaction. <\/p>\n<p>Dans chaque cas, ffr-sarine.ch ne recueille ces informations que dans la mesure o\u00f9 cela est n\u00e9cessaire ou appropri\u00e9 pour atteindre l\u2019objectif de l\u2019interaction du visiteur avec ffr-sarine.ch. ffr-sarine.ch ne divulgue pas d\u2019informations d\u2019identification personnelle autres que celles d\u00e9crites ci-dessous. [\/et_pb_text][et_pb_text admin_label=\u00a0\u00bbpolitique de confidentialit\u00e9 &#8211; protection\u00a0\u00bb _builder_version=\u00a0\u00bb4.27.2&Prime; _module_preset=\u00a0\u00bbdefault\u00a0\u00bb text_text_color=\u00a0\u00bb#000000&Prime; text_font_size=\u00a0\u00bb19px\u00a0\u00bb global_colors_info=\u00a0\u00bb{}\u00a0\u00bb]<strong>Protection des informations susceptibles d\u2019identifier les individus<\/strong><\/p>\n<p>ffr-sarine.ch ne louera ni ne vendra \u00e0 qui que ce soit des informations d\u2019identification personnelle. ffr-sarine.ch ne divulgue des informations d\u2019identification personnelle que lorsque la loi l\u2019exige, si vous donnez l\u2019autorisation de partager vos informations, ou lorsque ffr-sarine.ch croit de bonne foi que la divulgation est raisonnablement n\u00e9cessaire pour prot\u00e9ger les droits de ffr-sarine.ch, de tiers ou du public en g\u00e9n\u00e9ral.<\/p>\n<p>Si vous nous envoyez une demande via le formulaire de contact, nous utilisons ces donn\u00e9es pour r\u00e9pondre \u00e0 votre demande. ffr-sarine.ch prend toutes les mesures raisonnablement n\u00e9cessaires pour se prot\u00e9ger contre l\u2019acc\u00e8s, l\u2019utilisation, la modification ou la destruction non autoris\u00e9e d\u2019informations potentiellement personnelles permettant de vous identifier.[\/et_pb_text][et_pb_text admin_label=\u00a0\u00bbpolitique de confidentialit\u00e9 &#8211; utilisation\u00a0\u00bb _builder_version=\u00a0\u00bb4.27.2&Prime; _module_preset=\u00a0\u00bbdefault\u00a0\u00bb text_text_color=\u00a0\u00bb#000000&Prime; text_font_size=\u00a0\u00bb19px\u00a0\u00bb global_colors_info=\u00a0\u00bb{}\u00a0\u00bb]<strong>Utilisation de donn\u00e9es personnelles<\/strong><\/p>\n<p>Nous utilisons les informations que vous nous fournissez pour vous r\u00e9pondre \u00e0 votre demande ou vous assister pour un service.<\/p>\n<p>Nous ne vendrons ni ne c\u00e9derons vos renseignements personnels \u00e0 des tiers \u00e0 moins d\u2019avoir votre autorisation ou d\u2019y \u00eatre oblig\u00e9 par la loi.[\/et_pb_text][et_pb_text admin_label=\u00a0\u00bbpolitique de confidentialit\u00e9 &#8211; motifs\u00a0\u00bb _builder_version=\u00a0\u00bb4.27.2&Prime; _module_preset=\u00a0\u00bbdefault\u00a0\u00bb text_text_color=\u00a0\u00bb#000000&Prime; text_font_size=\u00a0\u00bb19px\u00a0\u00bb global_colors_info=\u00a0\u00bb{}\u00a0\u00bb]<\/p>\n<p><strong>Motifs l\u00e9gaux du traitement des renseignements personnels<\/strong><\/p>\n<p>Nous nous appuyons sur une ou plusieurs des conditions de traitement suivantes :<\/p>\n<ul>\n<li>nos int\u00e9r\u00eats l\u00e9gitimes dans la diffusion efficace de l\u2019information et des services qui vous sont offerts ;<\/li>\n<li>le consentement explicite que vous avez donn\u00e9 ;<\/li>\n<li>obligations l\u00e9gales.<\/li>\n<\/ul>\n<p>[\/et_pb_text][et_pb_text admin_label=\u00a0\u00bbpolitique de confidentialit\u00e9 &#8211; acc\u00e9der\u00a0\u00bb _builder_version=\u00a0\u00bb4.27.2&Prime; _module_preset=\u00a0\u00bbdefault\u00a0\u00bb text_text_color=\u00a0\u00bb#000000&Prime; text_font_size=\u00a0\u00bb19px\u00a0\u00bb global_colors_info=\u00a0\u00bb{}\u00a0\u00bb]<strong>Acc\u00e9der aux donn\u00e9es<\/strong><\/p>\n<p>Vous avez le droit de demander une copie des renseignements que nous d\u00e9tenons \u00e0 votre sujet.[\/et_pb_text][et_pb_text admin_label=\u00a0\u00bbpolitique de confidentialit\u00e9 &#8211; conservation\u00a0\u00bb _builder_version=\u00a0\u00bb4.27.2&Prime; _module_preset=\u00a0\u00bbdefault\u00a0\u00bb text_text_color=\u00a0\u00bb#000000&Prime; text_font_size=\u00a0\u00bb19px\u00a0\u00bb global_colors_info=\u00a0\u00bb{}\u00a0\u00bb]<strong>Conservation des donn\u00e9es personnelles<\/strong><\/p>\n<p>Nous ne conserverons vos informations personnelles sur nos syst\u00e8mes que le temps n\u00e9cessaire. Nous conservons les informations de contact jusqu\u2019\u00e0 ce qu\u2019une personne se d\u00e9sabonne ou nous demande de supprimer directement ces informations de nos syst\u00e8mes.[\/et_pb_text][et_pb_text admin_label=\u00a0\u00bbpolitique de confidentialit\u00e9 &#8211; droits\u00a0\u00bb _builder_version=\u00a0\u00bb4.27.2&Prime; _module_preset=\u00a0\u00bbdefault\u00a0\u00bb text_text_color=\u00a0\u00bb#000000&Prime; text_font_size=\u00a0\u00bb19px\u00a0\u00bb global_colors_info=\u00a0\u00bb{}\u00a0\u00bb]<strong>Droits en lien avec vos informations<\/strong><\/p>\n<p>Vous pouvez avoir certains droits en vertu de la loi sur la protection des donn\u00e9es concernant les renseignements personnels que nous d\u00e9tenons \u00e0 votre sujet. En particulier, vous pouvez avoir le droit de :<\/p>\n<ul>\n<li>demander une copie des donn\u00e9es personnelles que nous d\u00e9tenons sur vous ;<\/li>\n<li>nous demander de mettre \u00e0 jour les renseignements personnels que nous d\u00e9tenons sur vous, ou de corriger de fa\u00e7on ind\u00e9pendante ces renseignements personnels qui, selon vous, sont incorrects ou incomplets ;<\/li>\n<li>demander que nous supprimions les renseignements personnels que nous d\u00e9tenons sur vous \u00e0 partir de syst\u00e8mes en direct ou que nous limitions la fa\u00e7on dont nous utilisons ces renseignements personnels ;<\/li>\n<li>s\u2019opposer \u00e0 notre traitement de vos informations personnelles ; et\/ou<\/li>\n<li>retirer votre consentement \u00e0 notre traitement de vos renseignements personnels (dans la mesure o\u00f9 ce traitement est fond\u00e9 sur le consentement et le consentement est la seule base admissible pour le traitement).<\/li>\n<\/ul>\n<p>En outre, toute personne concern\u00e9e a le droit de faire valoir ses revendications ou de d\u00e9poser une plainte aupr\u00e8s de l\u2019autorit\u00e9 comp\u00e9tente en mati\u00e8re de protection des donn\u00e9es. L&rsquo;autorit\u00e9 comp\u00e9tente en mati\u00e8re de protection des donn\u00e9es en Suisse est le d\u00e9l\u00e9gu\u00e9 f\u00e9d\u00e9ral \u00e0 la protection des donn\u00e9es et aux relations publiques (www.edoeb.admin.ch).[\/et_pb_text][et_pb_text admin_label=\u00a0\u00bbpolitique de confidentialit\u00e9 &#8211; liens\u00a0\u00bb _builder_version=\u00a0\u00bb4.27.2&Prime; _module_preset=\u00a0\u00bbdefault\u00a0\u00bb text_text_color=\u00a0\u00bb#000000&Prime; text_font_size=\u00a0\u00bb19px\u00a0\u00bb global_colors_info=\u00a0\u00bb{}\u00a0\u00bb]<strong>Liens externes<\/strong><\/p>\n<p>Notre site peut contenir des liens vers d&rsquo;autres sites fournis par des tiers qui ne sont pas sous notre contr\u00f4le. Lorsque vous suivez un lien et fournissez des informations \u00e0 un site tiers, sachez que nous ne sommes pas responsables des donn\u00e9es fournies \u00e0 ce tiers. Cette politique de confidentialit\u00e9 ne s&rsquo;applique pas uniquement aux sites \u00e9num\u00e9r\u00e9s au d\u00e9but de ce document, donc lorsque vous visitez d&rsquo;autres sites web, m\u00eame si vous cliquez sur un lien vers une publication sur ffr-sarine.ch, vous devez lire leurs propres politiques de confidentialit\u00e9.[\/et_pb_text][et_pb_text admin_label=\u00a0\u00bbpolitique de confidentialit\u00e9 &#8211; cookies\u00a0\u00bb _builder_version=\u00a0\u00bb4.27.2&Prime; _module_preset=\u00a0\u00bbdefault\u00a0\u00bb text_text_color=\u00a0\u00bb#000000&Prime; text_font_size=\u00a0\u00bb19px\u00a0\u00bb global_colors_info=\u00a0\u00bb{}\u00a0\u00bb]<strong>Cookies<\/strong><\/p>\n<p>En outre, des informations sur la fa\u00e7on dont vous utilisez notre site sont collect\u00e9es automatiquement en utilisant les \u00ab cookies \u00bb. Les cookies sont des fichiers texte plac\u00e9s sur votre ordinateur pour collecter les informations internet standards et des informations sur le comportement des visiteurs. Ces informations servent \u00e0 suivre l\u2019utilisation du site par les visiteurs et \u00e0 compiler des rapports statistiques sur l\u2019activit\u00e9 du site.[\/et_pb_text][et_pb_text admin_label=\u00a0\u00bbpolitique de confidentialit\u00e9 &#8211; modifications\u00a0\u00bb _builder_version=\u00a0\u00bb4.27.2&Prime; _module_preset=\u00a0\u00bbdefault\u00a0\u00bb text_text_color=\u00a0\u00bb#000000&Prime; text_font_size=\u00a0\u00bb19px\u00a0\u00bb global_colors_info=\u00a0\u00bb{}\u00a0\u00bb]<strong>Modifications de la politique de confidentialit\u00e9<\/strong><\/p>\n<p>Bien que la plupart des modifications soient mineures, ffr-sarine.ch peut changer sa politique de confidentialit\u00e9 de temps en temps, et \u00e0 la seule discr\u00e9tion de ffr-sarine.ch. ffr-sarine.ch encourage les personnes visitant le site \u00e0 consulter fr\u00e9quemment cette page pour toute modification \u00e0 sa politique de confidentialit\u00e9. Votre utilisation continue de ce site apr\u00e8s tout changement de cette politique de confidentialit\u00e9 constituera votre acceptation d\u2019un tel changement.<\/p>\n<p>Fribourg, octobre 2024[\/et_pb_text][\/et_pb_column][\/et_pb_row][\/et_pb_section]<\/p>\n","protected":false},"excerpt":{"rendered":"<p>Politique de confidentialit\u00e9L\u2019adresse de notre site est : https:\/\/ffr-sarine.ch. Cette politique de confidentialit\u00e9 d\u00e9crit comment ffr-sarine.ch utilise et prot\u00e8ge les informations que vous lui communiquez. Nous nous engageons \u00e0 assurer la protection de votre vie priv\u00e9e. Si vous nous fournissez des informations personnelles par l&rsquo;interm\u00e9diaire de ffr-sarine.ch, vous pouvez \u00eatre assur\u00e9 qu&rsquo;elles seront utilis\u00e9es uniquement [&hellip;]<\/p>\n","protected":false},"author":2,"featured_media":0,"parent":0,"menu_order":0,"comment_status":"closed","ping_status":"closed","template":"","meta":{"_et_pb_use_builder":"on","_et_pb_old_content":"<!-- wp:heading -->\r\n<h2 class=\"wp-block-heading\">Qui sommes-nous\u00a0?<\/h2>\r\n<!-- \/wp:heading --><!-- wp:paragraph -->\r\n<p><strong class=\"privacy-policy-tutorial\">Texte sugg\u00e9r\u00e9\u00a0: <\/strong>L\u2019adresse de notre site est\u00a0: https:\/\/ffr-sarine.ch.<\/p>\r\n<!-- \/wp:paragraph --><!-- wp:heading -->\r\n<h2 class=\"wp-block-heading\">Commentaires<\/h2>\r\n<!-- \/wp:heading --><!-- wp:paragraph -->\r\n<p><strong class=\"privacy-policy-tutorial\">Texte sugg\u00e9r\u00e9\u00a0: <\/strong>Quand vous laissez un commentaire sur notre site, les donn\u00e9es inscrites dans le formulaire de commentaire, ainsi que votre adresse IP et l\u2019agent utilisateur de votre navigateur sont collect\u00e9s pour nous aider \u00e0 la d\u00e9tection des commentaires ind\u00e9sirables.<\/p>\r\n<!-- \/wp:paragraph --><!-- wp:paragraph -->\r\n<p>Une cha\u00eene anonymis\u00e9e cr\u00e9\u00e9e \u00e0 partir de votre adresse e-mail (\u00e9galement appel\u00e9e hash) peut \u00eatre envoy\u00e9e au service Gravatar pour v\u00e9rifier si vous utilisez ce dernier. Les clauses de confidentialit\u00e9 du service Gravatar sont disponibles ici\u00a0: https:\/\/automattic.com\/privacy\/. Apr\u00e8s validation de votre commentaire, votre photo de profil sera visible publiquement \u00e0 cot\u00e9 de votre commentaire.<\/p>\r\n<!-- \/wp:paragraph --><!-- wp:heading -->\r\n<h2 class=\"wp-block-heading\">M\u00e9dias<\/h2>\r\n<!-- \/wp:heading --><!-- wp:paragraph -->\r\n<p><strong class=\"privacy-policy-tutorial\">Texte sugg\u00e9r\u00e9\u00a0: <\/strong>Si vous t\u00e9l\u00e9versez des images sur le site, nous vous conseillons d\u2019\u00e9viter de t\u00e9l\u00e9verser des images contenant des donn\u00e9es EXIF de coordonn\u00e9es GPS. Les personnes visitant votre site peuvent t\u00e9l\u00e9charger et extraire des donn\u00e9es de localisation depuis ces images.<\/p>\r\n<!-- \/wp:paragraph --><!-- wp:heading -->\r\n<h2 class=\"wp-block-heading\">Cookies<\/h2>\r\n<!-- \/wp:heading --><!-- wp:paragraph -->\r\n<p><strong class=\"privacy-policy-tutorial\">Texte sugg\u00e9r\u00e9\u00a0: <\/strong>Si vous d\u00e9posez un commentaire sur notre site, il vous sera propos\u00e9 d\u2019enregistrer votre nom, adresse e-mail et site dans des cookies. C\u2019est uniquement pour votre confort afin de ne pas avoir \u00e0 saisir ces informations si vous d\u00e9posez un autre commentaire plus tard. Ces cookies expirent au bout d\u2019un an.<\/p>\r\n<!-- \/wp:paragraph --><!-- wp:paragraph -->\r\n<p>Si vous vous rendez sur la page de connexion, un cookie temporaire sera cr\u00e9\u00e9 afin de d\u00e9terminer si votre navigateur accepte les cookies. Il ne contient pas de donn\u00e9es personnelles et sera supprim\u00e9 automatiquement \u00e0 la fermeture de votre navigateur.<\/p>\r\n<!-- \/wp:paragraph --><!-- wp:paragraph -->\r\n<p>Lorsque vous vous connecterez, nous mettrons en place un certain nombre de cookies pour enregistrer vos informations de connexion et vos pr\u00e9f\u00e9rences d\u2019\u00e9cran. La dur\u00e9e de vie d\u2019un cookie de connexion est de deux jours, celle d\u2019un cookie d\u2019option d\u2019\u00e9cran est d\u2019un an. Si vous cochez \u00ab\u00a0Se souvenir de moi\u00a0\u00bb, votre cookie de connexion sera conserv\u00e9 pendant deux semaines. Si vous vous d\u00e9connectez de votre compte, le cookie de connexion sera effac\u00e9.<\/p>\r\n<!-- \/wp:paragraph --><!-- wp:paragraph -->\r\n<p>En modifiant ou en publiant une publication, un cookie suppl\u00e9mentaire sera enregistr\u00e9 dans votre navigateur. Ce cookie ne comprend aucune donn\u00e9e personnelle. Il indique simplement l\u2019ID de la publication que vous venez de modifier. Il expire au bout d\u2019un jour.<\/p>\r\n<!-- \/wp:paragraph --><!-- wp:heading -->\r\n<h2 class=\"wp-block-heading\">Contenu embarqu\u00e9 depuis d\u2019autres sites<\/h2>\r\n<!-- \/wp:heading --><!-- wp:paragraph -->\r\n<p><strong class=\"privacy-policy-tutorial\">Texte sugg\u00e9r\u00e9\u00a0: <\/strong>Les articles de ce site peuvent inclure des contenus int\u00e9gr\u00e9s (par exemple des vid\u00e9os, images, articles\u2026). Le contenu int\u00e9gr\u00e9 depuis d\u2019autres sites se comporte de la m\u00eame mani\u00e8re que si le visiteur se rendait sur cet autre site.<\/p>\r\n<!-- \/wp:paragraph --><!-- wp:paragraph -->\r\n<p>Ces sites web pourraient collecter des donn\u00e9es sur vous, utiliser des cookies, embarquer des outils de suivis tiers, suivre vos interactions avec ces contenus embarqu\u00e9s si vous disposez d\u2019un compte connect\u00e9 sur leur site web.<\/p>\r\n<!-- \/wp:paragraph --><!-- wp:heading -->\r\n<h2 class=\"wp-block-heading\">Utilisation et transmission de vos donn\u00e9es personnelles<\/h2>\r\n<!-- \/wp:heading --><!-- wp:paragraph -->\r\n<p><strong class=\"privacy-policy-tutorial\">Texte sugg\u00e9r\u00e9\u00a0: <\/strong>Si vous demandez une r\u00e9initialisation de votre mot de passe, votre adresse IP sera incluse dans l\u2019e-mail de r\u00e9initialisation.<\/p>\r\n<!-- \/wp:paragraph --><!-- wp:heading -->\r\n<h2 class=\"wp-block-heading\">Dur\u00e9es de stockage de vos donn\u00e9es<\/h2>\r\n<!-- \/wp:heading --><!-- wp:paragraph -->\r\n<p><strong class=\"privacy-policy-tutorial\">Texte sugg\u00e9r\u00e9\u00a0: <\/strong>Si vous laissez un commentaire, le commentaire et ses m\u00e9tadonn\u00e9es sont conserv\u00e9s ind\u00e9finiment. Cela permet de reconna\u00eetre et approuver automatiquement les commentaires suivants au lieu de les laisser dans la file de mod\u00e9ration.<\/p>\r\n<!-- \/wp:paragraph --><!-- wp:paragraph -->\r\n<p>Pour les comptes qui s\u2019inscrivent sur notre site (le cas \u00e9ch\u00e9ant), nous stockons \u00e9galement les donn\u00e9es personnelles indiqu\u00e9es dans leur profil. Tous les comptes peuvent voir, modifier ou supprimer leurs informations personnelles \u00e0 tout moment (\u00e0 l\u2019exception de leur identifiant). Les gestionnaires du site peuvent aussi voir et modifier ces informations.<\/p>\r\n<!-- \/wp:paragraph --><!-- wp:heading -->\r\n<h2 class=\"wp-block-heading\">Les droits que vous avez sur vos donn\u00e9es<\/h2>\r\n<!-- \/wp:heading --><!-- wp:paragraph -->\r\n<p><strong class=\"privacy-policy-tutorial\">Texte sugg\u00e9r\u00e9\u00a0: <\/strong>Si vous avez un compte ou si vous avez laiss\u00e9 des commentaires sur le site, vous pouvez demander \u00e0 recevoir un fichier contenant toutes les donn\u00e9es personnelles que nous poss\u00e9dons \u00e0 votre sujet, incluant celles que vous nous avez fournies. Vous pouvez \u00e9galement demander la suppression des donn\u00e9es personnelles vous concernant. Cela ne prend pas en compte les donn\u00e9es stock\u00e9es \u00e0 des fins administratives, l\u00e9gales ou pour des raisons de s\u00e9curit\u00e9.<\/p>\r\n<!-- \/wp:paragraph --><!-- wp:heading -->\r\n<h2 class=\"wp-block-heading\">O\u00f9 vos donn\u00e9es sont envoy\u00e9es<\/h2>\r\n<!-- \/wp:heading --><!-- wp:paragraph -->\r\n<p><strong class=\"privacy-policy-tutorial\">Texte sugg\u00e9r\u00e9\u00a0: <\/strong>Les commentaires des visiteurs peuvent \u00eatre v\u00e9rifi\u00e9s \u00e0 l\u2019aide d\u2019un service automatis\u00e9 de d\u00e9tection des commentaires ind\u00e9sirables.<\/p>\r\n<!-- \/wp:paragraph -->\r\n<p>\u00a0<\/p>","_et_gb_content_width":"","footnotes":""},"class_list":["post-5116","page","type-page","status-publish","hentry"],"yoast_head":"<!-- This site is optimized with the Yoast SEO plugin v28.3 - https:\/\/yoast.com\/product\/yoast-seo-wordpress\/ -->\n<title>Politique de confidentialit\u00e9 - ffr-sarine<\/title>\n<meta name=\"robots\" content=\"index, follow, max-snippet:-1, max-image-preview:large, max-video-preview:-1\" \/>\n<link rel=\"canonical\" href=\"https:\/\/ffr-sarine.ch\/index.php\/politique-de-confidentialite\/\" \/>\n<meta property=\"og:locale\" content=\"fr_FR\" \/>\n<meta property=\"og:type\" content=\"article\" \/>\n<meta property=\"og:title\" content=\"Politique de confidentialit\u00e9 - ffr-sarine\" \/>\n<meta property=\"og:description\" content=\"Politique de confidentialit\u00e9L\u2019adresse de notre site est : https:\/\/ffr-sarine.ch. Cette politique de confidentialit\u00e9 d\u00e9crit comment ffr-sarine.ch utilise et prot\u00e8ge les informations que vous lui communiquez. Nous nous engageons \u00e0 assurer la protection de votre vie priv\u00e9e. Si vous nous fournissez des informations personnelles par l&#039;interm\u00e9diaire de ffr-sarine.ch, vous pouvez \u00eatre assur\u00e9 qu&#039;elles seront utilis\u00e9es uniquement [&hellip;]\" \/>\n<meta property=\"og:url\" content=\"https:\/\/ffr-sarine.ch\/index.php\/politique-de-confidentialite\/\" \/>\n<meta property=\"og:site_name\" content=\"ffr-sarine\" \/>\n<meta property=\"article:modified_time\" content=\"2024-10-25T10:24:07+00:00\" \/>\n<meta name=\"twitter:card\" content=\"summary_large_image\" \/>\n<meta name=\"twitter:label1\" content=\"Dur\u00e9e de lecture estim\u00e9e\" \/>\n\t<meta name=\"twitter:data1\" content=\"6 minutes\" \/>\n<script type=\"application\/ld+json\" class=\"yoast-schema-graph\">{\"@context\":\"https:\\\/\\\/schema.org\",\"@graph\":[{\"@type\":\"WebPage\",\"@id\":\"https:\\\/\\\/ffr-sarine.ch\\\/index.php\\\/politique-de-confidentialite\\\/\",\"url\":\"https:\\\/\\\/ffr-sarine.ch\\\/index.php\\\/politique-de-confidentialite\\\/\",\"name\":\"Politique de confidentialit\u00e9 - ffr-sarine\",\"isPartOf\":{\"@id\":\"https:\\\/\\\/ffr-sarine.ch\\\/#website\"},\"datePublished\":\"2024-10-17T15:03:34+00:00\",\"dateModified\":\"2024-10-25T10:24:07+00:00\",\"breadcrumb\":{\"@id\":\"https:\\\/\\\/ffr-sarine.ch\\\/index.php\\\/politique-de-confidentialite\\\/#breadcrumb\"},\"inLanguage\":\"fr-FR\",\"potentialAction\":[{\"@type\":\"ReadAction\",\"target\":[\"https:\\\/\\\/ffr-sarine.ch\\\/index.php\\\/politique-de-confidentialite\\\/\"]}]},{\"@type\":\"BreadcrumbList\",\"@id\":\"https:\\\/\\\/ffr-sarine.ch\\\/index.php\\\/politique-de-confidentialite\\\/#breadcrumb\",\"itemListElement\":[{\"@type\":\"ListItem\",\"position\":1,\"name\":\"Accueil\",\"item\":\"https:\\\/\\\/ffr-sarine.ch\\\/\"},{\"@type\":\"ListItem\",\"position\":2,\"name\":\"Politique de confidentialit\u00e9\"}]},{\"@type\":\"WebSite\",\"@id\":\"https:\\\/\\\/ffr-sarine.ch\\\/#website\",\"url\":\"https:\\\/\\\/ffr-sarine.ch\\\/\",\"name\":\"ffr-sarine\",\"description\":\"F\u00e9d\u00e9ration Fribourgeoise des Retrait\u00e9s Section Sarine\",\"potentialAction\":[{\"@type\":\"SearchAction\",\"target\":{\"@type\":\"EntryPoint\",\"urlTemplate\":\"https:\\\/\\\/ffr-sarine.ch\\\/?s={search_term_string}\"},\"query-input\":{\"@type\":\"PropertyValueSpecification\",\"valueRequired\":true,\"valueName\":\"search_term_string\"}}],\"inLanguage\":\"fr-FR\"}]}<\/script>\n<!-- \/ Yoast SEO plugin. -->","yoast_head_json":{"title":"Politique de confidentialit\u00e9 - ffr-sarine","robots":{"index":"index","follow":"follow","max-snippet":"max-snippet:-1","max-image-preview":"max-image-preview:large","max-video-preview":"max-video-preview:-1"},"canonical":"https:\/\/ffr-sarine.ch\/index.php\/politique-de-confidentialite\/","og_locale":"fr_FR","og_type":"article","og_title":"Politique de confidentialit\u00e9 - ffr-sarine","og_description":"Politique de confidentialit\u00e9L\u2019adresse de notre site est : https:\/\/ffr-sarine.ch. Cette politique de confidentialit\u00e9 d\u00e9crit comment ffr-sarine.ch utilise et prot\u00e8ge les informations que vous lui communiquez. Nous nous engageons \u00e0 assurer la protection de votre vie priv\u00e9e. Si vous nous fournissez des informations personnelles par l'interm\u00e9diaire de ffr-sarine.ch, vous pouvez \u00eatre assur\u00e9 qu'elles seront utilis\u00e9es uniquement [&hellip;]","og_url":"https:\/\/ffr-sarine.ch\/index.php\/politique-de-confidentialite\/","og_site_name":"ffr-sarine","article_modified_time":"2024-10-25T10:24:07+00:00","twitter_card":"summary_large_image","twitter_misc":{"Dur\u00e9e de lecture estim\u00e9e":"6 minutes"},"schema":{"@context":"https:\/\/schema.org","@graph":[{"@type":"WebPage","@id":"https:\/\/ffr-sarine.ch\/index.php\/politique-de-confidentialite\/","url":"https:\/\/ffr-sarine.ch\/index.php\/politique-de-confidentialite\/","name":"Politique de confidentialit\u00e9 - ffr-sarine","isPartOf":{"@id":"https:\/\/ffr-sarine.ch\/#website"},"datePublished":"2024-10-17T15:03:34+00:00","dateModified":"2024-10-25T10:24:07+00:00","breadcrumb":{"@id":"https:\/\/ffr-sarine.ch\/index.php\/politique-de-confidentialite\/#breadcrumb"},"inLanguage":"fr-FR","potentialAction":[{"@type":"ReadAction","target":["https:\/\/ffr-sarine.ch\/index.php\/politique-de-confidentialite\/"]}]},{"@type":"BreadcrumbList","@id":"https:\/\/ffr-sarine.ch\/index.php\/politique-de-confidentialite\/#breadcrumb","itemListElement":[{"@type":"ListItem","position":1,"name":"Accueil","item":"https:\/\/ffr-sarine.ch\/"},{"@type":"ListItem","position":2,"name":"Politique de confidentialit\u00e9"}]},{"@type":"WebSite","@id":"https:\/\/ffr-sarine.ch\/#website","url":"https:\/\/ffr-sarine.ch\/","name":"ffr-sarine","description":"F\u00e9d\u00e9ration Fribourgeoise des Retrait\u00e9s Section Sarine","potentialAction":[{"@type":"SearchAction","target":{"@type":"EntryPoint","urlTemplate":"https:\/\/ffr-sarine.ch\/?s={search_term_string}"},"query-input":{"@type":"PropertyValueSpecification","valueRequired":true,"valueName":"search_term_string"}}],"inLanguage":"fr-FR"}]}},"_links":{"self":[{"href":"https:\/\/ffr-sarine.ch\/index.php\/wp-json\/wp\/v2\/pages\/5116","targetHints":{"allow":["GET"]}}],"collection":[{"href":"https:\/\/ffr-sarine.ch\/index.php\/wp-json\/wp\/v2\/pages"}],"about":[{"href":"https:\/\/ffr-sarine.ch\/index.php\/wp-json\/wp\/v2\/types\/page"}],"author":[{"embeddable":true,"href":"https:\/\/ffr-sarine.ch\/index.php\/wp-json\/wp\/v2\/users\/2"}],"replies":[{"embeddable":true,"href":"https:\/\/ffr-sarine.ch\/index.php\/wp-json\/wp\/v2\/comments?post=5116"}],"version-history":[{"count":6,"href":"https:\/\/ffr-sarine.ch\/index.php\/wp-json\/wp\/v2\/pages\/5116\/revisions"}],"predecessor-version":[{"id":5357,"href":"https:\/\/ffr-sarine.ch\/index.php\/wp-json\/wp\/v2\/pages\/5116\/revisions\/5357"}],"wp:attachment":[{"href":"https:\/\/ffr-sarine.ch\/index.php\/wp-json\/wp\/v2\/media?parent=5116"}],"curies":[{"name":"wp","href":"https:\/\/api.w.org\/{rel}","templated":true}]}}