{"id":3090,"date":"2021-07-16T07:56:52","date_gmt":"2021-07-16T07:56:52","guid":{"rendered":"https:\/\/ffr-sarine.ch\/?page_id=3090"},"modified":"2026-07-06T09:54:18","modified_gmt":"2026-07-06T07:54:18","slug":"articles-medias","status":"publish","type":"page","link":"https:\/\/ffr-sarine.ch\/index.php\/articles-medias\/","title":{"rendered":"Articles \/ M\u00e9dias"},"content":{"rendered":"<p>[et_pb_section fb_built=\u00a0\u00bb1&Prime; _builder_version=\u00a0\u00bb4.27.2&Prime; _module_preset=\u00a0\u00bbdefault\u00a0\u00bb background_color=\u00a0\u00bbRGBA(255,255,255,0)\u00a0\u00bb min_height=\u00a0\u00bb720px\u00a0\u00bb global_colors_info=\u00a0\u00bb{}\u00a0\u00bb][et_pb_row column_structure=\u00a0\u00bb2_5,3_5&Prime; disabled_on=\u00a0\u00bboff|off|off\u00a0\u00bb _builder_version=\u00a0\u00bb4.16&Prime; _module_preset=\u00a0\u00bbdefault\u00a0\u00bb global_colors_info=\u00a0\u00bb{}\u00a0\u00bb][et_pb_column type=\u00a0\u00bb2_5&Prime; _builder_version=\u00a0\u00bb4.16&Prime; _module_preset=\u00a0\u00bbdefault\u00a0\u00bb global_colors_info=\u00a0\u00bb{}\u00a0\u00bb][et_pb_image src=\u00a0\u00bbhttps:\/\/ffr-sarine.ch\/wp-content\/uploads\/2024\/09\/logo_pro-senectute.png\u00a0\u00bb title_text=\u00a0\u00bbLogo Pro Senectute\u00a0\u00bb url=\u00a0\u00bbhttps:\/\/fr.prosenectute.ch\/fr.html\u00a0\u00bb url_new_window=\u00a0\u00bbon\u00a0\u00bb align=\u00a0\u00bbcenter\u00a0\u00bb admin_label=\u00a0\u00bbimage pro senectute\u00a0\u00bb _builder_version=\u00a0\u00bb4.27.6&Prime; _module_preset=\u00a0\u00bbdefault\u00a0\u00bb global_colors_info=\u00a0\u00bb{}\u00a0\u00bb][\/et_pb_image][\/et_pb_column][et_pb_column type=\u00a0\u00bb3_5&Prime; _builder_version=\u00a0\u00bb4.16&Prime; _module_preset=\u00a0\u00bbdefault\u00a0\u00bb global_colors_info=\u00a0\u00bb{}\u00a0\u00bb][et_pb_text admin_label=\u00a0\u00bb07-2026: Les nouvelles estivales de Pro Senectute Fribourg\u00a0\u00bb _builder_version=\u00a0\u00bb4.27.7&Prime; _module_preset=\u00a0\u00bbdefault\u00a0\u00bb text_text_color=\u00a0\u00bb#000000&Prime; text_font_size=\u00a0\u00bb16px\u00a0\u00bb hover_enabled=\u00a0\u00bb0&Prime; global_colors_info=\u00a0\u00bb{}\u00a0\u00bb sticky_enabled=\u00a0\u00bb0&Prime;]<\/p>\n<p style=\"text-align: center;\"><strong>Pro Senectute Fribourg<\/strong><br \/>Fichier pdf : <a href=\"https:\/\/ffr-sarine.ch\/wp-content\/uploads\/2026\/07\/2026-07_mailing_prosenectute.pdf\" target=\"_blank\" rel=\"noopener\"><strong>07-2026: Les nouvelles estivales de Pro Senectute Fribourg<\/strong><\/a><br \/>Fichier pdf : <a href=\"https:\/\/ffr-sarine.ch\/wp-content\/uploads\/2026\/05\/prosenectute_ete_2026_programme.pdf\" target=\"_blank\" rel=\"noopener\"><strong>Programme \u00e9t\u00e9 2026 Sommerprogramm<\/strong><\/a><br \/>Site : <a href=\"https:\/\/fr.prosenectute.ch\/fr\/actualites.html\" target=\"_blank\" rel=\"noopener\"><strong>Actualit\u00e9s<\/strong><\/a><\/p>\n<p>[\/et_pb_text][\/et_pb_column][\/et_pb_row][et_pb_row column_structure=\u00a0\u00bb2_5,3_5&Prime; disabled_on=\u00a0\u00bboff|off|off\u00a0\u00bb _builder_version=\u00a0\u00bb4.16&Prime; _module_preset=\u00a0\u00bbdefault\u00a0\u00bb global_colors_info=\u00a0\u00bb{}\u00a0\u00bb][et_pb_column type=\u00a0\u00bb2_5&Prime; _builder_version=\u00a0\u00bb4.16&Prime; _module_preset=\u00a0\u00bbdefault\u00a0\u00bb global_colors_info=\u00a0\u00bb{}\u00a0\u00bb][et_pb_image src=\u00a0\u00bbhttps:\/\/ffr-sarine.ch\/wp-content\/uploads\/2024\/09\/logo_la_liberte.png\u00a0\u00bb title_text=\u00a0\u00bblogo_la_liberte\u00a0\u00bb url=\u00a0\u00bbhttps:\/\/www.laliberte.ch\/\u00a0\u00bb url_new_window=\u00a0\u00bbon\u00a0\u00bb align=\u00a0\u00bbcenter\u00a0\u00bb admin_label=\u00a0\u00bbimage la liberte\u00a0\u00bb _builder_version=\u00a0\u00bb4.27.0&Prime; _module_preset=\u00a0\u00bbdefault\u00a0\u00bb global_colors_info=\u00a0\u00bb{}\u00a0\u00bb][\/et_pb_image][\/et_pb_column][et_pb_column type=\u00a0\u00bb3_5&Prime; _builder_version=\u00a0\u00bb4.16&Prime; _module_preset=\u00a0\u00bbdefault\u00a0\u00bb global_colors_info=\u00a0\u00bb{}\u00a0\u00bb][et_pb_text disabled_on=\u00a0\u00bboff|off|off\u00a0\u00bb admin_label=\u00a0\u00bbarticle du 26.06.2026  Les a\u00een\u00e9s paieront le bus.\u00a0\u00bb _builder_version=\u00a0\u00bb4.27.7&Prime; _module_preset=\u00a0\u00bbdefault\u00a0\u00bb text_text_color=\u00a0\u00bb#000000&Prime; text_font_size=\u00a0\u00bb16px\u00a0\u00bb global_colors_info=\u00a0\u00bb{}\u00a0\u00bb]<\/p>\n<p style=\"text-align: center;\">Le quotidien <strong>La Libert\u00e9<\/strong> a publi\u00e9 le 26 juin 2026 l&rsquo;article suivant :<br \/> <em><strong>Les a\u00een\u00e9s paieront le bus.<\/strong><br \/> Pas de cadeaux pour les transports publics<\/em>. <br \/>Pour consulter l&rsquo;article, cliquez <a href=\"https:\/\/www.laliberte.ch\/articles\/regions\/politique-cantonale\/pas-de-cadeaux-pour-les-transports-publics-1396182\" target=\"_blank\" rel=\"noopener\"><strong>ICI<\/strong><\/a><\/p>\n<p>[\/et_pb_text][\/et_pb_column][\/et_pb_row][et_pb_row column_structure=\u00a0\u00bb2_5,3_5&Prime; disabled_on=\u00a0\u00bboff|off|off\u00a0\u00bb _builder_version=\u00a0\u00bb4.16&Prime; _module_preset=\u00a0\u00bbdefault\u00a0\u00bb global_colors_info=\u00a0\u00bb{}\u00a0\u00bb][et_pb_column type=\u00a0\u00bb2_5&Prime; _builder_version=\u00a0\u00bb4.16&Prime; _module_preset=\u00a0\u00bbdefault\u00a0\u00bb global_colors_info=\u00a0\u00bb{}\u00a0\u00bb][et_pb_image src=\u00a0\u00bbhttps:\/\/ffr-sarine.ch\/wp-content\/uploads\/2024\/09\/logo_pro-senectute.png\u00a0\u00bb title_text=\u00a0\u00bbLogo Pro Senectute\u00a0\u00bb url=\u00a0\u00bbhttps:\/\/fr.prosenectute.ch\/fr.html\u00a0\u00bb url_new_window=\u00a0\u00bbon\u00a0\u00bb align=\u00a0\u00bbcenter\u00a0\u00bb admin_label=\u00a0\u00bbimage pro senectute\u00a0\u00bb _builder_version=\u00a0\u00bb4.27.6&Prime; _module_preset=\u00a0\u00bbdefault\u00a0\u00bb global_colors_info=\u00a0\u00bb{}\u00a0\u00bb][\/et_pb_image][\/et_pb_column][et_pb_column type=\u00a0\u00bb3_5&Prime; _builder_version=\u00a0\u00bb4.16&Prime; _module_preset=\u00a0\u00bbdefault\u00a0\u00bb global_colors_info=\u00a0\u00bb{}\u00a0\u00bb][et_pb_text admin_label=\u00a0\u00bb2026-05 communications + peogramme \u00e9t\u00e9 2026&Prime; _builder_version=\u00a0\u00bb4.27.7&Prime; _module_preset=\u00a0\u00bbdefault\u00a0\u00bb text_text_color=\u00a0\u00bb#000000&Prime; text_font_size=\u00a0\u00bb16px\u00a0\u00bb hover_enabled=\u00a0\u00bb0&Prime; global_colors_info=\u00a0\u00bb{}\u00a0\u00bb sticky_enabled=\u00a0\u00bb0&Prime;]<\/p>\n<p style=\"text-align: center;\"><strong>Pro Senectute Fribourg<\/strong><br \/>Fichier pdf : <a href=\"https:\/\/ffr-sarine.ch\/wp-content\/uploads\/2026\/05\/prosenectute_Communique_medias_programme_estival_05.2026_FR-DE.pdf\" target=\"_blank\" rel=\"noopener\"><strong>Communiqu\u00e9 de presse du lundi 18 mai 2026<\/strong><\/a><br \/>Fichier pdf : <a href=\"https:\/\/ffr-sarine.ch\/wp-content\/uploads\/2026\/05\/prosenectute_ete_2026_programme.pdf\" target=\"_blank\" rel=\"noopener\"><strong>Programme \u00e9t\u00e9 2026 Sommerprogramm<\/strong><\/a><br \/>Site : <a href=\"https:\/\/fr.prosenectute.ch\/fr\/actualites.html\" target=\"_blank\" rel=\"noopener\"><strong>Actualit\u00e9s<\/strong><\/a><\/p>\n<p>[\/et_pb_text][\/et_pb_column][\/et_pb_row][et_pb_row column_structure=\u00a0\u00bb2_5,3_5&Prime; disabled_on=\u00a0\u00bboff|off|off\u00a0\u00bb _builder_version=\u00a0\u00bb4.16&Prime; _module_preset=\u00a0\u00bbdefault\u00a0\u00bb global_colors_info=\u00a0\u00bb{}\u00a0\u00bb][et_pb_column type=\u00a0\u00bb2_5&Prime; _builder_version=\u00a0\u00bb4.16&Prime; _module_preset=\u00a0\u00bbdefault\u00a0\u00bb global_colors_info=\u00a0\u00bb{}\u00a0\u00bb][et_pb_image src=\u00a0\u00bbhttps:\/\/ffr-sarine.ch\/wp-content\/uploads\/2026\/05\/2605_police_cantonale_fribourg.png\u00a0\u00bb title_text=\u00a0\u00bbPolice cantonale Fribourg\u00a0\u00bb url=\u00a0\u00bbhttps:\/\/www.fr.ch\/dsjs\/pol\u00a0\u00bb url_new_window=\u00a0\u00bbon\u00a0\u00bb align=\u00a0\u00bbcenter\u00a0\u00bb admin_label=\u00a0\u00bbimage Police cantonale Fribourg\u00a0\u00bb _builder_version=\u00a0\u00bb4.27.6&Prime; _module_preset=\u00a0\u00bbdefault\u00a0\u00bb global_colors_info=\u00a0\u00bb{}\u00a0\u00bb][\/et_pb_image][\/et_pb_column][et_pb_column type=\u00a0\u00bb3_5&Prime; _builder_version=\u00a0\u00bb4.16&Prime; _module_preset=\u00a0\u00bbdefault\u00a0\u00bb global_colors_info=\u00a0\u00bb{}\u00a0\u00bb][et_pb_text admin_label=\u00a0\u00bb2026-05 Arnaque &#8211; Faux policiers\u00a0\u00bb _builder_version=\u00a0\u00bb4.27.6&Prime; _module_preset=\u00a0\u00bbdefault\u00a0\u00bb text_text_color=\u00a0\u00bb#000000&Prime; text_font_size=\u00a0\u00bb16px\u00a0\u00bb global_colors_info=\u00a0\u00bb{}\u00a0\u00bb]<\/p>\n<p style=\"text-align: center;\"><strong>Police cantonale Fribourg<\/strong><br \/>Fichier pdf : <a href=\"https:\/\/ffr-sarine.ch\/wp-content\/uploads\/2026\/05\/2026-05_arnaque_Betrug.pdf\" target=\"_blank\" rel=\"noopener\"><strong>Arnaque &#8211; Faux policiers \/ Faux Banquiers<\/strong><\/a><br \/>Site : <a href=\"https:\/\/www.fr.ch\/dsjs\/pol\/actualites\/vague-inquietante-darnaques-aux-faux-policiers-dans-le-canton\" target=\"_blank\" rel=\"noopener\"><strong>Arnaque &#8211; Faux policiers<\/strong><\/a><\/p>\n<p>[\/et_pb_text][\/et_pb_column][\/et_pb_row][et_pb_row column_structure=\u00a0\u00bb2_5,3_5&Prime; disabled_on=\u00a0\u00bbon|on|on\u00a0\u00bb _builder_version=\u00a0\u00bb4.16&Prime; _module_preset=\u00a0\u00bbdefault\u00a0\u00bb disabled=\u00a0\u00bbon\u00a0\u00bb global_colors_info=\u00a0\u00bb{}\u00a0\u00bb][et_pb_column type=\u00a0\u00bb2_5&Prime; _builder_version=\u00a0\u00bb4.16&Prime; _module_preset=\u00a0\u00bbdefault\u00a0\u00bb global_colors_info=\u00a0\u00bb{}\u00a0\u00bb][et_pb_image src=\u00a0\u00bbhttps:\/\/ffr-sarine.ch\/wp-content\/uploads\/2026\/03\/MDA_Fribourg.png\u00a0\u00bb title_text=\u00a0\u00bbMDA Fribourg\u00a0\u00bb url=\u00a0\u00bbhttp:\/\/www.mda-fribourg.ch\u00a0\u00bb url_new_window=\u00a0\u00bbon\u00a0\u00bb align=\u00a0\u00bbcenter\u00a0\u00bb admin_label=\u00a0\u00bbimage MDA Fribourg\u00a0\u00bb _builder_version=\u00a0\u00bb4.27.6&Prime; _module_preset=\u00a0\u00bbdefault\u00a0\u00bb global_colors_info=\u00a0\u00bb{}\u00a0\u00bb][\/et_pb_image][\/et_pb_column][et_pb_column type=\u00a0\u00bb3_5&Prime; _builder_version=\u00a0\u00bb4.16&Prime; _module_preset=\u00a0\u00bbdefault\u00a0\u00bb global_colors_info=\u00a0\u00bb{}\u00a0\u00bb][et_pb_text admin_label=\u00a0\u00bb19 avril 2026 Concert-Spectacle Belfaux\u00a0\u00bb _builder_version=\u00a0\u00bb4.27.6&Prime; _module_preset=\u00a0\u00bbdefault\u00a0\u00bb text_text_color=\u00a0\u00bb#000000&Prime; text_font_size=\u00a0\u00bb16px\u00a0\u00bb global_colors_info=\u00a0\u00bb{}\u00a0\u00bb]<\/p>\n<p style=\"text-align: center;\">MDA Fribourg &#8211; Mouvements des A\u00een\u00e9s<br \/><strong>Dimanche 19 avril 2026 \u00e0 17h00<\/strong><br \/>Centre paroissial de BELFAUX<br \/><strong>Concert-Spectacle<\/strong><br \/>Pour consulter l&rsquo;article, cliquez <a href=\"https:\/\/ffr-sarine.ch\/wp-content\/uploads\/2026\/03\/Flyer_concert-spectacle_MDA_du_19_avril_2026.pdf\" target=\"_blank\" rel=\"noopener\"><strong>ICI<\/strong><\/a><\/p>\n<p>[\/et_pb_text][\/et_pb_column][\/et_pb_row][et_pb_row column_structure=\u00a0\u00bb2_5,3_5&Prime; _builder_version=\u00a0\u00bb4.16&Prime; _module_preset=\u00a0\u00bbdefault\u00a0\u00bb global_colors_info=\u00a0\u00bb{}\u00a0\u00bb][et_pb_column type=\u00a0\u00bb2_5&Prime; _builder_version=\u00a0\u00bb4.16&Prime; _module_preset=\u00a0\u00bbdefault\u00a0\u00bb global_colors_info=\u00a0\u00bb{}\u00a0\u00bb][et_pb_image src=\u00a0\u00bbhttps:\/\/ffr-sarine.ch\/wp-content\/uploads\/2026\/04\/logo_HFR.png\u00a0\u00bb title_text=\u00a0\u00bblogo_HFR\u00a0\u00bb url=\u00a0\u00bbhttps:\/\/www.h-fr.ch\/\u00a0\u00bb url_new_window=\u00a0\u00bbon\u00a0\u00bb align=\u00a0\u00bbcenter\u00a0\u00bb admin_label=\u00a0\u00bbimage HFR\u00a0\u00bb _builder_version=\u00a0\u00bb4.27.6&Prime; _module_preset=\u00a0\u00bbdefault\u00a0\u00bb global_colors_info=\u00a0\u00bb{}\u00a0\u00bb][\/et_pb_image][\/et_pb_column][et_pb_column type=\u00a0\u00bb3_5&Prime; _builder_version=\u00a0\u00bb4.16&Prime; _module_preset=\u00a0\u00bbdefault\u00a0\u00bb global_colors_info=\u00a0\u00bb{}\u00a0\u00bb][et_pb_text admin_label=\u00a0\u00bb8 avril 2026 Pr\u00e9sentation chute\u00a0\u00bb _builder_version=\u00a0\u00bb4.27.6&Prime; _module_preset=\u00a0\u00bbdefault\u00a0\u00bb text_text_color=\u00a0\u00bb#000000&Prime; text_font_size=\u00a0\u00bb16px\u00a0\u00bb global_colors_info=\u00a0\u00bb{}\u00a0\u00bb]<\/p>\n<p style=\"text-align: center;\"><strong>La chute chez la personne \u00e2g\u00e9e<\/strong><br \/>Pr\u00e9sentation le 8 avril 2026 \u00e0 l&rsquo;Assembl\u00e9e G\u00e9n\u00e9rale<br \/>F\u00e9d\u00e9ration Fribourgeoise des Retrait\u00e9s &#8211; Section Sarine<br \/>par<br \/>Adrien Bussard, m\u00e9decin associ\u00e9<br \/>Service d\u2019orthop\u00e9die du HFR Fribourg<br \/>Sp\u00e9cialiste FMH m\u00e9decine interne g\u00e9n\u00e9rale &#038; g\u00e9riatrie<br \/>Pour lire la pr\u00e9sentation, cliquez <a href=\"https:\/\/ffr-sarine.ch\/wp-content\/uploads\/2026\/04\/La-chute_presentation-Givisiez_04-2026.pdf\" target=\"_blank\" rel=\"noopener\"><strong>ICI<\/strong><\/a><\/p>\n<p>[\/et_pb_text][\/et_pb_column][\/et_pb_row][et_pb_row column_structure=\u00a0\u00bb2_5,3_5&Prime; _builder_version=\u00a0\u00bb4.16&Prime; _module_preset=\u00a0\u00bbdefault\u00a0\u00bb global_colors_info=\u00a0\u00bb{}\u00a0\u00bb][et_pb_column type=\u00a0\u00bb2_5&Prime; _builder_version=\u00a0\u00bb4.16&Prime; _module_preset=\u00a0\u00bbdefault\u00a0\u00bb global_colors_info=\u00a0\u00bb{}\u00a0\u00bb][et_pb_image src=\u00a0\u00bbhttps:\/\/ffr-sarine.ch\/wp-content\/uploads\/2026\/03\/TCS_Section-Fribourg_100ans.png\u00a0\u00bb title_text=\u00a0\u00bbTCS Section Fribourg 100 ans\u00a0\u00bb url=\u00a0\u00bbhttps:\/\/www.tcs.ch\/fr\/le-tcs\/sections\/fribourg\/\u00a0\u00bb url_new_window=\u00a0\u00bbon\u00a0\u00bb align=\u00a0\u00bbcenter\u00a0\u00bb admin_label=\u00a0\u00bbimage TCS Fribourg 100 ans\u00a0\u00bb _builder_version=\u00a0\u00bb4.27.6&Prime; _module_preset=\u00a0\u00bbdefault\u00a0\u00bb global_colors_info=\u00a0\u00bb{}\u00a0\u00bb][\/et_pb_image][\/et_pb_column][et_pb_column type=\u00a0\u00bb3_5&Prime; _builder_version=\u00a0\u00bb4.16&Prime; _module_preset=\u00a0\u00bbdefault\u00a0\u00bb global_colors_info=\u00a0\u00bb{}\u00a0\u00bb][et_pb_text admin_label=\u00a0\u00bbavril 2026 Cours de conduite pour seniors\u00a0\u00bb _builder_version=\u00a0\u00bb4.27.6&Prime; _module_preset=\u00a0\u00bbdefault\u00a0\u00bb text_text_color=\u00a0\u00bb#000000&Prime; text_font_size=\u00a0\u00bb16px\u00a0\u00bb global_colors_info=\u00a0\u00bb{}\u00a0\u00bb]<\/p>\n<p style=\"text-align: left;\"><strong>Cours de conduite pour seniors \u00ab Conduire aujourd\u2019hui \u00bb<\/strong><br \/>D\u00e8s avril 2026, le TCS Fribourg organise des cours de conduite pour seniors intitul\u00e9s <strong>\u00ab Conduire aujourd\u2019hui \u00bb<\/strong>, qui permettent de rafra\u00eechir ses connaissances et de conduire en toute s\u00e9curit\u00e9 dans le trafic actuel.<br \/>Le cours comprend 1 heure de pratique le matin, accompagn\u00e9e par un moniteur d\u2019auto-\u00e9cole, ainsi que 2h30 de th\u00e9orie l\u2019apr\u00e8s-midi portant sur les nouvelles r\u00e8gles de circulation, la signalisation et la sensibilisation \u00e0 la conduite. Il se d\u00e9roule avec le v\u00e9hicule du participant.<br \/><b>Lieux<\/b> : Granges-Paccot et Bulle<br \/><b>Tarifs<\/b> : Membres TCS : CHF 120.-, Non-membres : CHF 190.-<br \/>Vous trouvez plus d\u2019informations ici : <a href=\"https:\/\/www.tcs.ch\/fr\/le-tcs\/sections\/fribourg\/content\/cours\/conduire-aujourd-hui.php#anchor_Accordion-moreInfo\" target=\"_blank\" rel=\"noopener\"><strong>Conduire aujourd&rsquo;hui<\/strong><\/a><\/p>\n<p>[\/et_pb_text][\/et_pb_column][\/et_pb_row][et_pb_row column_structure=\u00a0\u00bb2_5,3_5&Prime; disabled_on=\u00a0\u00bbon|on|on\u00a0\u00bb _builder_version=\u00a0\u00bb4.16&Prime; _module_preset=\u00a0\u00bbdefault\u00a0\u00bb disabled=\u00a0\u00bbon\u00a0\u00bb global_colors_info=\u00a0\u00bb{}\u00a0\u00bb][et_pb_column type=\u00a0\u00bb2_5&Prime; _builder_version=\u00a0\u00bb4.16&Prime; _module_preset=\u00a0\u00bbdefault\u00a0\u00bb global_colors_info=\u00a0\u00bb{}\u00a0\u00bb][et_pb_image src=\u00a0\u00bbhttps:\/\/ffr-sarine.ch\/wp-content\/uploads\/2026\/03\/MDA_Fribourg.png\u00a0\u00bb title_text=\u00a0\u00bbMDA Fribourg\u00a0\u00bb url=\u00a0\u00bbhttp:\/\/www.mda-fribourg.ch\u00a0\u00bb url_new_window=\u00a0\u00bbon\u00a0\u00bb align=\u00a0\u00bbcenter\u00a0\u00bb admin_label=\u00a0\u00bbimage MDA Fribourg\u00a0\u00bb _builder_version=\u00a0\u00bb4.27.6&Prime; _module_preset=\u00a0\u00bbdefault\u00a0\u00bb global_colors_info=\u00a0\u00bb{}\u00a0\u00bb][\/et_pb_image][\/et_pb_column][et_pb_column type=\u00a0\u00bb3_5&Prime; _builder_version=\u00a0\u00bb4.16&Prime; _module_preset=\u00a0\u00bbdefault\u00a0\u00bb global_colors_info=\u00a0\u00bb{}\u00a0\u00bb][et_pb_text admin_label=\u00a0\u00bbMDA BULLETIN N\u00b0 46 &#8211; Hiver-Printemps 2026&Prime; _builder_version=\u00a0\u00bb4.27.6&Prime; _module_preset=\u00a0\u00bbdefault\u00a0\u00bb text_text_color=\u00a0\u00bb#000000&Prime; text_font_size=\u00a0\u00bb16px\u00a0\u00bb global_colors_info=\u00a0\u00bb{}\u00a0\u00bb]<\/p>\n<p style=\"text-align: center;\">MDA Fribourg &#8211; Mouvements des A\u00een\u00e9s<br \/><strong>BULLETIN N\u00b0 46 &#8211; Hiver-Printemps 2026<\/strong><br \/>Pour consulter l&rsquo;article, cliquez <a href=\"https:\/\/ffr-sarine.ch\/wp-content\/uploads\/2026\/03\/Bulletin_MDA_Fribourg_No_46.pdf\" target=\"_blank\" rel=\"noopener\"><strong>ICI<\/strong><\/a><\/p>\n<p>[\/et_pb_text][\/et_pb_column][\/et_pb_row][et_pb_row column_structure=\u00a0\u00bb2_5,3_5&Prime; _builder_version=\u00a0\u00bb4.16&Prime; _module_preset=\u00a0\u00bbdefault\u00a0\u00bb global_colors_info=\u00a0\u00bb{}\u00a0\u00bb][et_pb_column type=\u00a0\u00bb2_5&Prime; _builder_version=\u00a0\u00bb4.16&Prime; _module_preset=\u00a0\u00bbdefault\u00a0\u00bb global_colors_info=\u00a0\u00bb{}\u00a0\u00bb][et_pb_image src=\u00a0\u00bbhttps:\/\/ffr-sarine.ch\/wp-content\/uploads\/2026\/02\/2026_Logo_Fribourg_Ville_Stadt.png\u00a0\u00bb title_text=\u00a0\u00bb2026_Logo_Fribourg_Ville_Stadt\u00a0\u00bb url=\u00a0\u00bbhttps:\/\/www.ville-fribourg.ch\/1700&Prime; url_new_window=\u00a0\u00bbon\u00a0\u00bb align=\u00a0\u00bbcenter\u00a0\u00bb admin_label=\u00a0\u00bbimage Ville de Fribourg\u00a0\u00bb _builder_version=\u00a0\u00bb4.27.5&Prime; _module_preset=\u00a0\u00bbdefault\u00a0\u00bb global_colors_info=\u00a0\u00bb{}\u00a0\u00bb][\/et_pb_image][\/et_pb_column][et_pb_column type=\u00a0\u00bb3_5&Prime; _builder_version=\u00a0\u00bb4.16&Prime; _module_preset=\u00a0\u00bbdefault\u00a0\u00bb global_colors_info=\u00a0\u00bb{}\u00a0\u00bb][et_pb_text admin_label=\u00a0\u00bbarticle du 1700 Deux nouvelles offres pour les 60+\u00a0\u00bb _builder_version=\u00a0\u00bb4.27.5&Prime; _module_preset=\u00a0\u00bbdefault\u00a0\u00bb text_text_color=\u00a0\u00bb#000000&Prime; text_font_size=\u00a0\u00bb16px\u00a0\u00bb global_colors_info=\u00a0\u00bb{}\u00a0\u00bb]<\/p>\n<p style=\"text-align: center;\">Article dans <b>1700<\/b> du <b>F\u00e9vrier 2026<\/b><br \/> <em>Bulletin d\u2019information de la Ville de Fribourg <\/em><br \/><strong>Deux nouvelles offres pour les 60+<\/strong><br \/>Pour consulter l&rsquo;article, cliquez <a href=\"https:\/\/ffr-sarine.ch\/wp-content\/uploads\/2026\/02\/2026-02_1700_Deux-nouvelles-offres.jpg\" target=\"_blank\" rel=\"noopener\"><strong>ICI<\/strong><\/a><\/p>\n<p>[\/et_pb_text][\/et_pb_column][\/et_pb_row][et_pb_row column_structure=\u00a0\u00bb2_5,3_5&Prime; _builder_version=\u00a0\u00bb4.16&Prime; _module_preset=\u00a0\u00bbdefault\u00a0\u00bb global_colors_info=\u00a0\u00bb{}\u00a0\u00bb][et_pb_column type=\u00a0\u00bb2_5&Prime; _builder_version=\u00a0\u00bb4.16&Prime; _module_preset=\u00a0\u00bbdefault\u00a0\u00bb global_colors_info=\u00a0\u00bb{}\u00a0\u00bb][et_pb_image src=\u00a0\u00bbhttps:\/\/ffr-sarine.ch\/wp-content\/uploads\/2026\/02\/2026_Logo_Fribourg_Ville_Stadt.png\u00a0\u00bb title_text=\u00a0\u00bb2026_Logo_Fribourg_Ville_Stadt\u00a0\u00bb url=\u00a0\u00bbhttps:\/\/www.ville-fribourg.ch\/1700&Prime; url_new_window=\u00a0\u00bbon\u00a0\u00bb align=\u00a0\u00bbcenter\u00a0\u00bb admin_label=\u00a0\u00bbimage Ville de Fribourg\u00a0\u00bb _builder_version=\u00a0\u00bb4.27.5&Prime; _module_preset=\u00a0\u00bbdefault\u00a0\u00bb global_colors_info=\u00a0\u00bb{}\u00a0\u00bb][\/et_pb_image][\/et_pb_column][et_pb_column type=\u00a0\u00bb3_5&Prime; _builder_version=\u00a0\u00bb4.16&Prime; _module_preset=\u00a0\u00bbdefault\u00a0\u00bb global_colors_info=\u00a0\u00bb{}\u00a0\u00bb][et_pb_text admin_label=\u00a0\u00bbarticle du 1700 Moins de solitude et plus de solidarit\u00e9\u00a0\u00bb _builder_version=\u00a0\u00bb4.27.5&Prime; _module_preset=\u00a0\u00bbdefault\u00a0\u00bb text_text_color=\u00a0\u00bb#000000&Prime; text_font_size=\u00a0\u00bb16px\u00a0\u00bb global_colors_info=\u00a0\u00bb{}\u00a0\u00bb]<\/p>\n<p style=\"text-align: center;\">Article dans <b>1700<\/b> du <b>F\u00e9vrier 2026<\/b><br \/> <em>Bulletin d\u2019information de la Ville de Fribourg <\/em><br \/><strong>Moins de solitude et plus de solidarit\u00e9<\/strong><br \/>Pour consulter l&rsquo;article, cliquez <a href=\"https:\/\/ffr-sarine.ch\/wp-content\/uploads\/2026\/02\/2026-02_1700_Moins-de-solitude.jpg\" target=\"_blank\" rel=\"noopener\"><strong>ICI<\/strong><\/a><\/p>\n<p>[\/et_pb_text][\/et_pb_column][\/et_pb_row][et_pb_row column_structure=\u00a0\u00bb2_5,3_5&Prime; _builder_version=\u00a0\u00bb4.16&Prime; _module_preset=\u00a0\u00bbdefault\u00a0\u00bb global_colors_info=\u00a0\u00bb{}\u00a0\u00bb][et_pb_column type=\u00a0\u00bb2_5&Prime; _builder_version=\u00a0\u00bb4.16&Prime; _module_preset=\u00a0\u00bbdefault\u00a0\u00bb global_colors_info=\u00a0\u00bb{}\u00a0\u00bb][et_pb_image src=\u00a0\u00bbhttps:\/\/ffr-sarine.ch\/wp-content\/uploads\/2024\/11\/logo_DSAS.png\u00a0\u00bb title_text=\u00a0\u00bblogo DSAS\u00a0\u00bb url=\u00a0\u00bbhttps:\/\/www.fr.ch\/dsas\/\u00a0\u00bb url_new_window=\u00a0\u00bbon\u00a0\u00bb align=\u00a0\u00bbcenter\u00a0\u00bb admin_label=\u00a0\u00bbimage DSAS\u00a0\u00bb _builder_version=\u00a0\u00bb4.27.3&Prime; _module_preset=\u00a0\u00bbdefault\u00a0\u00bb global_colors_info=\u00a0\u00bb{}\u00a0\u00bb][\/et_pb_image][\/et_pb_column][et_pb_column type=\u00a0\u00bb3_5&Prime; _builder_version=\u00a0\u00bb4.16&Prime; _module_preset=\u00a0\u00bbdefault\u00a0\u00bb global_colors_info=\u00a0\u00bb{}\u00a0\u00bb][et_pb_text admin_label=\u00a0\u00bbnov. 2025 : DSAS : Lancement d\u2019un module de formation digitale \u00a0\u00bb _builder_version=\u00a0\u00bb4.27.4&Prime; _module_preset=\u00a0\u00bbdefault\u00a0\u00bb text_text_color=\u00a0\u00bb#000000&Prime; text_font_size=\u00a0\u00bb16px\u00a0\u00bb global_colors_info=\u00a0\u00bb{}\u00a0\u00bb]<\/p>\n<p style=\"text-align: center;\"><strong><a href=\"https:\/\/www.fr.ch\/dsas\/\" target=\"_blank\" rel=\"noopener\">DSAS (Direction de la sant\u00e9 et des affaires sociales du canton de Fribourg)<\/a><\/strong><br \/>Actualit\u00e9s du 25 novembre 2025&nbsp;:<br \/><a href=\"https:\/\/www.fr.ch\/dsas\/bef\/actualites\/lancement-dun-module-de-formation-digitale-gamifiee-destine-aux-pharmacies-pour-apprendre-a-detecter-la-violence-dans-le-couple-chez-les-seniors\" target=\"_blank\" rel=\"noopener\"><strong>\u00ab\u00a0Lancement d\u2019un module de formation digitale gamifi\u00e9e, destin\u00e9 aux pharmacies pour apprendre \u00e0 d\u00e9tecter la violence dans le couple chez les seniors\u00a0\u00bb<\/strong><\/a><\/p>\n<p>[\/et_pb_text][\/et_pb_column][\/et_pb_row][et_pb_row column_structure=\u00a0\u00bb2_5,3_5&Prime; _builder_version=\u00a0\u00bb4.16&Prime; _module_preset=\u00a0\u00bbdefault\u00a0\u00bb global_colors_info=\u00a0\u00bb{}\u00a0\u00bb][et_pb_column type=\u00a0\u00bb2_5&Prime; _builder_version=\u00a0\u00bb4.16&Prime; _module_preset=\u00a0\u00bbdefault\u00a0\u00bb global_colors_info=\u00a0\u00bb{}\u00a0\u00bb][et_pb_image src=\u00a0\u00bbhttps:\/\/ffr-sarine.ch\/wp-content\/uploads\/2025\/11\/Alter-ohne-Gewalt_Vieillesse-sans-Violence.png\u00a0\u00bb title_text=\u00a0\u00bbVieillesse sans Violence\u00a0\u00bb url=\u00a0\u00bbhttps:\/\/fr.prosenectute.ch\/fr.html\u00a0\u00bb url_new_window=\u00a0\u00bbon\u00a0\u00bb align=\u00a0\u00bbcenter\u00a0\u00bb admin_label=\u00a0\u00bbimage Vieillesse sans Violence\u00a0\u00bb _builder_version=\u00a0\u00bb4.27.4&Prime; _module_preset=\u00a0\u00bbdefault\u00a0\u00bb global_colors_info=\u00a0\u00bb{}\u00a0\u00bb][\/et_pb_image][\/et_pb_column][et_pb_column type=\u00a0\u00bb3_5&Prime; _builder_version=\u00a0\u00bb4.16&Prime; _module_preset=\u00a0\u00bbdefault\u00a0\u00bb global_colors_info=\u00a0\u00bb{}\u00a0\u00bb][et_pb_text admin_label=\u00a0\u00bb11.11.2025: Vieillesse sans Violence\u00a0\u00bb _builder_version=\u00a0\u00bb4.27.4&Prime; _module_preset=\u00a0\u00bbdefault\u00a0\u00bb text_text_color=\u00a0\u00bb#000000&Prime; text_font_size=\u00a0\u00bb16px\u00a0\u00bb global_colors_info=\u00a0\u00bb{}\u00a0\u00bb]<\/p>\n<p style=\"text-align: center;\"><strong>Centre de comp\u00e9tence national &#8211; Vieillesse sans Violence<\/strong> :<br \/>Info pour vous apporter une aide pr\u00e9cieuse dans les situations de violence et de maltraitance envers les personnes \u00e2g\u00e9es.<br \/>Site : <a href=\"https:\/\/vieillessesansviolence.ch\/\" target=\"_blank\" rel=\"noopener\"><strong>Vieillesse sans Violence<\/strong><\/a><\/p>\n<p>[\/et_pb_text][\/et_pb_column][\/et_pb_row][et_pb_row column_structure=\u00a0\u00bb2_5,3_5&Prime; _builder_version=\u00a0\u00bb4.16&Prime; _module_preset=\u00a0\u00bbdefault\u00a0\u00bb global_colors_info=\u00a0\u00bb{}\u00a0\u00bb][et_pb_column type=\u00a0\u00bb2_5&Prime; _builder_version=\u00a0\u00bb4.16&Prime; _module_preset=\u00a0\u00bbdefault\u00a0\u00bb global_colors_info=\u00a0\u00bb{}\u00a0\u00bb][et_pb_image src=\u00a0\u00bbhttps:\/\/ffr-sarine.ch\/wp-content\/uploads\/2025\/10\/logo_sbb_cff_ffs.png\u00a0\u00bb title_text=\u00a0\u00bbSBB CFF FFS\u00a0\u00bb url=\u00a0\u00bbhttps:\/\/www.laliberte.ch\/\u00a0\u00bb url_new_window=\u00a0\u00bbon\u00a0\u00bb align=\u00a0\u00bbcenter\u00a0\u00bb admin_label=\u00a0\u00bbimage SBB CFF FFS\u00a0\u00bb _builder_version=\u00a0\u00bb4.27.4&Prime; _module_preset=\u00a0\u00bbdefault\u00a0\u00bb global_colors_info=\u00a0\u00bb{}\u00a0\u00bb][\/et_pb_image][\/et_pb_column][et_pb_column type=\u00a0\u00bb3_5&Prime; _builder_version=\u00a0\u00bb4.16&Prime; _module_preset=\u00a0\u00bbdefault\u00a0\u00bb global_colors_info=\u00a0\u00bb{}\u00a0\u00bb][et_pb_text admin_label=\u00a0\u00bbarticle du 17.06.2025 handicap invisible\u00a0\u00bb _builder_version=\u00a0\u00bb4.27.4&Prime; _module_preset=\u00a0\u00bbdefault\u00a0\u00bb text_text_color=\u00a0\u00bb#000000&Prime; text_font_size=\u00a0\u00bb16px\u00a0\u00bb global_colors_info=\u00a0\u00bb{}\u00a0\u00bb]<\/p>\n<p style=\"text-align: center;\">Les <strong>CFF<\/strong> ont publi\u00e9 le 17 juin 2025 l&rsquo;article suivant :<br \/> <em><strong>\u00abComment les CFF aident-ils les personnes avec un handicap invisible?<\/strong><\/em><br \/>Pour consulter l&rsquo;article, cliquez <a href=\"https:\/\/news.sbb.ch\/fr\/article\/136359\/comment-les-cff-aident-ils-les-personnes-avec-un-handicap-invisible\" target=\"_blank\" rel=\"noopener\"><strong>ICI<\/strong><\/a><\/p>\n<p>[\/et_pb_text][\/et_pb_column][\/et_pb_row][et_pb_row column_structure=\u00a0\u00bb2_5,3_5&Prime; disabled_on=\u00a0\u00bbon|on|on\u00a0\u00bb _builder_version=\u00a0\u00bb4.27.5&Prime; _module_preset=\u00a0\u00bbdefault\u00a0\u00bb disabled=\u00a0\u00bbon\u00a0\u00bb global_colors_info=\u00a0\u00bb{}\u00a0\u00bb][et_pb_column type=\u00a0\u00bb2_5&Prime; _builder_version=\u00a0\u00bb4.16&Prime; _module_preset=\u00a0\u00bbdefault\u00a0\u00bb global_colors_info=\u00a0\u00bb{}\u00a0\u00bb][et_pb_image src=\u00a0\u00bbhttps:\/\/ffr-sarine.ch\/wp-content\/uploads\/2025\/07\/logo_20_minutes_66x85.png\u00a0\u00bb title_text=\u00a0\u00bb20 minutes\u00a0\u00bb url=\u00a0\u00bbhttps:\/\/www.20min.ch\/fr\/\u00a0\u00bb url_new_window=\u00a0\u00bbon\u00a0\u00bb align=\u00a0\u00bbcenter\u00a0\u00bb admin_label=\u00a0\u00bbimage 20 minutes\u00a0\u00bb _builder_version=\u00a0\u00bb4.27.4&Prime; _module_preset=\u00a0\u00bbdefault\u00a0\u00bb global_colors_info=\u00a0\u00bb{}\u00a0\u00bb][\/et_pb_image][\/et_pb_column][et_pb_column type=\u00a0\u00bb3_5&Prime; _builder_version=\u00a0\u00bb4.16&Prime; _module_preset=\u00a0\u00bbdefault\u00a0\u00bb global_colors_info=\u00a0\u00bb{}\u00a0\u00bb][et_pb_text admin_label=\u00a0\u00bbarticle du 17.06.2025 20 minutes abandonne \u00a0\u00bb _builder_version=\u00a0\u00bb4.27.4&Prime; _module_preset=\u00a0\u00bbdefault\u00a0\u00bb text_text_color=\u00a0\u00bb#000000&Prime; text_font_size=\u00a0\u00bb16px\u00a0\u00bb global_colors_info=\u00a0\u00bb{}\u00a0\u00bb]<\/p>\n<p style=\"text-align: center;\">Le quotidien <strong>20 minutes<\/strong> a publi\u00e9 le 17 juin 2025 l&rsquo;article suivant :<br \/> <em><strong>20 minutes abandonne le journal papier \u00e0 la fin de l&rsquo;ann\u00e9e<\/strong><br \/>20 minutes renforce son activit\u00e9 num\u00e9rique et met fin \u00e0 son \u00e9dition quotidienne papier.<\/em><br \/>Pour consulter l&rsquo;article, cliquez <a href=\"https:\/\/www.20min.ch\/fr\/story\/nouvelle-organisation-20-minutes-abandonne-le-journal-papier-a-la-fin-de-l-annee-103365773\" target=\"_blank\" rel=\"noopener\"><strong>ICI<\/strong><\/a><\/p>\n<p>[\/et_pb_text][\/et_pb_column][\/et_pb_row][et_pb_row column_structure=\u00a0\u00bb2_5,3_5&Prime; _builder_version=\u00a0\u00bb4.16&Prime; _module_preset=\u00a0\u00bbdefault\u00a0\u00bb global_colors_info=\u00a0\u00bb{}\u00a0\u00bb][et_pb_column type=\u00a0\u00bb2_5&Prime; _builder_version=\u00a0\u00bb4.16&Prime; _module_preset=\u00a0\u00bbdefault\u00a0\u00bb global_colors_info=\u00a0\u00bb{}\u00a0\u00bb][et_pb_image src=\u00a0\u00bbhttps:\/\/ffr-sarine.ch\/wp-content\/uploads\/2024\/09\/logo_la_liberte.png\u00a0\u00bb title_text=\u00a0\u00bblogo_la_liberte\u00a0\u00bb url=\u00a0\u00bbhttps:\/\/www.laliberte.ch\/\u00a0\u00bb url_new_window=\u00a0\u00bbon\u00a0\u00bb align=\u00a0\u00bbcenter\u00a0\u00bb admin_label=\u00a0\u00bbimage la liberte\u00a0\u00bb _builder_version=\u00a0\u00bb4.27.0&Prime; _module_preset=\u00a0\u00bbdefault\u00a0\u00bb global_colors_info=\u00a0\u00bb{}\u00a0\u00bb][\/et_pb_image][\/et_pb_column][et_pb_column type=\u00a0\u00bb3_5&Prime; _builder_version=\u00a0\u00bb4.16&Prime; _module_preset=\u00a0\u00bbdefault\u00a0\u00bb global_colors_info=\u00a0\u00bb{}\u00a0\u00bb][et_pb_text admin_label=\u00a0\u00bbarticle du 17.06.2025  Pas de carte bancaire?\u00a0\u00bb _builder_version=\u00a0\u00bb4.27.4&Prime; _module_preset=\u00a0\u00bbdefault\u00a0\u00bb text_text_color=\u00a0\u00bb#000000&Prime; text_font_size=\u00a0\u00bb16px\u00a0\u00bb global_colors_info=\u00a0\u00bb{}\u00a0\u00bb]<\/p>\n<p style=\"text-align: center;\">Le quotidien <strong>La Libert\u00e9<\/strong> a publi\u00e9 le 17 juin 2025 l&rsquo;article suivant :<br \/> <em><strong>Pas de carte bancaire? Pas d\u2019acc\u00e8s aux toilettes!<\/strong><br \/>Des usagers avec un besoin pressant se retrouvent d\u00e9munis \u00e0 la gare CFF de Fribourg<\/em>. <br \/>Pour consulter l&rsquo;article, cliquez <a href=\"https:\/\/www.laliberte.ch\/articles\/regions\/ville-de-fribourg\/pas-dargent-electronique-pas-de-toilettes-1064950\" target=\"_blank\" rel=\"noopener\"><strong>ICI<\/strong><\/a><\/p>\n<p>[\/et_pb_text][\/et_pb_column][\/et_pb_row][et_pb_row column_structure=\u00a0\u00bb2_5,3_5&Prime; disabled_on=\u00a0\u00bbon|on|on\u00a0\u00bb _builder_version=\u00a0\u00bb4.16&Prime; _module_preset=\u00a0\u00bbdefault\u00a0\u00bb disabled=\u00a0\u00bbon\u00a0\u00bb global_colors_info=\u00a0\u00bb{}\u00a0\u00bb][et_pb_column type=\u00a0\u00bb2_5&Prime; _builder_version=\u00a0\u00bb4.16&Prime; _module_preset=\u00a0\u00bbdefault\u00a0\u00bb global_colors_info=\u00a0\u00bb{}\u00a0\u00bb][et_pb_image src=\u00a0\u00bbhttps:\/\/ffr-sarine.ch\/wp-content\/uploads\/2024\/09\/logo_la_liberte.png\u00a0\u00bb title_text=\u00a0\u00bblogo_la_liberte\u00a0\u00bb url=\u00a0\u00bbhttps:\/\/www.laliberte.ch\/\u00a0\u00bb url_new_window=\u00a0\u00bbon\u00a0\u00bb align=\u00a0\u00bbcenter\u00a0\u00bb admin_label=\u00a0\u00bbimage la liberte\u00a0\u00bb _builder_version=\u00a0\u00bb4.27.0&Prime; _module_preset=\u00a0\u00bbdefault\u00a0\u00bb global_colors_info=\u00a0\u00bb{}\u00a0\u00bb][\/et_pb_image][\/et_pb_column][et_pb_column type=\u00a0\u00bb3_5&Prime; _builder_version=\u00a0\u00bb4.16&Prime; _module_preset=\u00a0\u00bbdefault\u00a0\u00bb global_colors_info=\u00a0\u00bb{}\u00a0\u00bb][et_pb_text admin_label=\u00a0\u00bbarticle du 9.04.2025 cours de mobilit\u00e9 organis\u00e9 pour les s\u00e9niors\u00a0\u00bb _builder_version=\u00a0\u00bb4.27.4&Prime; _module_preset=\u00a0\u00bbdefault\u00a0\u00bb text_text_color=\u00a0\u00bb#000000&Prime; text_font_size=\u00a0\u00bb16px\u00a0\u00bb global_colors_info=\u00a0\u00bb{}\u00a0\u00bb]<\/p>\n<p style=\"text-align: center;\">Le quotidien <strong>La Libert\u00e9<\/strong> a publi\u00e9 le 9 avril 2025 un article avec le titre : <em><strong>\u00ab\u00a0Faciliter l\u2019utilisation des transports. Un cours de mobilit\u00e9 organis\u00e9 pour les s\u00e9niors \u00e0 Fribourg\u00a0\u00bb<\/strong><\/em>. Pour consulter l&rsquo;article, cliquez <a href=\"https:\/\/www.laliberte.ch\/articles\/regions\/canton\/un-cours-de-mobilite-organise-pour-les-seniors-a-fribourg-1017095\" target=\"_blank\" rel=\"noopener\"><strong>ICI<\/strong><\/a><\/p>\n<p>[\/et_pb_text][\/et_pb_column][\/et_pb_row][et_pb_row column_structure=\u00a0\u00bb2_5,3_5&Prime; _builder_version=\u00a0\u00bb4.16&Prime; _module_preset=\u00a0\u00bbdefault\u00a0\u00bb global_colors_info=\u00a0\u00bb{}\u00a0\u00bb][et_pb_column type=\u00a0\u00bb2_5&Prime; _builder_version=\u00a0\u00bb4.16&Prime; _module_preset=\u00a0\u00bbdefault\u00a0\u00bb global_colors_info=\u00a0\u00bb{}\u00a0\u00bb][et_pb_image src=\u00a0\u00bbhttps:\/\/ffr-sarine.ch\/wp-content\/uploads\/2024\/11\/logo_ville-de-fribourg.png\u00a0\u00bb title_text=\u00a0\u00bbLogo Ville de Fribourg\u00a0\u00bb url=\u00a0\u00bbhttps:\/\/www.ville-fribourg.ch\/seniors\u00a0\u00bb url_new_window=\u00a0\u00bbon\u00a0\u00bb align=\u00a0\u00bbcenter\u00a0\u00bb admin_label=\u00a0\u00bbimage Ville de Fribourg\u00a0\u00bb _builder_version=\u00a0\u00bb4.27.3&Prime; _module_preset=\u00a0\u00bbdefault\u00a0\u00bb global_colors_info=\u00a0\u00bb{}\u00a0\u00bb][\/et_pb_image][\/et_pb_column][et_pb_column type=\u00a0\u00bb3_5&Prime; _builder_version=\u00a0\u00bb4.16&Prime; _module_preset=\u00a0\u00bbdefault\u00a0\u00bb global_colors_info=\u00a0\u00bb{}\u00a0\u00bb][et_pb_text admin_label=\u00a0\u00bbville de Fribourg, novembre 2024, brochure Vivre \u00e0 Fribourg\u00a0\u00bb _builder_version=\u00a0\u00bb4.27.3&Prime; _module_preset=\u00a0\u00bbdefault\u00a0\u00bb text_text_color=\u00a0\u00bb#000000&Prime; text_font_size=\u00a0\u00bb16px\u00a0\u00bb global_colors_info=\u00a0\u00bb{}\u00a0\u00bb]<\/p>\n<p style=\"text-align: center;\"><strong>Ville de Fribourg<\/strong> : novembre 2024 : brochure pour seniors&nbsp;:<br \/><a href=\"https:\/\/www.ville-fribourg.ch\/sites\/default\/files\/2024-11\/Brochure_seniors.pdf\" target=\"_blank\" rel=\"noopener\"><em><strong>\u00ab\u00a0Vivre \u00e0 Fribourg \u00e0 60 ans et plus, Adresses et offres\u00a0\u00bb<\/strong><\/em><\/a><\/p>\n<p>[\/et_pb_text][\/et_pb_column][\/et_pb_row][et_pb_row column_structure=\u00a0\u00bb2_5,3_5&Prime; _builder_version=\u00a0\u00bb4.16&Prime; _module_preset=\u00a0\u00bbdefault\u00a0\u00bb global_colors_info=\u00a0\u00bb{}\u00a0\u00bb][et_pb_column type=\u00a0\u00bb2_5&Prime; _builder_version=\u00a0\u00bb4.16&Prime; _module_preset=\u00a0\u00bbdefault\u00a0\u00bb global_colors_info=\u00a0\u00bb{}\u00a0\u00bb][et_pb_image src=\u00a0\u00bbhttps:\/\/ffr-sarine.ch\/wp-content\/uploads\/2024\/10\/logo_lagruyere.jpg\u00a0\u00bb title_text=\u00a0\u00bbLOGO GRU OMBRE\u00a0\u00bb url=\u00a0\u00bbhttps:\/\/www.lagruyere.ch\/\u00a0\u00bb url_new_window=\u00a0\u00bbon\u00a0\u00bb align=\u00a0\u00bbcenter\u00a0\u00bb admin_label=\u00a0\u00bbimage la gruyere\u00a0\u00bb _builder_version=\u00a0\u00bb4.27.2&Prime; _module_preset=\u00a0\u00bbdefault\u00a0\u00bb global_colors_info=\u00a0\u00bb{}\u00a0\u00bb][\/et_pb_image][\/et_pb_column][et_pb_column type=\u00a0\u00bb3_5&Prime; _builder_version=\u00a0\u00bb4.16&Prime; _module_preset=\u00a0\u00bbdefault\u00a0\u00bb global_colors_info=\u00a0\u00bb{}\u00a0\u00bb][et_pb_text admin_label=\u00a0\u00bbarticle du 19.10.2024 la gruyere\u00a0\u00bb _builder_version=\u00a0\u00bb4.27.2&Prime; _module_preset=\u00a0\u00bbdefault\u00a0\u00bb text_text_color=\u00a0\u00bb#000000&Prime; text_font_size=\u00a0\u00bb16px\u00a0\u00bb global_colors_info=\u00a0\u00bb{}\u00a0\u00bb]<\/p>\n<p style=\"text-align: center;\">Le journal <strong>La Gruy\u00e8re<\/strong> a publi\u00e9 le 19 octobre 2024 l&rsquo;article avec le titre : <em><strong>\u00ab\u00a0Conseiller et armer les seniors, vuln\u00e9rables face aux arnaques\u00a0\u00bb<\/strong><\/em>. Pour consulter l&rsquo;article, cliquez <a href=\"https:\/\/ffr-sarine.ch\/wp-content\/uploads\/2024\/10\/20241019-GRUYERE-GRUY-003.pdf\" target=\"_blank\" rel=\"noopener\"><strong>ICI<\/strong><\/a><\/p>\n<p>[\/et_pb_text][\/et_pb_column][\/et_pb_row][et_pb_row column_structure=\u00a0\u00bb2_5,3_5&Prime; disabled_on=\u00a0\u00bbon|on|on\u00a0\u00bb _builder_version=\u00a0\u00bb4.16&Prime; _module_preset=\u00a0\u00bbdefault\u00a0\u00bb disabled=\u00a0\u00bbon\u00a0\u00bb global_colors_info=\u00a0\u00bb{}\u00a0\u00bb][et_pb_column type=\u00a0\u00bb2_5&Prime; _builder_version=\u00a0\u00bb4.16&Prime; _module_preset=\u00a0\u00bbdefault\u00a0\u00bb global_colors_info=\u00a0\u00bb{}\u00a0\u00bb][et_pb_image src=\u00a0\u00bbhttps:\/\/ffr-sarine.ch\/wp-content\/uploads\/2024\/09\/logo_la_liberte.png\u00a0\u00bb title_text=\u00a0\u00bblogo_la_liberte\u00a0\u00bb url=\u00a0\u00bbhttps:\/\/www.laliberte.ch\/\u00a0\u00bb url_new_window=\u00a0\u00bbon\u00a0\u00bb align=\u00a0\u00bbcenter\u00a0\u00bb admin_label=\u00a0\u00bbimage la liberte\u00a0\u00bb _builder_version=\u00a0\u00bb4.27.0&Prime; _module_preset=\u00a0\u00bbdefault\u00a0\u00bb global_colors_info=\u00a0\u00bb{}\u00a0\u00bb][\/et_pb_image][\/et_pb_column][et_pb_column type=\u00a0\u00bb3_5&Prime; _builder_version=\u00a0\u00bb4.16&Prime; _module_preset=\u00a0\u00bbdefault\u00a0\u00bb global_colors_info=\u00a0\u00bb{}\u00a0\u00bb][et_pb_text admin_label=\u00a0\u00bbarticle du 12.10.2024 Villa Beausite\u00a0\u00bb _builder_version=\u00a0\u00bb4.27.2&Prime; _module_preset=\u00a0\u00bbdefault\u00a0\u00bb text_text_color=\u00a0\u00bb#000000&Prime; text_font_size=\u00a0\u00bb16px\u00a0\u00bb global_colors_info=\u00a0\u00bb{}\u00a0\u00bb]<\/p>\n<p style=\"text-align: center;\">Le quotidien <strong>La Libert\u00e9<\/strong> a publi\u00e9 le 12 octobre 2024 un article avec le titre : <em><strong>\u00ab\u00a0L&rsquo;arr\u00eat ne reviendra pas &#8211; Villa Beausite\u00a0\u00bb<\/strong><\/em>. Pour consulter l&rsquo;article, cliquez <a href=\"https:\/\/www.laliberte.ch\/articles\/regions\/sarine\/larret-de-bus-ne-reviendra-pas-888298\" target=\"_blank\" rel=\"noopener\"><strong>ICI<\/strong><\/a><\/p>\n<p>[\/et_pb_text][\/et_pb_column][\/et_pb_row][et_pb_row column_structure=\u00a0\u00bb2_5,3_5&Prime; disabled_on=\u00a0\u00bbon|on|on\u00a0\u00bb _builder_version=\u00a0\u00bb4.16&Prime; _module_preset=\u00a0\u00bbdefault\u00a0\u00bb disabled=\u00a0\u00bbon\u00a0\u00bb global_colors_info=\u00a0\u00bb{}\u00a0\u00bb][et_pb_column type=\u00a0\u00bb2_5&Prime; _builder_version=\u00a0\u00bb4.16&Prime; _module_preset=\u00a0\u00bbdefault\u00a0\u00bb global_colors_info=\u00a0\u00bb{}\u00a0\u00bb][et_pb_image src=\u00a0\u00bbhttps:\/\/ffr-sarine.ch\/wp-content\/uploads\/2024\/11\/logo_DSAS.png\u00a0\u00bb title_text=\u00a0\u00bblogo DSAS\u00a0\u00bb url=\u00a0\u00bbhttps:\/\/www.fr.ch\/dsas\/\u00a0\u00bb url_new_window=\u00a0\u00bbon\u00a0\u00bb align=\u00a0\u00bbcenter\u00a0\u00bb admin_label=\u00a0\u00bbimage DSAS\u00a0\u00bb _builder_version=\u00a0\u00bb4.27.3&Prime; _module_preset=\u00a0\u00bbdefault\u00a0\u00bb global_colors_info=\u00a0\u00bb{}\u00a0\u00bb][\/et_pb_image][\/et_pb_column][et_pb_column type=\u00a0\u00bb3_5&Prime; _builder_version=\u00a0\u00bb4.16&Prime; _module_preset=\u00a0\u00bbdefault\u00a0\u00bb global_colors_info=\u00a0\u00bb{}\u00a0\u00bb][et_pb_text admin_label=\u00a0\u00bbjuin 2021 : DSAS : logement pour des besoins\u00a0\u00bb _builder_version=\u00a0\u00bb4.27.3&Prime; _module_preset=\u00a0\u00bbdefault\u00a0\u00bb text_text_color=\u00a0\u00bb#000000&Prime; text_font_size=\u00a0\u00bb16px\u00a0\u00bb global_colors_info=\u00a0\u00bb{}\u00a0\u00bb]<\/p>\n<p style=\"text-align: center;\">La <strong><a href=\"https:\/\/www.fr.ch\/dsas\/\" target=\"_blank\" rel=\"noopener\">DSAS (Direction de la sant\u00e9 et des affaires sociales du canton de Fribourg)<\/a><\/strong> a \u00e9dit\u00e9 une brochure qui concerne les seniors (juin 2021)&nbsp;:<br \/><a href=\"https:\/\/www.fr.ch\/sites\/default\/files\/2021-11\/senior%2B--un-logement-pour-des-besoins-qui-evoluent-version-pour-imprimer.pdf\" target=\"_blank\" rel=\"noopener\"><em><strong>\u00ab\u00a0Un logement pour des besoins qui \u00e9voluent\u00a0\u00bb<\/strong><\/em><\/a><\/p>\n<p>[\/et_pb_text][\/et_pb_column][\/et_pb_row][\/et_pb_section]<\/p>\n","protected":false},"excerpt":{"rendered":"<p>Pro Senectute FribourgFichier pdf : 07-2026: Les nouvelles estivales de Pro Senectute FribourgFichier pdf : Programme \u00e9t\u00e9 2026 SommerprogrammSite : Actualit\u00e9sLe quotidien La Libert\u00e9 a publi\u00e9 le 26 juin 2026 l&rsquo;article suivant : Les a\u00een\u00e9s paieront le bus. Pas de cadeaux pour les transports publics. Pour consulter l&rsquo;article, cliquez ICIPro Senectute FribourgFichier pdf : Communiqu\u00e9 [&hellip;]<\/p>\n","protected":false},"author":1,"featured_media":0,"parent":0,"menu_order":0,"comment_status":"closed","ping_status":"closed","template":"","meta":{"_et_pb_use_builder":"on","_et_pb_old_content":"","_et_gb_content_width":"","footnotes":""},"class_list":["post-3090","page","type-page","status-publish","hentry"],"yoast_head":"<!-- This site is optimized with the Yoast SEO plugin v28.3 - https:\/\/yoast.com\/product\/yoast-seo-wordpress\/ -->\n<title>Articles \/ M\u00e9dias - ffr-sarine<\/title>\n<meta name=\"robots\" content=\"index, follow, max-snippet:-1, max-image-preview:large, max-video-preview:-1\" \/>\n<link rel=\"canonical\" href=\"https:\/\/ffr-sarine.ch\/index.php\/articles-medias\/\" \/>\n<meta property=\"og:locale\" content=\"fr_FR\" \/>\n<meta property=\"og:type\" content=\"article\" \/>\n<meta property=\"og:title\" content=\"Articles \/ M\u00e9dias - ffr-sarine\" \/>\n<meta property=\"og:description\" content=\"Pro Senectute FribourgFichier pdf : 07-2026: Les nouvelles estivales de Pro Senectute FribourgFichier pdf : Programme \u00e9t\u00e9 2026 SommerprogrammSite : Actualit\u00e9sLe quotidien La Libert\u00e9 a publi\u00e9 le 26 juin 2026 l&#039;article suivant : Les a\u00een\u00e9s paieront le bus. Pas de cadeaux pour les transports publics. Pour consulter l&#039;article, cliquez ICIPro Senectute FribourgFichier pdf : Communiqu\u00e9 [&hellip;]\" \/>\n<meta property=\"og:url\" content=\"https:\/\/ffr-sarine.ch\/index.php\/articles-medias\/\" \/>\n<meta property=\"og:site_name\" content=\"ffr-sarine\" \/>\n<meta property=\"article:modified_time\" content=\"2026-07-06T07:54:18+00:00\" \/>\n<meta name=\"twitter:card\" content=\"summary_large_image\" \/>\n<meta name=\"twitter:label1\" content=\"Dur\u00e9e de lecture estim\u00e9e\" \/>\n\t<meta name=\"twitter:data1\" content=\"6 minutes\" \/>\n<script type=\"application\/ld+json\" class=\"yoast-schema-graph\">{\"@context\":\"https:\\\/\\\/schema.org\",\"@graph\":[{\"@type\":\"WebPage\",\"@id\":\"https:\\\/\\\/ffr-sarine.ch\\\/index.php\\\/articles-medias\\\/\",\"url\":\"https:\\\/\\\/ffr-sarine.ch\\\/index.php\\\/articles-medias\\\/\",\"name\":\"Articles \\\/ M\u00e9dias - ffr-sarine\",\"isPartOf\":{\"@id\":\"https:\\\/\\\/ffr-sarine.ch\\\/#website\"},\"datePublished\":\"2021-07-16T07:56:52+00:00\",\"dateModified\":\"2026-07-06T07:54:18+00:00\",\"breadcrumb\":{\"@id\":\"https:\\\/\\\/ffr-sarine.ch\\\/index.php\\\/articles-medias\\\/#breadcrumb\"},\"inLanguage\":\"fr-FR\",\"potentialAction\":[{\"@type\":\"ReadAction\",\"target\":[\"https:\\\/\\\/ffr-sarine.ch\\\/index.php\\\/articles-medias\\\/\"]}]},{\"@type\":\"BreadcrumbList\",\"@id\":\"https:\\\/\\\/ffr-sarine.ch\\\/index.php\\\/articles-medias\\\/#breadcrumb\",\"itemListElement\":[{\"@type\":\"ListItem\",\"position\":1,\"name\":\"Accueil\",\"item\":\"https:\\\/\\\/ffr-sarine.ch\\\/\"},{\"@type\":\"ListItem\",\"position\":2,\"name\":\"Articles \\\/ M\u00e9dias\"}]},{\"@type\":\"WebSite\",\"@id\":\"https:\\\/\\\/ffr-sarine.ch\\\/#website\",\"url\":\"https:\\\/\\\/ffr-sarine.ch\\\/\",\"name\":\"ffr-sarine\",\"description\":\"F\u00e9d\u00e9ration Fribourgeoise des Retrait\u00e9s Section Sarine\",\"potentialAction\":[{\"@type\":\"SearchAction\",\"target\":{\"@type\":\"EntryPoint\",\"urlTemplate\":\"https:\\\/\\\/ffr-sarine.ch\\\/?s={search_term_string}\"},\"query-input\":{\"@type\":\"PropertyValueSpecification\",\"valueRequired\":true,\"valueName\":\"search_term_string\"}}],\"inLanguage\":\"fr-FR\"}]}<\/script>\n<!-- \/ Yoast SEO plugin. -->","yoast_head_json":{"title":"Articles \/ M\u00e9dias - ffr-sarine","robots":{"index":"index","follow":"follow","max-snippet":"max-snippet:-1","max-image-preview":"max-image-preview:large","max-video-preview":"max-video-preview:-1"},"canonical":"https:\/\/ffr-sarine.ch\/index.php\/articles-medias\/","og_locale":"fr_FR","og_type":"article","og_title":"Articles \/ M\u00e9dias - ffr-sarine","og_description":"Pro Senectute FribourgFichier pdf : 07-2026: Les nouvelles estivales de Pro Senectute FribourgFichier pdf : Programme \u00e9t\u00e9 2026 SommerprogrammSite : Actualit\u00e9sLe quotidien La Libert\u00e9 a publi\u00e9 le 26 juin 2026 l'article suivant : Les a\u00een\u00e9s paieront le bus. Pas de cadeaux pour les transports publics. Pour consulter l'article, cliquez ICIPro Senectute FribourgFichier pdf : Communiqu\u00e9 [&hellip;]","og_url":"https:\/\/ffr-sarine.ch\/index.php\/articles-medias\/","og_site_name":"ffr-sarine","article_modified_time":"2026-07-06T07:54:18+00:00","twitter_card":"summary_large_image","twitter_misc":{"Dur\u00e9e de lecture estim\u00e9e":"6 minutes"},"schema":{"@context":"https:\/\/schema.org","@graph":[{"@type":"WebPage","@id":"https:\/\/ffr-sarine.ch\/index.php\/articles-medias\/","url":"https:\/\/ffr-sarine.ch\/index.php\/articles-medias\/","name":"Articles \/ M\u00e9dias - ffr-sarine","isPartOf":{"@id":"https:\/\/ffr-sarine.ch\/#website"},"datePublished":"2021-07-16T07:56:52+00:00","dateModified":"2026-07-06T07:54:18+00:00","breadcrumb":{"@id":"https:\/\/ffr-sarine.ch\/index.php\/articles-medias\/#breadcrumb"},"inLanguage":"fr-FR","potentialAction":[{"@type":"ReadAction","target":["https:\/\/ffr-sarine.ch\/index.php\/articles-medias\/"]}]},{"@type":"BreadcrumbList","@id":"https:\/\/ffr-sarine.ch\/index.php\/articles-medias\/#breadcrumb","itemListElement":[{"@type":"ListItem","position":1,"name":"Accueil","item":"https:\/\/ffr-sarine.ch\/"},{"@type":"ListItem","position":2,"name":"Articles \/ M\u00e9dias"}]},{"@type":"WebSite","@id":"https:\/\/ffr-sarine.ch\/#website","url":"https:\/\/ffr-sarine.ch\/","name":"ffr-sarine","description":"F\u00e9d\u00e9ration Fribourgeoise des Retrait\u00e9s Section Sarine","potentialAction":[{"@type":"SearchAction","target":{"@type":"EntryPoint","urlTemplate":"https:\/\/ffr-sarine.ch\/?s={search_term_string}"},"query-input":{"@type":"PropertyValueSpecification","valueRequired":true,"valueName":"search_term_string"}}],"inLanguage":"fr-FR"}]}},"_links":{"self":[{"href":"https:\/\/ffr-sarine.ch\/index.php\/wp-json\/wp\/v2\/pages\/3090","targetHints":{"allow":["GET"]}}],"collection":[{"href":"https:\/\/ffr-sarine.ch\/index.php\/wp-json\/wp\/v2\/pages"}],"about":[{"href":"https:\/\/ffr-sarine.ch\/index.php\/wp-json\/wp\/v2\/types\/page"}],"author":[{"embeddable":true,"href":"https:\/\/ffr-sarine.ch\/index.php\/wp-json\/wp\/v2\/users\/1"}],"replies":[{"embeddable":true,"href":"https:\/\/ffr-sarine.ch\/index.php\/wp-json\/wp\/v2\/comments?post=3090"}],"version-history":[{"count":63,"href":"https:\/\/ffr-sarine.ch\/index.php\/wp-json\/wp\/v2\/pages\/3090\/revisions"}],"predecessor-version":[{"id":6736,"href":"https:\/\/ffr-sarine.ch\/index.php\/wp-json\/wp\/v2\/pages\/3090\/revisions\/6736"}],"wp:attachment":[{"href":"https:\/\/ffr-sarine.ch\/index.php\/wp-json\/wp\/v2\/media?parent=3090"}],"curies":[{"name":"wp","href":"https:\/\/api.w.org\/{rel}","templated":true}]}}