{"id":2863,"date":"2021-07-04T06:48:09","date_gmt":"2021-07-04T06:48:09","guid":{"rendered":"https:\/\/ffr-sarine.ch\/?page_id=2863"},"modified":"2024-11-09T15:16:17","modified_gmt":"2024-11-09T14:16:17","slug":"statuts-ffr","status":"publish","type":"page","link":"https:\/\/ffr-sarine.ch\/index.php\/statuts-ffr\/","title":{"rendered":"Statuts FFR"},"content":{"rendered":"<p>[et_pb_section fb_built=\u00a0\u00bb1&Prime; _builder_version=\u00a0\u00bb4.27.2&Prime; _module_preset=\u00a0\u00bbdefault\u00a0\u00bb background_color=\u00a0\u00bbRGBA(255,255,255,0)\u00a0\u00bb min_height=\u00a0\u00bb720px\u00a0\u00bb global_colors_info=\u00a0\u00bb{}\u00a0\u00bb][et_pb_row column_structure=\u00a0\u00bb1_4,3_4&Prime; _builder_version=\u00a0\u00bb4.16&Prime; _module_preset=\u00a0\u00bbdefault\u00a0\u00bb global_colors_info=\u00a0\u00bb{}\u00a0\u00bb][et_pb_column type=\u00a0\u00bb1_4&Prime; _builder_version=\u00a0\u00bb4.16&Prime; _module_preset=\u00a0\u00bbdefault\u00a0\u00bb global_colors_info=\u00a0\u00bb{}\u00a0\u00bb][et_pb_image src=\u00a0\u00bbhttps:\/\/ffr-sarine.ch\/wp-content\/uploads\/2024\/11\/logo_ffr__text.jpg\u00a0\u00bb title_text=\u00a0\u00bbLogo FFR\u00a0\u00bb url=\u00a0\u00bbhttps:\/\/www.ffr-frv.ch\/\u00a0\u00bb url_new_window=\u00a0\u00bbon\u00a0\u00bb align=\u00a0\u00bbcenter\u00a0\u00bb admin_label=\u00a0\u00bbimage ffr\u00a0\u00bb _builder_version=\u00a0\u00bb4.27.2&Prime; _module_preset=\u00a0\u00bbdefault\u00a0\u00bb hover_enabled=\u00a0\u00bb0&Prime; global_colors_info=\u00a0\u00bb{}\u00a0\u00bb sticky_enabled=\u00a0\u00bb0&Prime;][\/et_pb_image][\/et_pb_column][et_pb_column type=\u00a0\u00bb3_4&Prime; _builder_version=\u00a0\u00bb4.16&Prime; _module_preset=\u00a0\u00bbdefault\u00a0\u00bb global_colors_info=\u00a0\u00bb{}\u00a0\u00bb][et_pb_text admin_label=\u00a0\u00bbtitre statuts et fichier pdf\u00a0\u00bb _builder_version=\u00a0\u00bb4.27.0&Prime; _module_preset=\u00a0\u00bbdefault\u00a0\u00bb text_text_color=\u00a0\u00bb#000000&Prime; text_font_size=\u00a0\u00bb18px\u00a0\u00bb global_colors_info=\u00a0\u00bb{}\u00a0\u00bb]<\/p>\n<p style=\"text-align: center;\"><strong>Statuts de la F\u00e9d\u00e9ration Fribourgeoise des Retrait\u00e9s (FFR)<\/strong><\/p>\n<p style=\"text-align: center;\"><a href=\"https:\/\/ffr-sarine.ch\/wp-content\/uploads\/2024\/09\/Statuts_2016-F.pdf\" rel=\"attachment wp-att-4689 noopener\" data-mce-fragment=\"1\" target=\"_blank\"><strong>Statuts adopt\u00e9s le 20 mai 2015<\/strong><\/a><\/p>\n<p>[\/et_pb_text][\/et_pb_column][\/et_pb_row][et_pb_row column_structure=\u00a0\u00bb1_4,3_4&Prime; _builder_version=\u00a0\u00bb4.16&Prime; _module_preset=\u00a0\u00bbdefault\u00a0\u00bb global_colors_info=\u00a0\u00bb{}\u00a0\u00bb][et_pb_column type=\u00a0\u00bb1_4&Prime; _builder_version=\u00a0\u00bb4.16&Prime; _module_preset=\u00a0\u00bbdefault\u00a0\u00bb global_colors_info=\u00a0\u00bb{}\u00a0\u00bb][et_pb_image src=\u00a0\u00bbhttps:\/\/ffr-sarine.ch\/wp-content\/uploads\/2024\/11\/logo_ffrss_cb_text_274x120t.png\u00a0\u00bb title_text=\u00a0\u00bbLogo FFR Section Sarine\u00a0\u00bb url=\u00a0\u00bbhttps:\/\/ffr-sarine.ch\/\u00a0\u00bb url_new_window=\u00a0\u00bbon\u00a0\u00bb align=\u00a0\u00bbcenter\u00a0\u00bb admin_label=\u00a0\u00bbimage ffrss\u00a0\u00bb _builder_version=\u00a0\u00bb4.27.2&Prime; _module_preset=\u00a0\u00bbdefault\u00a0\u00bb global_colors_info=\u00a0\u00bb{}\u00a0\u00bb][\/et_pb_image][\/et_pb_column][et_pb_column type=\u00a0\u00bb3_4&Prime; _builder_version=\u00a0\u00bb4.16&Prime; _module_preset=\u00a0\u00bbdefault\u00a0\u00bb global_colors_info=\u00a0\u00bb{}\u00a0\u00bb][et_pb_text admin_label=\u00a0\u00bbphrase annexe aux statuts &#8230;\u00a0\u00bb _builder_version=\u00a0\u00bb4.25.2&Prime; _module_preset=\u00a0\u00bbdefault\u00a0\u00bb text_text_color=\u00a0\u00bb#000000&Prime; text_font_size=\u00a0\u00bb16px\u00a0\u00bb global_colors_info=\u00a0\u00bb{}\u00a0\u00bb]<\/p>\n<p style=\"text-align: center;\"><strong>Annexe aux Statuts de la F\u00e9d\u00e9ration Fribourgeoise des Retrait\u00e9s (FFR)<\/strong><\/p>\n<p>[\/et_pb_text][et_pb_text _builder_version=\u00a0\u00bb4.16&Prime; _module_preset=\u00a0\u00bbdefault\u00a0\u00bb text_text_color=\u00a0\u00bb#000000&Prime; text_font_size=\u00a0\u00bb16px\u00a0\u00bb global_colors_info=\u00a0\u00bb{}\u00a0\u00bb]<\/p>\n<p>Les sections ou groupements associ\u00e9s regroupant des retrait\u00e9s mais ne disposant pas de leurs propres statuts respectent les dispositions ci-apr\u00e8s :<\/p>\n<p>[\/et_pb_text][et_pb_text admin_label=\u00a0\u00bbannex point 1 AG\u00a0\u00bb _builder_version=\u00a0\u00bb4.27.2&Prime; _module_preset=\u00a0\u00bbdefault\u00a0\u00bb text_text_color=\u00a0\u00bb#000000&Prime; text_font_size=\u00a0\u00bb16px\u00a0\u00bb global_colors_info=\u00a0\u00bb{}\u00a0\u00bb]<strong>1. Assembl\u00e9e g\u00e9n\u00e9rale<\/strong><\/p>\n<ul>\n<li>L&rsquo;assembl\u00e9e g\u00e9n\u00e9rale des membres de chaque section ou groupement associ\u00e9 :\n<\/li>\n<li>a) nomme un comit\u00e9 et sa pr\u00e9sidence;<\/li>\n<li>b) nomme un organe de r\u00e9vision des comptes.<\/li>\n<\/ul>\n<p>[\/et_pb_text][et_pb_text admin_label=\u00a0\u00bbannexe point 2 comit\u00e9\u00a0\u00bb _builder_version=\u00a0\u00bb4.27.2&Prime; _module_preset=\u00a0\u00bbdefault\u00a0\u00bb text_text_color=\u00a0\u00bb#000000&Prime; text_font_size=\u00a0\u00bb16px\u00a0\u00bb global_colors_info=\u00a0\u00bb{}\u00a0\u00bb]<\/p>\n<p><strong>2. Comit\u00e9<\/strong><\/p>\n<ul>\n<li>Le comit\u00e9 est l\u2019organe ex\u00e9cutif de la section ou du groupement associ\u00e9. Il se constitue lui-m\u00eame. Il lui revient notamment de :<\/li>\n<li>a) convoquer l\u2019assembl\u00e9e g\u00e9n\u00e9rale des membres au moins une fois par ann\u00e9e ;<\/li>\n<li>b) proposer des activit\u00e9s conformes aux buts de la F\u00e9d\u00e9ration ;<\/li>\n<li>c) d\u00e9signer les membres de la d\u00e9l\u00e9gation \u00e0 l\u2019assembl\u00e9e des d\u00e9l\u00e9gu\u00e9s de la F\u00e9d\u00e9ration ;<\/li>\n<li>d) encaisser les cotisations et ristourner \u00e0 la F\u00e9d\u00e9ration la part d\u00e9cid\u00e9e par l\u2019assembl\u00e9e des d\u00e9l\u00e9gu\u00e9s.<\/li>\n<\/ul>\n<p>[\/et_pb_text][et_pb_text admin_label=\u00a0\u00bbannexe point 3 autonomie\u00a0\u00bb _builder_version=\u00a0\u00bb4.27.2&Prime; _module_preset=\u00a0\u00bbdefault\u00a0\u00bb text_text_color=\u00a0\u00bb#000000&Prime; text_font_size=\u00a0\u00bb16px\u00a0\u00bb global_colors_info=\u00a0\u00bb{}\u00a0\u00bb]<\/p>\n<p><strong>3. Autonomie<\/strong><\/p>\n<ul>\n<li>Les sections et groupements associ\u00e9s disposent de leur autonomie et d\u00e9finissent notamment les conditions d&rsquo;admission de leurs membres; cependant, dans tous les cas, les statuts de la F\u00e9d\u00e9ration seront respect\u00e9s, en particulier les articles 1 et 2<\/li>\n<\/ul>\n<p>[\/et_pb_text][\/et_pb_column][\/et_pb_row][\/et_pb_section]<\/p>\n","protected":false},"excerpt":{"rendered":"<p>Statuts de la F\u00e9d\u00e9ration Fribourgeoise des Retrait\u00e9s (FFR) Statuts adopt\u00e9s le 20 mai 2015Annexe aux Statuts de la F\u00e9d\u00e9ration Fribourgeoise des Retrait\u00e9s (FFR)Les sections ou groupements associ\u00e9s regroupant des retrait\u00e9s mais ne disposant pas de leurs propres statuts respectent les dispositions ci-apr\u00e8s :1. Assembl\u00e9e g\u00e9n\u00e9rale L&rsquo;assembl\u00e9e g\u00e9n\u00e9rale des membres de chaque section ou groupement associ\u00e9 [&hellip;]<\/p>\n","protected":false},"author":1,"featured_media":0,"parent":0,"menu_order":0,"comment_status":"closed","ping_status":"closed","template":"","meta":{"_et_pb_use_builder":"on","_et_pb_old_content":"","_et_gb_content_width":"","footnotes":""},"class_list":["post-2863","page","type-page","status-publish","hentry"],"yoast_head":"<!-- This site is optimized with the Yoast SEO plugin v28.3 - https:\/\/yoast.com\/product\/yoast-seo-wordpress\/ -->\n<title>Statuts FFR - ffr-sarine<\/title>\n<meta name=\"robots\" content=\"index, follow, max-snippet:-1, max-image-preview:large, max-video-preview:-1\" \/>\n<link rel=\"canonical\" href=\"https:\/\/ffr-sarine.ch\/index.php\/statuts-ffr\/\" \/>\n<meta property=\"og:locale\" content=\"fr_FR\" \/>\n<meta property=\"og:type\" content=\"article\" \/>\n<meta property=\"og:title\" content=\"Statuts FFR - ffr-sarine\" \/>\n<meta property=\"og:description\" content=\"Statuts de la F\u00e9d\u00e9ration Fribourgeoise des Retrait\u00e9s (FFR) Statuts adopt\u00e9s le 20 mai 2015Annexe aux Statuts de la F\u00e9d\u00e9ration Fribourgeoise des Retrait\u00e9s (FFR)Les sections ou groupements associ\u00e9s regroupant des retrait\u00e9s mais ne disposant pas de leurs propres statuts respectent les dispositions ci-apr\u00e8s :1. Assembl\u00e9e g\u00e9n\u00e9rale L&#039;assembl\u00e9e g\u00e9n\u00e9rale des membres de chaque section ou groupement associ\u00e9 [&hellip;]\" \/>\n<meta property=\"og:url\" content=\"https:\/\/ffr-sarine.ch\/index.php\/statuts-ffr\/\" \/>\n<meta property=\"og:site_name\" content=\"ffr-sarine\" \/>\n<meta property=\"article:modified_time\" content=\"2024-11-09T14:16:17+00:00\" \/>\n<meta name=\"twitter:card\" content=\"summary_large_image\" \/>\n<meta name=\"twitter:label1\" content=\"Dur\u00e9e de lecture estim\u00e9e\" \/>\n\t<meta name=\"twitter:data1\" content=\"2 minutes\" \/>\n<script type=\"application\/ld+json\" class=\"yoast-schema-graph\">{\"@context\":\"https:\\\/\\\/schema.org\",\"@graph\":[{\"@type\":\"WebPage\",\"@id\":\"https:\\\/\\\/ffr-sarine.ch\\\/index.php\\\/statuts-ffr\\\/\",\"url\":\"https:\\\/\\\/ffr-sarine.ch\\\/index.php\\\/statuts-ffr\\\/\",\"name\":\"Statuts FFR - ffr-sarine\",\"isPartOf\":{\"@id\":\"https:\\\/\\\/ffr-sarine.ch\\\/#website\"},\"datePublished\":\"2021-07-04T06:48:09+00:00\",\"dateModified\":\"2024-11-09T14:16:17+00:00\",\"breadcrumb\":{\"@id\":\"https:\\\/\\\/ffr-sarine.ch\\\/index.php\\\/statuts-ffr\\\/#breadcrumb\"},\"inLanguage\":\"fr-FR\",\"potentialAction\":[{\"@type\":\"ReadAction\",\"target\":[\"https:\\\/\\\/ffr-sarine.ch\\\/index.php\\\/statuts-ffr\\\/\"]}]},{\"@type\":\"BreadcrumbList\",\"@id\":\"https:\\\/\\\/ffr-sarine.ch\\\/index.php\\\/statuts-ffr\\\/#breadcrumb\",\"itemListElement\":[{\"@type\":\"ListItem\",\"position\":1,\"name\":\"Accueil\",\"item\":\"https:\\\/\\\/ffr-sarine.ch\\\/\"},{\"@type\":\"ListItem\",\"position\":2,\"name\":\"Statuts FFR\"}]},{\"@type\":\"WebSite\",\"@id\":\"https:\\\/\\\/ffr-sarine.ch\\\/#website\",\"url\":\"https:\\\/\\\/ffr-sarine.ch\\\/\",\"name\":\"ffr-sarine\",\"description\":\"F\u00e9d\u00e9ration Fribourgeoise des Retrait\u00e9s Section Sarine\",\"potentialAction\":[{\"@type\":\"SearchAction\",\"target\":{\"@type\":\"EntryPoint\",\"urlTemplate\":\"https:\\\/\\\/ffr-sarine.ch\\\/?s={search_term_string}\"},\"query-input\":{\"@type\":\"PropertyValueSpecification\",\"valueRequired\":true,\"valueName\":\"search_term_string\"}}],\"inLanguage\":\"fr-FR\"}]}<\/script>\n<!-- \/ Yoast SEO plugin. -->","yoast_head_json":{"title":"Statuts FFR - ffr-sarine","robots":{"index":"index","follow":"follow","max-snippet":"max-snippet:-1","max-image-preview":"max-image-preview:large","max-video-preview":"max-video-preview:-1"},"canonical":"https:\/\/ffr-sarine.ch\/index.php\/statuts-ffr\/","og_locale":"fr_FR","og_type":"article","og_title":"Statuts FFR - ffr-sarine","og_description":"Statuts de la F\u00e9d\u00e9ration Fribourgeoise des Retrait\u00e9s (FFR) Statuts adopt\u00e9s le 20 mai 2015Annexe aux Statuts de la F\u00e9d\u00e9ration Fribourgeoise des Retrait\u00e9s (FFR)Les sections ou groupements associ\u00e9s regroupant des retrait\u00e9s mais ne disposant pas de leurs propres statuts respectent les dispositions ci-apr\u00e8s :1. Assembl\u00e9e g\u00e9n\u00e9rale L'assembl\u00e9e g\u00e9n\u00e9rale des membres de chaque section ou groupement associ\u00e9 [&hellip;]","og_url":"https:\/\/ffr-sarine.ch\/index.php\/statuts-ffr\/","og_site_name":"ffr-sarine","article_modified_time":"2024-11-09T14:16:17+00:00","twitter_card":"summary_large_image","twitter_misc":{"Dur\u00e9e de lecture estim\u00e9e":"2 minutes"},"schema":{"@context":"https:\/\/schema.org","@graph":[{"@type":"WebPage","@id":"https:\/\/ffr-sarine.ch\/index.php\/statuts-ffr\/","url":"https:\/\/ffr-sarine.ch\/index.php\/statuts-ffr\/","name":"Statuts FFR - ffr-sarine","isPartOf":{"@id":"https:\/\/ffr-sarine.ch\/#website"},"datePublished":"2021-07-04T06:48:09+00:00","dateModified":"2024-11-09T14:16:17+00:00","breadcrumb":{"@id":"https:\/\/ffr-sarine.ch\/index.php\/statuts-ffr\/#breadcrumb"},"inLanguage":"fr-FR","potentialAction":[{"@type":"ReadAction","target":["https:\/\/ffr-sarine.ch\/index.php\/statuts-ffr\/"]}]},{"@type":"BreadcrumbList","@id":"https:\/\/ffr-sarine.ch\/index.php\/statuts-ffr\/#breadcrumb","itemListElement":[{"@type":"ListItem","position":1,"name":"Accueil","item":"https:\/\/ffr-sarine.ch\/"},{"@type":"ListItem","position":2,"name":"Statuts FFR"}]},{"@type":"WebSite","@id":"https:\/\/ffr-sarine.ch\/#website","url":"https:\/\/ffr-sarine.ch\/","name":"ffr-sarine","description":"F\u00e9d\u00e9ration Fribourgeoise des Retrait\u00e9s Section Sarine","potentialAction":[{"@type":"SearchAction","target":{"@type":"EntryPoint","urlTemplate":"https:\/\/ffr-sarine.ch\/?s={search_term_string}"},"query-input":{"@type":"PropertyValueSpecification","valueRequired":true,"valueName":"search_term_string"}}],"inLanguage":"fr-FR"}]}},"_links":{"self":[{"href":"https:\/\/ffr-sarine.ch\/index.php\/wp-json\/wp\/v2\/pages\/2863","targetHints":{"allow":["GET"]}}],"collection":[{"href":"https:\/\/ffr-sarine.ch\/index.php\/wp-json\/wp\/v2\/pages"}],"about":[{"href":"https:\/\/ffr-sarine.ch\/index.php\/wp-json\/wp\/v2\/types\/page"}],"author":[{"embeddable":true,"href":"https:\/\/ffr-sarine.ch\/index.php\/wp-json\/wp\/v2\/users\/1"}],"replies":[{"embeddable":true,"href":"https:\/\/ffr-sarine.ch\/index.php\/wp-json\/wp\/v2\/comments?post=2863"}],"version-history":[{"count":67,"href":"https:\/\/ffr-sarine.ch\/index.php\/wp-json\/wp\/v2\/pages\/2863\/revisions"}],"predecessor-version":[{"id":5431,"href":"https:\/\/ffr-sarine.ch\/index.php\/wp-json\/wp\/v2\/pages\/2863\/revisions\/5431"}],"wp:attachment":[{"href":"https:\/\/ffr-sarine.ch\/index.php\/wp-json\/wp\/v2\/media?parent=2863"}],"curies":[{"name":"wp","href":"https:\/\/api.w.org\/{rel}","templated":true}]}}