{"id":2564,"date":"2021-06-09T13:33:40","date_gmt":"2021-06-09T13:33:40","guid":{"rendered":"https:\/\/ffr-sarine.ch\/?page_id=2564"},"modified":"2026-04-22T12:20:27","modified_gmt":"2026-04-22T10:20:27","slug":"reviseurs","status":"publish","type":"page","link":"https:\/\/ffr-sarine.ch\/index.php\/reviseurs\/","title":{"rendered":"R\u00e9viseurs"},"content":{"rendered":"<p>[et_pb_section fb_built=\u00a0\u00bb1&Prime; _builder_version=\u00a0\u00bb4.27.2&Prime; _module_preset=\u00a0\u00bbdefault\u00a0\u00bb background_color=\u00a0\u00bbRGBA(255,255,255,0)\u00a0\u00bb min_height=\u00a0\u00bb720px\u00a0\u00bb top_divider_color=\u00a0\u00bb#afafaf\u00a0\u00bb global_colors_info=\u00a0\u00bb{}\u00a0\u00bb][et_pb_row column_structure=\u00a0\u00bb1_3,2_3&Prime; _builder_version=\u00a0\u00bb4.16&Prime; _module_preset=\u00a0\u00bbdefault\u00a0\u00bb global_colors_info=\u00a0\u00bb{}\u00a0\u00bb][et_pb_column type=\u00a0\u00bb1_3&Prime; _builder_version=\u00a0\u00bb4.16&Prime; _module_preset=\u00a0\u00bbdefault\u00a0\u00bb global_colors_info=\u00a0\u00bb{}\u00a0\u00bb][et_pb_image src=\u00a0\u00bbhttps:\/\/ffr-sarine.ch\/wp-content\/uploads\/2024\/11\/logo_ffrss_cb_text_274x120t.png\u00a0\u00bb title_text=\u00a0\u00bbLogo FFR Section Sarine\u00a0\u00bb url=\u00a0\u00bbhttps:\/\/ffr-sarine.ch\/\u00a0\u00bb admin_label=\u00a0\u00bbimage ffrss\u00a0\u00bb _builder_version=\u00a0\u00bb4.27.2&Prime; _module_preset=\u00a0\u00bbdefault\u00a0\u00bb global_colors_info=\u00a0\u00bb{}\u00a0\u00bb][\/et_pb_image][\/et_pb_column][et_pb_column type=\u00a0\u00bb2_3&Prime; _builder_version=\u00a0\u00bb4.16&Prime; _module_preset=\u00a0\u00bbdefault\u00a0\u00bb global_colors_info=\u00a0\u00bb{}\u00a0\u00bb][et_pb_text admin_label=\u00a0\u00bbtitre les r\u00e9viseurs\u00a0\u00bb _builder_version=\u00a0\u00bb4.27.6&Prime; _module_preset=\u00a0\u00bbdefault\u00a0\u00bb text_text_color=\u00a0\u00bb#000000&Prime; text_font_size=\u00a0\u00bb21px\u00a0\u00bb hover_enabled=\u00a0\u00bb0&Prime; global_colors_info=\u00a0\u00bb{}\u00a0\u00bb sticky_enabled=\u00a0\u00bb0&Prime;]<\/p>\n<p style=\"text-align: left;\"><strong>Les r\u00e9viseurs des comptes pour 2026 :<\/strong><\/p>\n<p>[\/et_pb_text][\/et_pb_column][\/et_pb_row][et_pb_row column_structure=\u00a0\u00bb1_3,1_3,1_3&Prime; _builder_version=\u00a0\u00bb4.16&Prime; _module_preset=\u00a0\u00bbdefault\u00a0\u00bb global_colors_info=\u00a0\u00bb{}\u00a0\u00bb][et_pb_column type=\u00a0\u00bb1_3&Prime; _builder_version=\u00a0\u00bb4.16&Prime; _module_preset=\u00a0\u00bbdefault\u00a0\u00bb global_colors_info=\u00a0\u00bb{}\u00a0\u00bb][\/et_pb_column][et_pb_column type=\u00a0\u00bb1_3&Prime; _builder_version=\u00a0\u00bb4.16&Prime; _module_preset=\u00a0\u00bbdefault\u00a0\u00bb global_colors_info=\u00a0\u00bb{}\u00a0\u00bb][et_pb_text admin_label=\u00a0\u00bb1er r\u00e9viseur\u00a0\u00bb _builder_version=\u00a0\u00bb4.16&Prime; _module_preset=\u00a0\u00bbdefault\u00a0\u00bb text_text_color=\u00a0\u00bb#000000&Prime; text_font_size=\u00a0\u00bb20px\u00a0\u00bb global_colors_info=\u00a0\u00bb{}\u00a0\u00bb]<\/p>\n<p>1er r\u00e9viseur :<\/p>\n<p>[\/et_pb_text][\/et_pb_column][et_pb_column type=\u00a0\u00bb1_3&Prime; _builder_version=\u00a0\u00bb4.16&Prime; _module_preset=\u00a0\u00bbdefault\u00a0\u00bb global_colors_info=\u00a0\u00bb{}\u00a0\u00bb][et_pb_text admin_label=\u00a0\u00bbMme Andr\u00e9a Gavillet, Avry-sur-Matran\u00a0\u00bb _builder_version=\u00a0\u00bb4.27.6&Prime; _module_preset=\u00a0\u00bbdefault\u00a0\u00bb text_text_color=\u00a0\u00bb#000000&Prime; text_font_size=\u00a0\u00bb20px\u00a0\u00bb hover_enabled=\u00a0\u00bb0&Prime; global_colors_info=\u00a0\u00bb{}\u00a0\u00bb sticky_enabled=\u00a0\u00bb0&Prime;]<\/p>\n<p>Mme Andr\u00e9a Gavillet, Avry-sur-Matran<\/p>\n<p>[\/et_pb_text][\/et_pb_column][\/et_pb_row][et_pb_row column_structure=\u00a0\u00bb1_3,1_3,1_3&Prime; _builder_version=\u00a0\u00bb4.16&Prime; _module_preset=\u00a0\u00bbdefault\u00a0\u00bb global_colors_info=\u00a0\u00bb{}\u00a0\u00bb][et_pb_column type=\u00a0\u00bb1_3&Prime; _builder_version=\u00a0\u00bb4.16&Prime; _module_preset=\u00a0\u00bbdefault\u00a0\u00bb global_colors_info=\u00a0\u00bb{}\u00a0\u00bb][\/et_pb_column][et_pb_column type=\u00a0\u00bb1_3&Prime; _builder_version=\u00a0\u00bb4.16&Prime; _module_preset=\u00a0\u00bbdefault\u00a0\u00bb global_colors_info=\u00a0\u00bb{}\u00a0\u00bb][et_pb_text admin_label=\u00a0\u00bb2\u00e8me r\u00e9siveur\u00a0\u00bb _builder_version=\u00a0\u00bb4.16&Prime; _module_preset=\u00a0\u00bbdefault\u00a0\u00bb text_text_color=\u00a0\u00bb#000000&Prime; text_font_size=\u00a0\u00bb20px\u00a0\u00bb global_colors_info=\u00a0\u00bb{}\u00a0\u00bb]<\/p>\n<p>2\u00e8me r\u00e9viseur :<\/p>\n<p>[\/et_pb_text][\/et_pb_column][et_pb_column type=\u00a0\u00bb1_3&Prime; _builder_version=\u00a0\u00bb4.16&Prime; _module_preset=\u00a0\u00bbdefault\u00a0\u00bb global_colors_info=\u00a0\u00bb{}\u00a0\u00bb][et_pb_text admin_label=\u00a0\u00bbM. Bernard Mollard, Fribourg\u00a0\u00bb _builder_version=\u00a0\u00bb4.27.6&Prime; _module_preset=\u00a0\u00bbdefault\u00a0\u00bb text_text_color=\u00a0\u00bb#000000&Prime; text_font_size=\u00a0\u00bb20px\u00a0\u00bb hover_enabled=\u00a0\u00bb0&Prime; global_colors_info=\u00a0\u00bb{}\u00a0\u00bb sticky_enabled=\u00a0\u00bb0&Prime;]<\/p>\n<p>M. Bernard Mollard, Fribourg<\/p>\n<p>[\/et_pb_text][\/et_pb_column][\/et_pb_row][et_pb_row column_structure=\u00a0\u00bb1_3,1_3,1_3&Prime; _builder_version=\u00a0\u00bb4.16&Prime; _module_preset=\u00a0\u00bbdefault\u00a0\u00bb global_colors_info=\u00a0\u00bb{}\u00a0\u00bb][et_pb_column type=\u00a0\u00bb1_3&Prime; _builder_version=\u00a0\u00bb4.16&Prime; _module_preset=\u00a0\u00bbdefault\u00a0\u00bb global_colors_info=\u00a0\u00bb{}\u00a0\u00bb][\/et_pb_column][et_pb_column type=\u00a0\u00bb1_3&Prime; _builder_version=\u00a0\u00bb4.16&Prime; _module_preset=\u00a0\u00bbdefault\u00a0\u00bb global_colors_info=\u00a0\u00bb{}\u00a0\u00bb][et_pb_text admin_label=\u00a0\u00bbsuppl\u00e9ante\u00a0\u00bb _builder_version=\u00a0\u00bb4.25.2&Prime; _module_preset=\u00a0\u00bbdefault\u00a0\u00bb text_text_color=\u00a0\u00bb#000000&Prime; text_font_size=\u00a0\u00bb20px\u00a0\u00bb global_colors_info=\u00a0\u00bb{}\u00a0\u00bb]<\/p>\n<p>Suppl\u00e9ante :<\/p>\n<p>[\/et_pb_text][\/et_pb_column][et_pb_column type=\u00a0\u00bb1_3&Prime; _builder_version=\u00a0\u00bb4.16&Prime; _module_preset=\u00a0\u00bbdefault\u00a0\u00bb global_colors_info=\u00a0\u00bb{}\u00a0\u00bb][et_pb_text admin_label=\u00a0\u00bbMme Eva Berclaz, Givisiez\u00a0\u00bb _builder_version=\u00a0\u00bb4.27.6&Prime; _module_preset=\u00a0\u00bbdefault\u00a0\u00bb text_text_color=\u00a0\u00bb#000000&Prime; text_font_size=\u00a0\u00bb20px\u00a0\u00bb hover_enabled=\u00a0\u00bb0&Prime; global_colors_info=\u00a0\u00bb{}\u00a0\u00bb sticky_enabled=\u00a0\u00bb0&Prime;]<\/p>\n<p>Mme Eva Berclaz, Givisiez<\/p>\n<p>[\/et_pb_text][\/et_pb_column][\/et_pb_row][\/et_pb_section]<\/p>\n","protected":false},"excerpt":{"rendered":"<p>Les r\u00e9viseurs des comptes pour 2026 :1er r\u00e9viseur :Mme Andr\u00e9a Gavillet, Avry-sur-Matran2\u00e8me r\u00e9viseur :M. Bernard Mollard, FribourgSuppl\u00e9ante :Mme Eva Berclaz, Givisiez<\/p>\n","protected":false},"author":1,"featured_media":0,"parent":0,"menu_order":0,"comment_status":"closed","ping_status":"closed","template":"","meta":{"_et_pb_use_builder":"on","_et_pb_old_content":"","_et_gb_content_width":"","footnotes":""},"class_list":["post-2564","page","type-page","status-publish","hentry"],"yoast_head":"<!-- This site is optimized with the Yoast SEO plugin v28.3 - https:\/\/yoast.com\/product\/yoast-seo-wordpress\/ -->\n<title>R\u00e9viseurs - ffr-sarine<\/title>\n<meta name=\"robots\" content=\"index, follow, max-snippet:-1, max-image-preview:large, max-video-preview:-1\" \/>\n<link rel=\"canonical\" href=\"https:\/\/ffr-sarine.ch\/index.php\/reviseurs\/\" \/>\n<meta property=\"og:locale\" content=\"fr_FR\" \/>\n<meta property=\"og:type\" content=\"article\" \/>\n<meta property=\"og:title\" content=\"R\u00e9viseurs - ffr-sarine\" \/>\n<meta property=\"og:description\" content=\"Les r\u00e9viseurs des comptes pour 2026 :1er r\u00e9viseur :Mme Andr\u00e9a Gavillet, Avry-sur-Matran2\u00e8me r\u00e9viseur :M. Bernard Mollard, FribourgSuppl\u00e9ante :Mme Eva Berclaz, Givisiez\" \/>\n<meta property=\"og:url\" content=\"https:\/\/ffr-sarine.ch\/index.php\/reviseurs\/\" \/>\n<meta property=\"og:site_name\" content=\"ffr-sarine\" \/>\n<meta property=\"article:modified_time\" content=\"2026-04-22T10:20:27+00:00\" \/>\n<meta name=\"twitter:card\" content=\"summary_large_image\" \/>\n<meta name=\"twitter:label1\" content=\"Dur\u00e9e de lecture estim\u00e9e\" \/>\n\t<meta name=\"twitter:data1\" content=\"1 minute\" \/>\n<script type=\"application\/ld+json\" class=\"yoast-schema-graph\">{\"@context\":\"https:\\\/\\\/schema.org\",\"@graph\":[{\"@type\":\"WebPage\",\"@id\":\"https:\\\/\\\/ffr-sarine.ch\\\/index.php\\\/reviseurs\\\/\",\"url\":\"https:\\\/\\\/ffr-sarine.ch\\\/index.php\\\/reviseurs\\\/\",\"name\":\"R\u00e9viseurs - ffr-sarine\",\"isPartOf\":{\"@id\":\"https:\\\/\\\/ffr-sarine.ch\\\/#website\"},\"datePublished\":\"2021-06-09T13:33:40+00:00\",\"dateModified\":\"2026-04-22T10:20:27+00:00\",\"breadcrumb\":{\"@id\":\"https:\\\/\\\/ffr-sarine.ch\\\/index.php\\\/reviseurs\\\/#breadcrumb\"},\"inLanguage\":\"fr-FR\",\"potentialAction\":[{\"@type\":\"ReadAction\",\"target\":[\"https:\\\/\\\/ffr-sarine.ch\\\/index.php\\\/reviseurs\\\/\"]}]},{\"@type\":\"BreadcrumbList\",\"@id\":\"https:\\\/\\\/ffr-sarine.ch\\\/index.php\\\/reviseurs\\\/#breadcrumb\",\"itemListElement\":[{\"@type\":\"ListItem\",\"position\":1,\"name\":\"Accueil\",\"item\":\"https:\\\/\\\/ffr-sarine.ch\\\/\"},{\"@type\":\"ListItem\",\"position\":2,\"name\":\"R\u00e9viseurs\"}]},{\"@type\":\"WebSite\",\"@id\":\"https:\\\/\\\/ffr-sarine.ch\\\/#website\",\"url\":\"https:\\\/\\\/ffr-sarine.ch\\\/\",\"name\":\"ffr-sarine\",\"description\":\"F\u00e9d\u00e9ration Fribourgeoise des Retrait\u00e9s Section Sarine\",\"potentialAction\":[{\"@type\":\"SearchAction\",\"target\":{\"@type\":\"EntryPoint\",\"urlTemplate\":\"https:\\\/\\\/ffr-sarine.ch\\\/?s={search_term_string}\"},\"query-input\":{\"@type\":\"PropertyValueSpecification\",\"valueRequired\":true,\"valueName\":\"search_term_string\"}}],\"inLanguage\":\"fr-FR\"}]}<\/script>\n<!-- \/ Yoast SEO plugin. -->","yoast_head_json":{"title":"R\u00e9viseurs - ffr-sarine","robots":{"index":"index","follow":"follow","max-snippet":"max-snippet:-1","max-image-preview":"max-image-preview:large","max-video-preview":"max-video-preview:-1"},"canonical":"https:\/\/ffr-sarine.ch\/index.php\/reviseurs\/","og_locale":"fr_FR","og_type":"article","og_title":"R\u00e9viseurs - ffr-sarine","og_description":"Les r\u00e9viseurs des comptes pour 2026 :1er r\u00e9viseur :Mme Andr\u00e9a Gavillet, Avry-sur-Matran2\u00e8me r\u00e9viseur :M. Bernard Mollard, FribourgSuppl\u00e9ante :Mme Eva Berclaz, Givisiez","og_url":"https:\/\/ffr-sarine.ch\/index.php\/reviseurs\/","og_site_name":"ffr-sarine","article_modified_time":"2026-04-22T10:20:27+00:00","twitter_card":"summary_large_image","twitter_misc":{"Dur\u00e9e de lecture estim\u00e9e":"1 minute"},"schema":{"@context":"https:\/\/schema.org","@graph":[{"@type":"WebPage","@id":"https:\/\/ffr-sarine.ch\/index.php\/reviseurs\/","url":"https:\/\/ffr-sarine.ch\/index.php\/reviseurs\/","name":"R\u00e9viseurs - ffr-sarine","isPartOf":{"@id":"https:\/\/ffr-sarine.ch\/#website"},"datePublished":"2021-06-09T13:33:40+00:00","dateModified":"2026-04-22T10:20:27+00:00","breadcrumb":{"@id":"https:\/\/ffr-sarine.ch\/index.php\/reviseurs\/#breadcrumb"},"inLanguage":"fr-FR","potentialAction":[{"@type":"ReadAction","target":["https:\/\/ffr-sarine.ch\/index.php\/reviseurs\/"]}]},{"@type":"BreadcrumbList","@id":"https:\/\/ffr-sarine.ch\/index.php\/reviseurs\/#breadcrumb","itemListElement":[{"@type":"ListItem","position":1,"name":"Accueil","item":"https:\/\/ffr-sarine.ch\/"},{"@type":"ListItem","position":2,"name":"R\u00e9viseurs"}]},{"@type":"WebSite","@id":"https:\/\/ffr-sarine.ch\/#website","url":"https:\/\/ffr-sarine.ch\/","name":"ffr-sarine","description":"F\u00e9d\u00e9ration Fribourgeoise des Retrait\u00e9s Section Sarine","potentialAction":[{"@type":"SearchAction","target":{"@type":"EntryPoint","urlTemplate":"https:\/\/ffr-sarine.ch\/?s={search_term_string}"},"query-input":{"@type":"PropertyValueSpecification","valueRequired":true,"valueName":"search_term_string"}}],"inLanguage":"fr-FR"}]}},"_links":{"self":[{"href":"https:\/\/ffr-sarine.ch\/index.php\/wp-json\/wp\/v2\/pages\/2564","targetHints":{"allow":["GET"]}}],"collection":[{"href":"https:\/\/ffr-sarine.ch\/index.php\/wp-json\/wp\/v2\/pages"}],"about":[{"href":"https:\/\/ffr-sarine.ch\/index.php\/wp-json\/wp\/v2\/types\/page"}],"author":[{"embeddable":true,"href":"https:\/\/ffr-sarine.ch\/index.php\/wp-json\/wp\/v2\/users\/1"}],"replies":[{"embeddable":true,"href":"https:\/\/ffr-sarine.ch\/index.php\/wp-json\/wp\/v2\/comments?post=2564"}],"version-history":[{"count":21,"href":"https:\/\/ffr-sarine.ch\/index.php\/wp-json\/wp\/v2\/pages\/2564\/revisions"}],"predecessor-version":[{"id":6562,"href":"https:\/\/ffr-sarine.ch\/index.php\/wp-json\/wp\/v2\/pages\/2564\/revisions\/6562"}],"wp:attachment":[{"href":"https:\/\/ffr-sarine.ch\/index.php\/wp-json\/wp\/v2\/media?parent=2564"}],"curies":[{"name":"wp","href":"https:\/\/api.w.org\/{rel}","templated":true}]}}