{"id":211,"date":"2021-05-25T12:26:01","date_gmt":"2021-05-25T12:26:01","guid":{"rendered":"https:\/\/ffr-sarine.ch\/?page_id=211"},"modified":"2026-08-27T10:20:34","modified_gmt":"2026-08-27T08:20:34","slug":"sos-et-services","status":"publish","type":"page","link":"https:\/\/ffr-sarine.ch\/index.php\/sos-et-services\/","title":{"rendered":"SOS\/Services"},"content":{"rendered":"<p>[et_pb_section fb_built=\u00a0\u00bb1&Prime; _builder_version=\u00a0\u00bb4.27.2&Prime; _module_preset=\u00a0\u00bbdefault\u00a0\u00bb background_color=\u00a0\u00bbRGBA(255,255,255,0)\u00a0\u00bb min_height=\u00a0\u00bb720px\u00a0\u00bb custom_padding=\u00a0\u00bb0px|||||\u00a0\u00bb global_colors_info=\u00a0\u00bb{}\u00a0\u00bb][et_pb_row column_structure=\u00a0\u00bb1_3,1_3,1_3&Prime; _builder_version=\u00a0\u00bb4.16&Prime; _module_preset=\u00a0\u00bbdefault\u00a0\u00bb global_colors_info=\u00a0\u00bb{}\u00a0\u00bb][et_pb_column type=\u00a0\u00bb1_3&Prime; _builder_version=\u00a0\u00bb4.16&Prime; _module_preset=\u00a0\u00bbdefault\u00a0\u00bb global_colors_info=\u00a0\u00bb{}\u00a0\u00bb][et_pb_text admin_label=\u00a0\u00bbsos\u00a0\u00bb _builder_version=\u00a0\u00bb4.27.3&Prime; _module_preset=\u00a0\u00bbdefault\u00a0\u00bb text_text_color=\u00a0\u00bb#000000&Prime; text_font_size=\u00a0\u00bb22px\u00a0\u00bb global_colors_info=\u00a0\u00bb{}\u00a0\u00bb]<\/p>\n<p><strong>SOS<\/strong><\/p>\n<p>[\/et_pb_text][et_pb_text admin_label=\u00a0\u00bbsos police et feu\u00a0\u00bb _builder_version=\u00a0\u00bb4.27.2&Prime; _module_preset=\u00a0\u00bbdefault\u00a0\u00bb text_text_color=\u00a0\u00bb#000000&Prime; text_font_size=\u00a0\u00bb20px\u00a0\u00bb global_colors_info=\u00a0\u00bb{}\u00a0\u00bb]<\/p>\n<p>Police : <strong>117<\/strong><\/p>\n<p>Service du feu : <strong>118<\/strong><\/p>\n<p>GASS\/REGA : <strong>1414<\/strong><\/p>\n<p>Ambulance : <strong>144<\/strong><\/p>\n<p>Intoxications : <strong>145<\/strong><\/p>\n<p>[\/et_pb_text][\/et_pb_column][et_pb_column type=\u00a0\u00bb1_3&Prime; _builder_version=\u00a0\u00bb4.16&Prime; _module_preset=\u00a0\u00bbdefault\u00a0\u00bb global_colors_info=\u00a0\u00bb{}\u00a0\u00bb][et_pb_text admin_label=\u00a0\u00bbm\u00e9decin\u00a0\u00bb _builder_version=\u00a0\u00bb4.27.3&Prime; _module_preset=\u00a0\u00bbdefault\u00a0\u00bb text_text_color=\u00a0\u00bb#000000&Prime; text_font_size=\u00a0\u00bb22px\u00a0\u00bb global_colors_info=\u00a0\u00bb{}\u00a0\u00bb]<\/p>\n<p><strong>M\u00e9decin<\/strong><\/p>\n<p>[\/et_pb_text][et_pb_text admin_label=\u00a0\u00bburgence m\u00e9dicales\u00a0\u00bb _builder_version=\u00a0\u00bb4.27.4&Prime; _module_preset=\u00a0\u00bbdefault\u00a0\u00bb text_text_color=\u00a0\u00bb#000000&Prime; text_font_size=\u00a0\u00bb20px\u00a0\u00bb global_colors_info=\u00a0\u00bb{}\u00a0\u00bb]Edelweiss Clinic, Route des Arsenaux 6, Horaires\u00a0: Lu-Ve de 09h00 \u00e0 19h00, Sa de 09h00 \u00e0 17h00, Di ferm\u00e9\u00a0(sans rendez-vous)&nbsp;:<br \/>\n<strong>026 420 40 00<\/strong><\/p>\n<p>HFR H\u00f4pital cantonal :<br \/>\n<strong>026 306 00 00<\/strong><br \/>\n<strong>026 306 30 00<\/strong> (urgences)<\/p>\n<p>Medbase Fribourg, Rue Louis-d&rsquo;Affry 2\u00a0(sur rendez-vous)&nbsp;:<br \/>\n<strong>026 309 28 30<\/strong><\/p>\n<p>M\u00e9decins de garde de la Sarine\u00a0:<br \/>\n<strong>026 304 21 43<\/strong><\/p>\n<p>MedHome &#8211; M\u00e9decin \u00e0 domicile de 07h15 \u00e0 20h00, weekend de 07h15 \u00e0 17h45\u00a0:<br \/>\n<strong>026 6 700 700<\/strong><\/p>\n<p>Permanence M\u00e9dicale Fribourg, Rte du Jura 43\u00a0(sans rendez-vous)&nbsp;:<br \/>\n<strong>026 321 11 44<\/strong><\/p>\n<p>Pharmacie de garde :<br \/>\n<strong>026 304 21 40<\/strong><\/p>\n<p>Urgence dentaire &#8211; tous les jours 24\/24 heures\u00a0:<br \/>\n<strong>0848 14 14 14 <\/strong>[\/et_pb_text][\/et_pb_column][et_pb_column type=\u00a0\u00bb1_3&Prime; _builder_version=\u00a0\u00bb4.16&Prime; _module_preset=\u00a0\u00bbdefault\u00a0\u00bb global_colors_info=\u00a0\u00bb{}\u00a0\u00bb][et_pb_text admin_label=\u00a0\u00bbservice\u00a0\u00bb _builder_version=\u00a0\u00bb4.27.3&Prime; _module_preset=\u00a0\u00bbdefault\u00a0\u00bb text_text_color=\u00a0\u00bb#000000&Prime; text_font_size=\u00a0\u00bb22px\u00a0\u00bb global_colors_info=\u00a0\u00bb{}\u00a0\u00bb]<\/p>\n<p><strong>Service<\/strong><\/p>\n<p>[\/et_pb_text][et_pb_text admin_label=\u00a0\u00bbdiff\u00e9rents services\u00a0\u00bb _builder_version=\u00a0\u00bb4.27.8&Prime; _module_preset=\u00a0\u00bbdefault\u00a0\u00bb text_text_color=\u00a0\u00bb#000000&Prime; text_font_size=\u00a0\u00bb20px\u00a0\u00bb hover_enabled=\u00a0\u00bb0&Prime; global_colors_info=\u00a0\u00bb{}\u00a0\u00bb sticky_enabled=\u00a0\u00bb0&Prime;]Aide aux victimes d&rsquo;infractions<br \/>&nbsp; <strong>142<\/strong><\/p>\n<p><a href=\"https:\/\/croix-rouge-fr.ch\/fr\/\" target=\"_blank\" rel=\"noopener\">Croix-Rouge fribourgeoise <\/a><br \/>&nbsp; <strong>026 347 39 40<\/strong><\/p>\n<p><a href=\"https:\/\/edelweiss.clinic\/\" target=\"_blank\" rel=\"noopener\">Edelweiss Clinic<\/a><br \/>&nbsp; <strong>026 420 40 00<\/strong><\/p>\n<p><a href=\"https:\/\/www.sbb.ch\/fr\/horaire.html\" target=\"_blank\" rel=\"noopener\">Horaires CFF<\/a><\/p>\n<p>La Main tendue<br \/>&nbsp; <strong>143<\/strong> (24\/24 et 7j\/7)<\/p>\n<p><a href=\"https:\/\/www.med-home.ch\/\" target=\"_blank\" rel=\"noopener\">M\u00e9decins \u00e0 domicile<\/a><br \/>&nbsp; <strong>026 6 700 700<\/strong><\/p>\n<p><a href=\"https:\/\/www.meteosuisse.admin.ch\/home.html?tab=overview\" target=\"_blank\" rel=\"noopener\">M\u00e9t\u00e9o Suisse<\/a><\/p>\n<p><a href=\"https:\/\/www.passepartout-sarine.ch\/\" target=\"_blank\" rel=\"noopener\">PassePartout Sarine <\/a><br \/>&nbsp; <strong>026 422 56 20<\/strong><\/p>\n<p><a href=\"https:\/\/www.promentesana.org\/\" target=\"_blank\" rel=\"noopener\">Permanence psychosociale <\/a><br \/>&nbsp; <strong>0840 000 062<\/strong> (tarif local)<\/p>\n<p><a href=\"https:\/\/www.fr.prosenectute.ch\/\" target=\"_blank\" rel=\"noopener\">Pro Senectute Fribourg<\/a><br \/>&nbsp; <strong>026 347 12 40<\/strong><\/p>\n<p><a href=\"https:\/\/vieillessesansviolence.ch\/\" target=\"_blank\" rel=\"noopener\">Vieillesse sans Violence<\/a><br \/>&nbsp; <strong>0848 00 13 13<\/strong> (tarif normal)[\/et_pb_text][\/et_pb_column][\/et_pb_row][et_pb_row column_structure=\u00a0\u00bb1_2,1_2&Prime; _builder_version=\u00a0\u00bb4.16&Prime; _module_preset=\u00a0\u00bbdefault\u00a0\u00bb global_colors_info=\u00a0\u00bb{}\u00a0\u00bb][et_pb_column type=\u00a0\u00bb1_2&Prime; _builder_version=\u00a0\u00bb4.16&Prime; _module_preset=\u00a0\u00bbdefault\u00a0\u00bb global_colors_info=\u00a0\u00bb{}\u00a0\u00bb][et_pb_text admin_label=\u00a0\u00bbperm juridique\u00a0\u00bb _builder_version=\u00a0\u00bb4.27.4&Prime; _module_preset=\u00a0\u00bbdefault\u00a0\u00bb text_text_color=\u00a0\u00bb#000000&Prime; text_font_size=\u00a0\u00bb18px\u00a0\u00bb global_colors_info=\u00a0\u00bb{}\u00a0\u00bb]<\/p>\n<p style=\"text-align: center;\"><strong>Permanence juridique<\/strong><\/p>\n<p>Ce service est offert au public par l&rsquo;Ordre des avocats fribourgeois. Elle a lieu tous les mardis, <strong>sans rendez-vous<\/strong>, de 17h \u00e0 19h, \u00e0 Fribourg, avenue de la Gare 14, dans les locaux de l&rsquo;Office familial, 3\u00e8me \u00e9tage.<\/p>\n<p>Elle permet \u00e0 chacun d&rsquo;avoir, pour un prix modique de <b>CHF\u00a030.&#8211;<\/b>, une consultation juridique de 20 minutes sur le probl\u00e8me qui le pr\u00e9occupe.<\/p>\n<p>Pour avoir plus de d\u00e9tails, cliquez <a href=\"https:\/\/www.oaf.ch\/fr\/permanence-juridique\" target=\"_blank\" rel=\"noopener\"><strong>ICI<\/strong><\/a><\/p>\n<p>[\/et_pb_text][\/et_pb_column][et_pb_column type=\u00a0\u00bb1_2&Prime; _builder_version=\u00a0\u00bb4.16&Prime; _module_preset=\u00a0\u00bbdefault\u00a0\u00bb global_colors_info=\u00a0\u00bb{}\u00a0\u00bb][et_pb_text admin_label=\u00a0\u00bbperm notaires\u00a0\u00bb _builder_version=\u00a0\u00bb4.27.4&Prime; _module_preset=\u00a0\u00bbdefault\u00a0\u00bb text_text_color=\u00a0\u00bb#000000&Prime; text_font_size=\u00a0\u00bb18px\u00a0\u00bb global_colors_info=\u00a0\u00bb{}\u00a0\u00bb]<\/p>\n<p style=\"text-align: center;\"><strong>Permanence des notaires<\/strong><\/p>\n<p>La permanence des notaires est un service offert au public par l&rsquo;association des notaires fribourgeois.<\/p>\n<p>Tous les <b>premiers lundis<\/b> des mois de <b>f\u00e9vrier, avril, juin, septembre et novembre<\/b> (sauf jours f\u00e9ri\u00e9s), les notaires du Canton ouvrent leurs portes entre 17h et 18h pour les consultations de la Permanence juridique.<\/p>\n<p>Les consultations de la Permanence se font <b>sur rendez-vous<\/b> pr\u00e9alable aupr\u00e8s du notaire de votre choix, en mentionnant \u00ab rendez-vous Permanence \u00bb.<\/p>\n<p>Co\u00fbts : <b>CHF 20.00<\/b> pour 20 minutes. Nous vous invitons \u00e0 prendre contact avec le notaire de votre choix.<\/p>\n<p>Pour avoir plus de d\u00e9tails, cliquez <a href=\"https:\/\/www.notaires-fribourg.ch\/\" target=\"_blank\" rel=\"noopener\"><strong>ICI<\/strong><\/a><\/p>\n<p>[\/et_pb_text][\/et_pb_column][\/et_pb_row][\/et_pb_section]<\/p>\n","protected":false},"excerpt":{"rendered":"<p>SOSPolice : 117 Service du feu : 118 GASS\/REGA : 1414 Ambulance : 144 Intoxications : 145M\u00e9decinEdelweiss Clinic, Route des Arsenaux 6, Horaires\u00a0: Lu-Ve de 09h00 \u00e0 19h00, Sa de 09h00 \u00e0 17h00, Di ferm\u00e9\u00a0(sans rendez-vous)&nbsp;: 026 420 40 00 HFR H\u00f4pital cantonal : 026 306 00 00 026 306 30 00 (urgences) Medbase Fribourg, [&hellip;]<\/p>\n","protected":false},"author":1,"featured_media":0,"parent":0,"menu_order":0,"comment_status":"closed","ping_status":"closed","template":"","meta":{"_et_pb_use_builder":"on","_et_pb_old_content":"","_et_gb_content_width":"","footnotes":""},"class_list":["post-211","page","type-page","status-publish","hentry"],"yoast_head":"<!-- This site is optimized with the Yoast SEO plugin v28.3 - https:\/\/yoast.com\/product\/yoast-seo-wordpress\/ -->\n<title>SOS\/Services - ffr-sarine<\/title>\n<meta name=\"robots\" content=\"index, follow, max-snippet:-1, max-image-preview:large, max-video-preview:-1\" \/>\n<link rel=\"canonical\" href=\"https:\/\/ffr-sarine.ch\/index.php\/sos-et-services\/\" \/>\n<meta property=\"og:locale\" content=\"fr_FR\" \/>\n<meta property=\"og:type\" content=\"article\" \/>\n<meta property=\"og:title\" content=\"SOS\/Services - ffr-sarine\" \/>\n<meta property=\"og:description\" content=\"SOSPolice : 117 Service du feu : 118 GASS\/REGA : 1414 Ambulance : 144 Intoxications : 145M\u00e9decinEdelweiss Clinic, Route des Arsenaux 6, Horaires\u00a0: Lu-Ve de 09h00 \u00e0 19h00, Sa de 09h00 \u00e0 17h00, Di ferm\u00e9\u00a0(sans rendez-vous)&nbsp;: 026 420 40 00 HFR H\u00f4pital cantonal : 026 306 00 00 026 306 30 00 (urgences) Medbase Fribourg, [&hellip;]\" \/>\n<meta property=\"og:url\" content=\"https:\/\/ffr-sarine.ch\/index.php\/sos-et-services\/\" \/>\n<meta property=\"og:site_name\" content=\"ffr-sarine\" \/>\n<meta property=\"article:modified_time\" content=\"2026-08-27T08:20:34+00:00\" \/>\n<meta name=\"twitter:card\" content=\"summary_large_image\" \/>\n<meta name=\"twitter:label1\" content=\"Dur\u00e9e de lecture estim\u00e9e\" \/>\n\t<meta name=\"twitter:data1\" content=\"2 minutes\" \/>\n<script type=\"application\/ld+json\" class=\"yoast-schema-graph\">{\"@context\":\"https:\\\/\\\/schema.org\",\"@graph\":[{\"@type\":\"WebPage\",\"@id\":\"https:\\\/\\\/ffr-sarine.ch\\\/index.php\\\/sos-et-services\\\/\",\"url\":\"https:\\\/\\\/ffr-sarine.ch\\\/index.php\\\/sos-et-services\\\/\",\"name\":\"SOS\\\/Services - ffr-sarine\",\"isPartOf\":{\"@id\":\"https:\\\/\\\/ffr-sarine.ch\\\/#website\"},\"datePublished\":\"2021-05-25T12:26:01+00:00\",\"dateModified\":\"2026-08-27T08:20:34+00:00\",\"breadcrumb\":{\"@id\":\"https:\\\/\\\/ffr-sarine.ch\\\/index.php\\\/sos-et-services\\\/#breadcrumb\"},\"inLanguage\":\"fr-FR\",\"potentialAction\":[{\"@type\":\"ReadAction\",\"target\":[\"https:\\\/\\\/ffr-sarine.ch\\\/index.php\\\/sos-et-services\\\/\"]}]},{\"@type\":\"BreadcrumbList\",\"@id\":\"https:\\\/\\\/ffr-sarine.ch\\\/index.php\\\/sos-et-services\\\/#breadcrumb\",\"itemListElement\":[{\"@type\":\"ListItem\",\"position\":1,\"name\":\"Accueil\",\"item\":\"https:\\\/\\\/ffr-sarine.ch\\\/\"},{\"@type\":\"ListItem\",\"position\":2,\"name\":\"SOS\\\/Services\"}]},{\"@type\":\"WebSite\",\"@id\":\"https:\\\/\\\/ffr-sarine.ch\\\/#website\",\"url\":\"https:\\\/\\\/ffr-sarine.ch\\\/\",\"name\":\"ffr-sarine\",\"description\":\"F\u00e9d\u00e9ration Fribourgeoise des Retrait\u00e9s Section Sarine\",\"potentialAction\":[{\"@type\":\"SearchAction\",\"target\":{\"@type\":\"EntryPoint\",\"urlTemplate\":\"https:\\\/\\\/ffr-sarine.ch\\\/?s={search_term_string}\"},\"query-input\":{\"@type\":\"PropertyValueSpecification\",\"valueRequired\":true,\"valueName\":\"search_term_string\"}}],\"inLanguage\":\"fr-FR\"}]}<\/script>\n<!-- \/ Yoast SEO plugin. -->","yoast_head_json":{"title":"SOS\/Services - ffr-sarine","robots":{"index":"index","follow":"follow","max-snippet":"max-snippet:-1","max-image-preview":"max-image-preview:large","max-video-preview":"max-video-preview:-1"},"canonical":"https:\/\/ffr-sarine.ch\/index.php\/sos-et-services\/","og_locale":"fr_FR","og_type":"article","og_title":"SOS\/Services - ffr-sarine","og_description":"SOSPolice : 117 Service du feu : 118 GASS\/REGA : 1414 Ambulance : 144 Intoxications : 145M\u00e9decinEdelweiss Clinic, Route des Arsenaux 6, Horaires\u00a0: Lu-Ve de 09h00 \u00e0 19h00, Sa de 09h00 \u00e0 17h00, Di ferm\u00e9\u00a0(sans rendez-vous)&nbsp;: 026 420 40 00 HFR H\u00f4pital cantonal : 026 306 00 00 026 306 30 00 (urgences) Medbase Fribourg, [&hellip;]","og_url":"https:\/\/ffr-sarine.ch\/index.php\/sos-et-services\/","og_site_name":"ffr-sarine","article_modified_time":"2026-08-27T08:20:34+00:00","twitter_card":"summary_large_image","twitter_misc":{"Dur\u00e9e de lecture estim\u00e9e":"2 minutes"},"schema":{"@context":"https:\/\/schema.org","@graph":[{"@type":"WebPage","@id":"https:\/\/ffr-sarine.ch\/index.php\/sos-et-services\/","url":"https:\/\/ffr-sarine.ch\/index.php\/sos-et-services\/","name":"SOS\/Services - ffr-sarine","isPartOf":{"@id":"https:\/\/ffr-sarine.ch\/#website"},"datePublished":"2021-05-25T12:26:01+00:00","dateModified":"2026-08-27T08:20:34+00:00","breadcrumb":{"@id":"https:\/\/ffr-sarine.ch\/index.php\/sos-et-services\/#breadcrumb"},"inLanguage":"fr-FR","potentialAction":[{"@type":"ReadAction","target":["https:\/\/ffr-sarine.ch\/index.php\/sos-et-services\/"]}]},{"@type":"BreadcrumbList","@id":"https:\/\/ffr-sarine.ch\/index.php\/sos-et-services\/#breadcrumb","itemListElement":[{"@type":"ListItem","position":1,"name":"Accueil","item":"https:\/\/ffr-sarine.ch\/"},{"@type":"ListItem","position":2,"name":"SOS\/Services"}]},{"@type":"WebSite","@id":"https:\/\/ffr-sarine.ch\/#website","url":"https:\/\/ffr-sarine.ch\/","name":"ffr-sarine","description":"F\u00e9d\u00e9ration Fribourgeoise des Retrait\u00e9s Section Sarine","potentialAction":[{"@type":"SearchAction","target":{"@type":"EntryPoint","urlTemplate":"https:\/\/ffr-sarine.ch\/?s={search_term_string}"},"query-input":{"@type":"PropertyValueSpecification","valueRequired":true,"valueName":"search_term_string"}}],"inLanguage":"fr-FR"}]}},"_links":{"self":[{"href":"https:\/\/ffr-sarine.ch\/index.php\/wp-json\/wp\/v2\/pages\/211","targetHints":{"allow":["GET"]}}],"collection":[{"href":"https:\/\/ffr-sarine.ch\/index.php\/wp-json\/wp\/v2\/pages"}],"about":[{"href":"https:\/\/ffr-sarine.ch\/index.php\/wp-json\/wp\/v2\/types\/page"}],"author":[{"embeddable":true,"href":"https:\/\/ffr-sarine.ch\/index.php\/wp-json\/wp\/v2\/users\/1"}],"replies":[{"embeddable":true,"href":"https:\/\/ffr-sarine.ch\/index.php\/wp-json\/wp\/v2\/comments?post=211"}],"version-history":[{"count":48,"href":"https:\/\/ffr-sarine.ch\/index.php\/wp-json\/wp\/v2\/pages\/211\/revisions"}],"predecessor-version":[{"id":6770,"href":"https:\/\/ffr-sarine.ch\/index.php\/wp-json\/wp\/v2\/pages\/211\/revisions\/6770"}],"wp:attachment":[{"href":"https:\/\/ffr-sarine.ch\/index.php\/wp-json\/wp\/v2\/media?parent=211"}],"curies":[{"name":"wp","href":"https:\/\/api.w.org\/{rel}","templated":true}]}}